{"id":195,"date":"2015-01-13T18:52:05","date_gmt":"2015-01-13T17:52:05","guid":{"rendered":"http:\/\/www.sps-kadan.cz\/?page_id=195"},"modified":"2020-01-10T13:40:58","modified_gmt":"2020-01-10T12:40:58","slug":"velux","status":"publish","type":"page","link":"https:\/\/www.sps-kadan.cz\/?page_id=195","title":{"rendered":"Velux"},"content":{"rendered":"<header class=\"entry-header\">\n<h4><strong>\u017divot pod st\u0159echou \u2013 15. ro\u010dn\u00edk sout\u011b\u017ee Velux ve \u0161koln\u00edm roce 2018\/2019\u00a0<\/strong><\/h4>\n<p>Do celost\u00e1tn\u00edho kola postoupily z\u00a0na\u0161\u00ed \u0161koly letos pr\u00e1ce <strong>Martina Motl\u00edka<\/strong> ze 3. ro\u010dn\u00edku a d\u00e1le pr\u00e1ce <strong>Jana Mal\u00e9ho, Tom\u00e1\u0161e Luck\u00e9ho<\/strong> a ze 4. ro\u010dn\u00edku. Sout\u011b\u017e\u00edc\u00ed byli pozv\u00e1ni na slavnostn\u00ed vyhl\u00e1\u0161en\u00ed v\u00fdsledk\u016f, kter\u00e9 prob\u011bhlo 11. 6. 2019 v\u00a0Brn\u011b.<\/p>\n<h4><strong>\u017divot pod st\u0159echou \u2013 13. ro\u010dn\u00edk sout\u011b\u017ee Velux ve \u0161koln\u00edm roce 2017\/2018<\/strong><\/h4>\n<p>Do celost\u00e1tn\u00edho kola postoupily z\u00a0na\u0161\u00ed \u0161koly letos pr\u00e1ce <strong>Daniely Bart\u016f\u0148kov\u00e9<\/strong> ze 4. ro\u010dn\u00edku a d\u00e1le pr\u00e1ce <strong>Jana Mal\u00e9ho, Tom\u00e1\u0161e Luck\u00e9ho a Filipa Odehnala<\/strong> ze 3. ro\u010dn\u00edku.<\/p>\n<h4 class=\"entry-title\">\u017divot pod st\u0159echou \u2013 13. ro\u010dn\u00edk sout\u011b\u017ee Velux ve \u0161koln\u00edm roce 2016\/17<\/h4>\n<\/header>\n<div class=\"entry-content\">\n<p>V leto\u0161n\u00edm \u0161koln\u00edm roce se konal ji\u017e 13. ro\u010dn\u00edk sout\u011b\u017ee spole\u010dnosti Velux \u010cesk\u00e1 republika, s.r.o. pro studenty st\u0159edn\u00edch pr\u016fmyslov\u00fdch \u0161kol stavebn\u00edch. Sout\u011b\u017e je ur\u010dena pro studenty, kte\u0159\u00ed v\u00a0r\u00e1mci osnov v\u00fduky zpracov\u00e1vaj\u00ed projekt rodinn\u00e9ho, nebo bytov\u00e9ho domu. \u00da\u010delem sout\u011b\u017ee je podpo\u0159it pr\u00e1ci student\u016f na projektech a sou\u010dasn\u011b tak\u00e9 mo\u017enost sd\u00edlet zku\u0161enosti se zpracov\u00e1n\u00edm tohoto t\u00e9matu.<\/p>\n<p>P\u0159edm\u011btem sout\u011b\u017ee\u00a0jsou projekty dom\u016f, kde denn\u00ed sv\u011btlo a p\u0159\u00edsun \u010derstv\u00e9ho vzduchu p\u0159ich\u00e1z\u00ed do objektu st\u0159echou prost\u0159ednictv\u00edm v\u00fdrobk\u016f Velux. Sou\u010dasn\u011b p\u0159edstavuj\u00ed takov\u00e9 \u0159e\u0161en\u00ed, kter\u00e9 je energeticky efektivn\u00ed a zabezpe\u010d\u00ed trvale optim\u00e1ln\u00ed vnit\u0159n\u00ed prost\u0159ed\u00ed pro zdrav\u00e9 a pohodln\u00e9 u\u017e\u00edv\u00e1n\u00ed.<\/p>\n<p>Letos byly vyhl\u00e1\u0161eny 2 kategorie \u2013 rodinn\u00fd d\u016fm na ur\u010den\u00e9m pozemku a nov\u011b freestyle \u2013 jak\u00fdkoliv typ stavby.<\/p>\n<p>C\u00edlem sout\u011b\u017ee\u00a0je podpora budouc\u00edch architekt\u016f a projektant\u016f se zam\u011b\u0159en\u00edm na kreativn\u00ed n\u00e1vrhy staveb s\u00a0kvalitn\u00edm vnit\u0159n\u00edm prost\u0159ed\u00edm.<\/p>\n<p>Do celost\u00e1tn\u00edho kola postoupily z\u00a0na\u0161\u00ed \u0161koly letos pr\u00e1ce\u00a0<strong>Josefa Hajma<\/strong>\u00a0ze 4. ro\u010dn\u00edku a d\u00e1le pr\u00e1ce\u00a0<strong>Michala Fencla<\/strong>\u00a0a\u00a0<strong>Daniely Bart\u016f\u0148kov\u00e9<\/strong>\u00a0ze 3. ro\u010dn\u00edku.<\/p>\n<p>Sout\u011b\u017e\u00edc\u00ed byli pozv\u00e1ni na slavnostn\u00ed vyhl\u00e1\u0161en\u00ed v\u00fdsledk\u016f, kter\u00e9 prob\u011bhlo 15. 6. 2016 v\u00a0M\u00edstodr\u017eitelsk\u00e9m pal\u00e1ci v Brn\u011b. V\u0161ichni si tak\u00e9 mohli prohl\u00e9dnout vystaven\u00e9 sout\u011b\u017e\u00edc\u00ed pr\u00e1ce. \u00da\u010dastn\u00edci sout\u011b\u017ee m\u011bli z\u00e1rove\u0148 mo\u017enost vz\u00e1jemn\u011b sd\u00edlet a konfrontovat sv\u00e9 zku\u0161enosti, a to i s\u00a0odborn\u00edky v\u00a0porot\u011b.<\/p>\n<p>Do sout\u011b\u017ee byly p\u0159ihl\u00e1\u0161eny p\u0159es des\u00edtky sout\u011b\u017e\u00edc\u00edch ze st\u0159edn\u00edch stavebn\u00edch \u0161kol z\u00a0cel\u00e9 \u010cesk\u00e9 republiky.<\/p>\n<p>D\u011bkujeme za \u00fa\u010dast v\u0161em sout\u011b\u017e\u00edc\u00edm student\u016fm.<\/p>\n<p>V\u0161echny sout\u011b\u017en\u00ed i ocen\u011bn\u00e9 pr\u00e1ce a dal\u0161\u00ed informace je mo\u017en\u00e9 si prohl\u00e9dnout na str\u00e1nk\u00e1ch\u00a0<a href=\"http:\/\/www.velux.cz\/\">www.velux.cz<\/a>\u00a0v\u00a0Odborn\u00e9 sekci pro architekty a projektanty v\u00a0odkazu Sout\u011b\u017ee, nebo na facebooku https:\/\/www.facebook.com\/zivotpodstrechou\/?ref=hl<\/p>\n<p>Ing. J. Frlausov\u00e1<\/p>\n<\/div>\n<p><strong>\u017divot pod st\u0159echou \u2013 12. ro\u010dn\u00edk sout\u011b\u017ee Velux ve \u0161koln\u00edm roce 2015\/16 (FL)<\/strong><\/p>\n<p>V leto\u0161n\u00edm \u0161koln\u00edm roce se konal ji\u017e 12. ro\u010dn\u00edk sout\u011b\u017ee spole\u010dnosti Velux \u010cesk\u00e1 republika, s.r.o. pro studenty st\u0159edn\u00edch pr\u016fmyslov\u00fdch \u0161kol stavebn\u00edch. C\u00edlem sout\u011b\u017ee je podpora budouc\u00edch architekt\u016f a projektant\u016f se zam\u011b\u0159en\u00edm na kreativn\u00ed n\u00e1vrhy staveb s\u00a0kvalitn\u00edm vnit\u0159n\u00edm prost\u0159ed\u00edm. Do celost\u00e1tn\u00edho kola postoupila z\u00a0na\u0161\u00ed \u0161koly pr\u00e1ce Jaroslava Pajdu\u010d\u00e1ka ze 4. ro\u010dn\u00edku. Sout\u011b\u017e\u00edc\u00ed byli pozv\u00e1ni na slavnostn\u00ed vyhl\u00e1\u0161en\u00ed v\u00fdsledk\u016f, kter\u00e9 prob\u011bhlo 16. 6. 2016 v\u00a0Brn\u011b.<\/p>\n<p><strong>Velux<\/strong> (Ing. J. Frlausov\u00e1)<\/p>\n<p>Ve \u0161koln\u00edm roce 2014-2015 se konal ji\u017e 11. ro\u010dn\u00edk sout\u011b\u017ee spole\u010dnosti Velux \u010cesk\u00e1 republika, s.r.o. pro studenty st\u0159edn\u00edch pr\u016fmyslov\u00fdch \u0161kol stavebn\u00edch. Do celost\u00e1tn\u00edho kola postoupila pr\u00e1ce Tom\u00e1\u0161e Pokorn\u00e9ho ze 3. ro\u010dn\u00edku.<\/p>\n<p><strong>Velux <\/strong>(Ing. J. Frlausov\u00e1)<\/p>\n<p>V leto\u0161n\u00edm \u0161koln\u00edm roce 2013\/2014 se po des\u00e1t\u00e9 na na\u0161\u00ed \u0161kole uskute\u010dnila sout\u011b\u017e vyhl\u00e1\u0161en\u00e1 firmou VELUX pro studenty st\u0159edn\u00edch pr\u016fmyslov\u00fdch \u0161kol stavebn\u00edch. Sout\u011b\u017e byla po\u0159\u00e1d\u00e1na pod z\u00e1\u0161titou M\u0160MT. Do celost\u00e1tn\u00edho kola postoupili t\u0159i \u017e\u00e1ci \u2013 David \u0160m\u00edd, Frederik Peruth a Petra Lo\u017eanov\u00e1.<\/p>\n<p><strong>Velux (FL)<\/strong><\/p>\n<p>V leto\u0161n\u00edm \u0161koln\u00edm roce 2012\/2013 se po dev\u00e1t\u00e9 na na\u0161\u00ed \u0161kole uskute\u010dnila sout\u011b\u017e vyhl\u00e1\u0161en\u00e1 firmou VELUX pro studenty st\u0159edn\u00edch pr\u016fmyslov\u00fdch \u0161kol stavebn\u00edch. Sout\u011b\u017e byla po\u0159\u00e1d\u00e1na pod z\u00e1\u0161titou M\u0160MT. Do celost\u00e1tn\u00edho kola postoupili dva \u017e\u00e1ci \u2013 David \u0160m\u00edd a Frederik Peruth.<\/p>\n<p><strong>Velux 2011\/2012 &#8211;\u00a0<\/strong>V leto\u0161n\u00edm \u0161koln\u00edm roce se u\u017e poosm\u00e9 na na\u0161\u00ed \u0161kole uskute\u010dnila sout\u011b\u017e vyhla\u0161ovan\u00e1 firmou Velux\u00a0 pro studenty st\u0159edn\u00edch pr\u016fmyslov\u00fdch \u0161kol stavebn\u00edch. Sout\u011b\u017e je po\u0159\u00e1d\u00e1na pod z\u00e1\u0161titou M\u0160MT.<\/p>\n<p>Do sout\u011b\u017ee se letos p\u0159ihl\u00e1sili t\u0159i \u017e\u00e1ci ze 3. ro\u010dn\u00edku a 6 \u017e\u00e1k\u016f ze 4. ro\u010dn\u00edku z\u00a0oboru pozemn\u00ed stavitelstv\u00ed.<\/p>\n<p><span style=\"text-decoration: underline;\">P\u0159edm\u011btem sout\u011b\u017ee<\/span> jsou projekty dom\u016f, kde denn\u00ed sv\u011btlo a p\u0159\u00edsun \u010derstv\u00e9ho vzduchu p\u0159ich\u00e1z\u00ed do objektu st\u0159echou prost\u0159ednictv\u00edm v\u00fdrobk\u016f Velux. Sou\u010dasn\u011b p\u0159edstavuj\u00ed takov\u00e9 \u0159e\u0161en\u00ed, kter\u00e9 je energeticky efektivn\u00ed a zabezpe\u010d\u00ed trvale optim\u00e1ln\u00ed vnit\u0159n\u00ed prost\u0159ed\u00ed pro zdrav\u00e9 a pohodln\u00e9 u\u017e\u00edv\u00e1n\u00ed.<\/p>\n<p><span style=\"text-decoration: underline;\">C\u00edlem sout\u011b\u017ee<\/span> je podpora budouc\u00edch architekt\u016f a projektant\u016f se zam\u011b\u0159en\u00edm na kreativn\u00ed n\u00e1vrhy staveb s\u00a0kvalitn\u00edm vnit\u0159n\u00edm prost\u0159ed\u00edm.<\/p>\n<p>V\u00a0pr\u016fb\u011bhu \u010dervna se uskute\u010dnilo \u0161koln\u00ed kolo. Tentokr\u00e1t se nekonalo ve \u0161kole, ale jednotliv\u00e9 pr\u00e1ce byly hodnoceny po telefonu, nebo formou videokonference. Spole\u010dnost Velux zvolila tuto \u201ezelen\u011bj\u0161\u00ed\u201c cestu pr\u00fd proto, aby u\u0161et\u0159ila planet\u011b trochu CO<sub>2<\/sub>. Up\u0159\u00edmn\u011b, n\u00e1m byl ale milej\u0161\u00ed p\u016fvodn\u00ed osobn\u00ed p\u0159\u00edstup a setk\u00e1n\u00ed s\u00a0odborn\u00edky. Do celost\u00e1tn\u00edho kola postoupily pr\u00e1ce Jana Vitou\u0161e, Hany Ml\u010dochov\u00e9 a \u0160t\u011bp\u00e1nky Kousalov\u00e9 ze 4. ro\u010dn\u00edku. \u017d\u00e1ci obdr\u017eeli diplomy a odm\u011bnu a byli pozv\u00e1ni na slavnostn\u00ed vyhl\u00e1\u0161en\u00ed.<\/p>\n<p><strong>\u017divot pod st\u0159echou aneb sout\u011b\u017e Velux ve \u0161koln\u00edm roce 2010\/2011<\/strong><\/p>\n<p>V leto\u0161n\u00edm \u0161koln\u00edm roce 2010\/2011 se posedm\u00e9 na na\u0161\u00ed \u0161kole uskute\u010dnila sout\u011b\u017e vyhl\u00e1\u0161en\u00e1 firmou VELUX pro studenty st\u0159edn\u00edch pr\u016fmyslov\u00fdch \u0161kol stavebn\u00edch. Sout\u011b\u017e byla po\u0159\u00e1d\u00e1na op\u011bt pod z\u00e1\u0161titou M\u0160MT.<\/p>\n<p>Do sout\u011b\u017ee se p\u0159ihl\u00e1silo 5 student\u016f ze 3. ro\u010dn\u00edku a 5 student\u016f ze 4. ro\u010dn\u00edku z obor\u016f pozemn\u00ed stavitelstv\u00ed a management ve stavebnictv\u00ed.<\/p>\n<p>C\u00edlem sout\u011b\u017ee je podporovat kreativn\u00ed pr\u00e1ci student\u016f, jako\u017eto mlad\u00fdch budouc\u00edch architekt\u016f a projektant\u016f a umo\u017enit jim tak dal\u0161\u00ed vzd\u011bl\u00e1v\u00e1n\u00ed.<\/p>\n<p><strong>6. \u010dervna<\/strong> se uskute\u010dnilo <strong>\u0161koln\u00ed kolo<\/strong>. Porota slo\u017een\u00e1 ze z\u00e1stupce \u0161koly a z\u00e1stupce spole\u010dnosti Velux Ing. arch. Kl\u00e1ry Bukolsk\u00e9 vybrala pro postup do celost\u00e1tn\u00edho kola n\u00e1vrhy maturant\u016f <strong>V\u00e1clava Ba\u017eouta a Jakuba Stohla<\/strong> a d\u00e1le pr\u00e1ci studenta 3. ro\u010dn\u00edku <strong>Jana Vitou\u0161e<\/strong>. Tito a dal\u0161\u00ed vybran\u00ed studenti obdr\u017eeli \u010destn\u00e1 uzn\u00e1n\u00ed a d\u00e1rkov\u00e9 poukazy na n\u00e1kup sportovn\u00edho zbo\u017e\u00ed.<\/p>\n<p><strong>Celost\u00e1tn\u00ed kolo<\/strong> sout\u011b\u017ee prob\u011bhlo <strong>23. \u010dervna<\/strong> tradi\u010dn\u011b ve dvoran\u011b P\u00edseck\u00e9 br\u00e1ny v Praze 6, kde byly slavnostn\u011b vyhl\u00e1\u0161eny v\u00fdsledky. Odbornou porotu v celost\u00e1tn\u00edm kole tvo\u0159ili Ing. Josef \u0160anda, doc. Ing. arch. Tom\u00e1\u0161 Brix a Ing. arch. Kl\u00e1ra Bukolsk\u00e1. Krom\u011b vyhl\u00e1\u0161en\u00ed v\u00fdsledk\u016f si mohli sout\u011b\u017e\u00edc\u00ed prohl\u00e9dnout vystaven\u00e9 pr\u00e1ce v\u0161ech 157 z\u00fa\u010dastn\u011bn\u00fdch sout\u011b\u017e\u00edc\u00edch z 19 st\u0159edn\u00edch stavebn\u00edch \u0161kol z cel\u00e9 \u010cesk\u00e9 republiky, d\u00e1le m\u011bli mo\u017enost sd\u00edlet a konfrontovat sv\u00e9 zku\u0161enosti s architekty odborn\u00edky s dlouholetou prax\u00ed.<\/p>\n<p>Porota letos ocenila projekty, kter\u00e9 krom\u011b vlastn\u00edho n\u00e1padu, kompozice a technick\u00e9ho \u0159e\u0161en\u00ed m\u011bly i prvek skromnosti.<\/p>\n<p>D\u011bkujeme za \u00fa\u010dast v\u0161em sout\u011b\u017e\u00edc\u00edm student\u016fm.<\/p>\n<p>V\u0161echny sout\u011b\u017en\u00ed i ocen\u011bn\u00e9 pr\u00e1ce ve form\u00e1tu PDF je mo\u017en\u00e9 si prohl\u00e9dnout na str\u00e1nk\u00e1ch: <a title=\"v\u00fdsledky\" href=\"http:\/\/www.velux.cz\/\" target=\"_blank\" rel=\"noopener noreferrer\">www.velux.cz<\/a> resp.<a title=\"v\u0161e o sout\u011b\u017ei\" href=\"http:\/\/www.velux.cz\/odbornici\/architekti-a-projektanti\/souteze\" target=\"_blank\" rel=\"noopener noreferrer\">http:\/\/www.velux.cz\/odbornici\/architekti-a-projektanti\/souteze<\/a><\/p>\n","protected":false},"excerpt":{"rendered":"<p>\u017divot pod st\u0159echou \u2013 15. ro\u010dn\u00edk sout\u011b\u017ee Velux ve \u0161koln\u00edm roce 2018\/2019\u00a0 Do celost\u00e1tn\u00edho kola postoupily z\u00a0na\u0161\u00ed \u0161koly letos pr\u00e1ce Martina Motl\u00edka ze 3. ro\u010dn\u00edku <a class=\"more-link\" href=\"https:\/\/www.sps-kadan.cz\/?page_id=195\">Cel\u00fd \u010dl\u00e1nek  <span class=\"screen-reader-text\">  Velux<\/span><span class=\"meta-nav\">&rarr;<\/span><\/a><\/p>\n","protected":false},"author":6,"featured_media":0,"parent":178,"menu_order":0,"comment_status":"closed","ping_status":"closed","template":"","meta":[],"_links":{"self":[{"href":"https:\/\/www.sps-kadan.cz\/index.php?rest_route=\/wp\/v2\/pages\/195"}],"collection":[{"href":"https:\/\/www.sps-kadan.cz\/index.php?rest_route=\/wp\/v2\/pages"}],"about":[{"href":"https:\/\/www.sps-kadan.cz\/index.php?rest_route=\/wp\/v2\/types\/page"}],"author":[{"embeddable":true,"href":"https:\/\/www.sps-kadan.cz\/index.php?rest_route=\/wp\/v2\/users\/6"}],"replies":[{"embeddable":true,"href":"https:\/\/www.sps-kadan.cz\/index.php?rest_route=%2Fwp%2Fv2%2Fcomments&post=195"}],"version-history":[{"count":3,"href":"https:\/\/www.sps-kadan.cz\/index.php?rest_route=\/wp\/v2\/pages\/195\/revisions"}],"predecessor-version":[{"id":5768,"href":"https:\/\/www.sps-kadan.cz\/index.php?rest_route=\/wp\/v2\/pages\/195\/revisions\/5768"}],"up":[{"embeddable":true,"href":"https:\/\/www.sps-kadan.cz\/index.php?rest_route=\/wp\/v2\/pages\/178"}],"wp:attachment":[{"href":"https:\/\/www.sps-kadan.cz\/index.php?rest_route=%2Fwp%2Fv2%2Fmedia&parent=195"}],"curies":[{"name":"wp","href":"https:\/\/api.w.org\/{rel}","templated":true}]}}