{"id":199,"date":"2015-01-13T18:53:41","date_gmt":"2015-01-13T17:53:41","guid":{"rendered":"http:\/\/www.sps-kadan.cz\/?page_id=199"},"modified":"2020-01-13T09:57:03","modified_gmt":"2020-01-13T08:57:03","slug":"ostatni","status":"publish","type":"page","link":"https:\/\/www.sps-kadan.cz\/?page_id=199","title":{"rendered":"ostatn\u00ed"},"content":{"rendered":"<header class=\"entry-header\">\n<h3>\u0160koln\u00ed rok 2019 &#8211; 2020<\/h3>\n<h3 class=\"entry-title\">Nejsem na sv\u011bt\u011b s\u00e1m<\/h3>\n<\/header>\n<div class=\"entry-content\">\n<p>V\u00fdtvarn\u00e1 a liter\u00e1rn\u00ed sout\u011b\u017e z\u00a0d\u00edlny Jirky \u0160ed\u00e9ho je pr\u00e1v\u011b ta prav\u00e1 pro na\u0161e \u017e\u00e1ky, kte\u0159\u00ed cht\u011bj\u00ed uk\u00e1zat, co dovedou.<br \/>Letos prob\u011bhl ji\u017e jeden\u00e1ct\u00fd ro\u010dn\u00edk a je nepsanou tradic\u00ed, \u017ee se \u00fa\u010dastn\u00edme v\u00a0\u010d\u00e1sti v\u00fdtvarn\u00e9. A tak\u00e9 je pravdou, \u017ee v\u00a0ka\u017ed\u00e9m roce jsme byli tak \u0159\u00edkaj\u00edc \u201ena bedn\u011b\u201c.<br \/>Ale co se n\u00e1m tento rok povedlo, to nem\u00e1 obdoby. Letos jsme v\u00a0kategorii 16 a v\u00edce let nedali nikomu \u0161anci a v\u0161echna t\u0159i m\u00edsta obsadili. Prost\u011b par\u00e1da.<br \/>Tady jsou na\u0161i v\u00edt\u011bzov\u00e9 od prvn\u00ed do t\u0159et\u00ed p\u0159\u00ed\u010dky: Veronika Ka\u0148kov\u00e1, Tom\u00e1\u0161 Kotlan a Lucie Machowetzov\u00e1.<br \/>Gratulujeme a d\u011bkujeme za dobrou reprezentaci \u0161koly.<\/p>\n<figure class=\"wp-block-image\"><img class=\"wp-image-5710\" src=\"https:\/\/www.sps-kadan.cz\/wp-content\/uploads\/2019\/12\/J%C5%A0-700x525.jpg\" sizes=\"(max-width: 700px) 100vw, 700px\" srcset=\"https:\/\/www.sps-kadan.cz\/wp-content\/uploads\/2019\/12\/J\u0160-700x525.jpg 700w, https:\/\/www.sps-kadan.cz\/wp-content\/uploads\/2019\/12\/J\u0160-150x113.jpg 150w, https:\/\/www.sps-kadan.cz\/wp-content\/uploads\/2019\/12\/J\u0160-200x150.jpg 200w, https:\/\/www.sps-kadan.cz\/wp-content\/uploads\/2019\/12\/J\u0160-768x576.jpg 768w\" alt=\"\" \/><\/figure>\n<figure class=\"wp-block-image\"><img class=\"wp-image-5711\" src=\"https:\/\/www.sps-kadan.cz\/wp-content\/uploads\/2019\/12\/J%C5%A03-700x525.jpg\" sizes=\"(max-width: 700px) 100vw, 700px\" srcset=\"https:\/\/www.sps-kadan.cz\/wp-content\/uploads\/2019\/12\/J\u01603-700x525.jpg 700w, https:\/\/www.sps-kadan.cz\/wp-content\/uploads\/2019\/12\/J\u01603-150x113.jpg 150w, https:\/\/www.sps-kadan.cz\/wp-content\/uploads\/2019\/12\/J\u01603-200x150.jpg 200w, https:\/\/www.sps-kadan.cz\/wp-content\/uploads\/2019\/12\/J\u01603-768x576.jpg 768w\" alt=\"\" \/><\/figure>\n<\/div>\n<header class=\"entry-header\">\n<h3 class=\"entry-title\">Mlad\u00fd ekonom 2019<\/h3>\n<\/header>\n<div class=\"entry-content\">\n<p>28. listopadu 2019 prob\u011bhlo na na\u0161\u00ed \u0161kole m\u00edstn\u00ed kolo 3. ro\u010dn\u00edku sout\u011b\u017ee \u201eMlad\u00fd ekonom \u00dasteck\u00e9ho kraje\u201c.<br \/>Sout\u011b\u017e je ur\u010dena pro \u017e\u00e1ky 8. a 9. t\u0159\u00edd z\u00e1kladn\u00edch \u0161kol, je pojata jako sout\u011b\u017e t\u00fdmov\u00e1. N\u00e1pln\u00ed sout\u011b\u017ee jsou rodinn\u00e9 finance, pen\u00edze a finan\u010dn\u00ed produkty. Hlavn\u00edm c\u00edlem je zv\u00fd\u0161it pov\u011bdom\u00ed mlad\u00fdch lid\u00ed o finan\u010dn\u00edm hospoda\u0159en\u00ed. T\u00fdmy \u0159e\u0161ily v\u011bdomostn\u00ed test a n\u00e1sledn\u011b prezentovaly t\u00e9ma \u201ePoji\u0161t\u011bn\u00ed a jeho v\u00fdznam pro jednotlivce a dom\u00e1cnosti\u201c.<br \/>M\u00edstn\u00edho kola se z\u00fa\u010dastnily z\u00e1kladn\u00ed \u0161koly z\u00a0Kadan\u011b a Kl\u00e1\u0161terce nad Oh\u0159\u00ed. V\u00edt\u011bzn\u00fd t\u00fdm ze Z\u00e1kladn\u00ed \u0161koly Kada\u0148, Chomutovsk\u00e1 1683, postupuje do krajsk\u00e9ho kola, kter\u00e9 se uskute\u010dn\u00ed 6. 12. 2019 na Fakult\u011b soci\u00e1ln\u011b ekonomick\u00e9 Univerzity J. E. Purkyn\u011b v\u00a0\u00dast\u00ed nad Labem.<\/p>\n<figure class=\"wp-block-image\"><img loading=\"lazy\" width=\"700\" height=\"525\" class=\"wp-image-5693\" src=\"https:\/\/www.sps-kadan.cz\/wp-content\/uploads\/2019\/11\/fotka107-700x525.jpg\" sizes=\"(max-width: 700px) 100vw, 700px\" srcset=\"https:\/\/www.sps-kadan.cz\/wp-content\/uploads\/2019\/11\/fotka107-700x525.jpg 700w, https:\/\/www.sps-kadan.cz\/wp-content\/uploads\/2019\/11\/fotka107-150x113.jpg 150w, https:\/\/www.sps-kadan.cz\/wp-content\/uploads\/2019\/11\/fotka107-200x150.jpg 200w, https:\/\/www.sps-kadan.cz\/wp-content\/uploads\/2019\/11\/fotka107-768x576.jpg 768w\" alt=\"\" \/><\/figure>\n<figure class=\"wp-block-image\"><img loading=\"lazy\" width=\"700\" height=\"525\" class=\"wp-image-5694\" src=\"https:\/\/www.sps-kadan.cz\/wp-content\/uploads\/2019\/11\/fotka113-2-700x525.jpg\" sizes=\"(max-width: 700px) 100vw, 700px\" srcset=\"https:\/\/www.sps-kadan.cz\/wp-content\/uploads\/2019\/11\/fotka113-2-700x525.jpg 700w, https:\/\/www.sps-kadan.cz\/wp-content\/uploads\/2019\/11\/fotka113-2-150x113.jpg 150w, https:\/\/www.sps-kadan.cz\/wp-content\/uploads\/2019\/11\/fotka113-2-200x150.jpg 200w, https:\/\/www.sps-kadan.cz\/wp-content\/uploads\/2019\/11\/fotka113-2-768x576.jpg 768w\" alt=\"\" \/><\/figure>\n<figure class=\"wp-block-image\"><img loading=\"lazy\" width=\"700\" height=\"525\" class=\"wp-image-5695\" src=\"https:\/\/www.sps-kadan.cz\/wp-content\/uploads\/2019\/11\/fotka118-3-700x525.jpg\" sizes=\"(max-width: 700px) 100vw, 700px\" srcset=\"https:\/\/www.sps-kadan.cz\/wp-content\/uploads\/2019\/11\/fotka118-3-700x525.jpg 700w, https:\/\/www.sps-kadan.cz\/wp-content\/uploads\/2019\/11\/fotka118-3-150x113.jpg 150w, https:\/\/www.sps-kadan.cz\/wp-content\/uploads\/2019\/11\/fotka118-3-200x150.jpg 200w, https:\/\/www.sps-kadan.cz\/wp-content\/uploads\/2019\/11\/fotka118-3-768x576.jpg 768w\" alt=\"\" \/><\/figure>\n<figure class=\"wp-block-image\"><img loading=\"lazy\" width=\"700\" height=\"525\" class=\"wp-image-5696\" src=\"https:\/\/www.sps-kadan.cz\/wp-content\/uploads\/2019\/11\/fotka123-1-700x525.jpg\" sizes=\"(max-width: 700px) 100vw, 700px\" srcset=\"https:\/\/www.sps-kadan.cz\/wp-content\/uploads\/2019\/11\/fotka123-1-700x525.jpg 700w, https:\/\/www.sps-kadan.cz\/wp-content\/uploads\/2019\/11\/fotka123-1-150x113.jpg 150w, https:\/\/www.sps-kadan.cz\/wp-content\/uploads\/2019\/11\/fotka123-1-200x150.jpg 200w, https:\/\/www.sps-kadan.cz\/wp-content\/uploads\/2019\/11\/fotka123-1-768x576.jpg 768w\" alt=\"\" \/><\/figure>\n<header class=\"entry-header\">\n<h3 class=\"entry-title\">\u010cesk\u00e9 hlavi\u010dky 2019<\/h3>\n<\/header>\n<div class=\"entry-content\">\n<p>Dal\u0161\u00edho velk\u00e9ho \u00fasp\u011bchu dos\u00e1hl \u017e\u00e1k 4. ro\u010dn\u00edku oboru stavebnictv\u00ed St\u0159edn\u00ed pr\u016fmyslov\u00e9 \u0161koly stavebn\u00ed a Obchodn\u00ed akademie v\u00a0Kadani Martin Motl\u00edk. Jeho studentsk\u00e1 pr\u00e1ce Pozn\u00e1vejme kr\u00e1lovskou Kada\u0148, s\u00a0kterou reprezentoval \u00dasteck\u00fd kraj na celost\u00e1tn\u00ed p\u0159ehl\u00eddce SO\u010c (St\u0159edo\u0161kolsk\u00e1 odborn\u00e1 \u010dinnost) natolik zaujala, \u017ee byl nominov\u00e1n na ocen\u011bn\u00ed v\u00a0r\u00e1mci projektu \u010cesk\u00e9 hlavi\u010dky 2019. P\u0159i slavnostn\u00edm vyhl\u00e1\u0161en\u00ed v\u00fdsledk\u016f v\u00a0Brn\u011b z\u00edskal 3. m\u00edsto v\u00a0kategorii Genus \u201e\u010clov\u011bk a sv\u011bt kolem n\u00e1s\u201c a obdr\u017eel Cenu Les\u016f \u010cR.<\/p>\n<p class=\"wp-block-image\"><img class=\"wp-image-5645\" src=\"https:\/\/www.sps-kadan.cz\/wp-content\/uploads\/2019\/10\/Diplom-Motl%C3%ADk-%C4%8Cesk%C3%A9-hlavi%C4%8Dky-1-700x493.jpg\" sizes=\"(max-width: 700px) 100vw, 700px\" srcset=\"https:\/\/www.sps-kadan.cz\/wp-content\/uploads\/2019\/10\/Diplom-Motl\u00edk-\u010cesk\u00e9-hlavi\u010dky-1-700x493.jpg 700w, https:\/\/www.sps-kadan.cz\/wp-content\/uploads\/2019\/10\/Diplom-Motl\u00edk-\u010cesk\u00e9-hlavi\u010dky-1-150x106.jpg 150w, https:\/\/www.sps-kadan.cz\/wp-content\/uploads\/2019\/10\/Diplom-Motl\u00edk-\u010cesk\u00e9-hlavi\u010dky-1-200x141.jpg 200w, https:\/\/www.sps-kadan.cz\/wp-content\/uploads\/2019\/10\/Diplom-Motl\u00edk-\u010cesk\u00e9-hlavi\u010dky-1-768x541.jpg 768w, https:\/\/www.sps-kadan.cz\/wp-content\/uploads\/2019\/10\/Diplom-Motl\u00edk-\u010cesk\u00e9-hlavi\u010dky-1.jpg 1003w\" alt=\"\" \/><span style=\"color: #000000; font-size: 2em; font-weight: bold;\">3. m\u00edsto v krajsk\u00e9m kole sout\u011b\u017ee<\/span><\/p>\n<figure class=\"wp-block-image\"><span style=\"font-size: 16px; font-weight: 300;\">Ve st\u0159edu 25. z\u00e1\u0159\u00ed 2019 prob\u011bhlo na SP\u0160S a OA Kada\u0148 krajsk\u00e9 kolo sout\u011b\u017ee obchodn\u00edch akademi\u00ed Ekonomick\u00fd t\u00fdm 2019. T\u0159\u00ed\u010dlenn\u00e9 t\u00fdmy reprezentovaly 8 \u0161kol z \u00dasteck\u00e9ho kraje.<\/span><span style=\"font-size: 16px; font-weight: 300;\">Sout\u011b\u017e se skl\u00e1dala ze dvou \u010d\u00e1st\u00ed. Prvn\u00ed \u010d\u00e1st tvo\u0159il v\u011bdomostn\u00ed test z oblast\u00ed: ekonomika, \u00fa\u010detnictv\u00ed, informa\u010dn\u00ed technologie, pr\u00e1vo a z\u00e1klady spole\u010densk\u00fdch v\u011bd. Druhou \u010d\u00e1st\u00ed byla \u00fastn\u00ed prezentace. Pro leto\u0161n\u00ed ro\u010dn\u00edk bylo vylosovan\u00e9 t\u00e9ma \u201cMo\u017enosti financov\u00e1n\u00ed bydlen\u00ed\u201d. Prezentace hodnotila komise, kterou tvo\u0159ili 2 z\u00e1stupci vysok\u00fdch \u0161kol (emeritn\u00ed rektor \u010cVUT Petr Konvalinka a Lucie Povoln\u00e1 z FSE UJEP), 2 z\u00e1stupci z\u00fa\u010dastn\u011bn\u00fdch \u0161kol a 1 odborn\u00edk z praxe. V\u00fdsledky byly velmi vyrovnan\u00e9. <\/span><span style=\"font-size: 16px; font-weight: 300;\">V\u00edt\u011bzem se stal t\u00fdm z \u00dast\u00ed nad Labem, kter\u00fd postupuje do republikov\u00e9ho fin\u00e1le, druh\u00e9 m\u00edsto obsadil t\u00fdm z Mostu. Na t\u0159et\u00edm m\u00edst\u011b se um\u00edstil t\u00fdm obchodn\u00ed akademie z Kadan\u011b ve slo\u017een\u00ed: Michaela Nov\u00e1kov\u00e1, S\u00e1ra L\u00f6fflerov\u00e1, Lucie Hrebi\u010d\u00edkov\u00e1. .<\/span><\/figure>\n<h3>\u0160koln\u00ed rok 2018 -2019<\/h3>\n<header class=\"entry-header\">\n<h3 class=\"entry-title\">StreTech 2019<\/h3>\n<\/header>\n<div class=\"entry-content\">\n<p>13. ro\u010dn\u00edk konference StreTech 2019 prob\u011bhl ve st\u0159edu 5. \u010dervna 2019 na \u010cVUT v Praze. Setk\u00e1n\u00ed se z\u00fa\u010dastnily delegace ze st\u0159edn\u00edch \u0161kol z cel\u00e9 republiky. \u00da\u010dastn\u00edci prezentovali pr\u00e1ce z cel\u00e9ho spektra v\u011bdn\u00edch obor\u016f od humanitn\u00edch a\u017e po technick\u00e9. I na\u0161e \u0161kola se op\u011bt v Praze prezentovala pracemi na\u0161ich student\u016f.<\/p>\n<figure class=\"wp-block-image\"><img loading=\"lazy\" width=\"700\" height=\"467\" class=\"wp-image-5504\" src=\"https:\/\/www.sps-kadan.cz\/wp-content\/uploads\/2019\/06\/1-1-700x467.jpg\" sizes=\"(max-width: 700px) 100vw, 700px\" srcset=\"https:\/\/www.sps-kadan.cz\/wp-content\/uploads\/2019\/06\/1-1-700x467.jpg 700w, https:\/\/www.sps-kadan.cz\/wp-content\/uploads\/2019\/06\/1-1-150x100.jpg 150w, https:\/\/www.sps-kadan.cz\/wp-content\/uploads\/2019\/06\/1-1-200x133.jpg 200w, https:\/\/www.sps-kadan.cz\/wp-content\/uploads\/2019\/06\/1-1-768x512.jpg 768w\" alt=\"\" \/><\/figure>\n<figure class=\"wp-block-image\"><img loading=\"lazy\" width=\"700\" height=\"467\" class=\"wp-image-5505\" src=\"https:\/\/www.sps-kadan.cz\/wp-content\/uploads\/2019\/06\/2-1-700x467.jpg\" sizes=\"(max-width: 700px) 100vw, 700px\" srcset=\"https:\/\/www.sps-kadan.cz\/wp-content\/uploads\/2019\/06\/2-1-700x467.jpg 700w, https:\/\/www.sps-kadan.cz\/wp-content\/uploads\/2019\/06\/2-1-150x100.jpg 150w, https:\/\/www.sps-kadan.cz\/wp-content\/uploads\/2019\/06\/2-1-200x133.jpg 200w, https:\/\/www.sps-kadan.cz\/wp-content\/uploads\/2019\/06\/2-1-768x512.jpg 768w\" alt=\"\" \/><\/figure>\n<figure class=\"wp-block-image\"><img loading=\"lazy\" width=\"700\" height=\"467\" class=\"wp-image-5506\" src=\"https:\/\/www.sps-kadan.cz\/wp-content\/uploads\/2019\/06\/3-1-700x467.jpg\" sizes=\"(max-width: 700px) 100vw, 700px\" srcset=\"https:\/\/www.sps-kadan.cz\/wp-content\/uploads\/2019\/06\/3-1-700x467.jpg 700w, https:\/\/www.sps-kadan.cz\/wp-content\/uploads\/2019\/06\/3-1-150x100.jpg 150w, https:\/\/www.sps-kadan.cz\/wp-content\/uploads\/2019\/06\/3-1-200x133.jpg 200w, https:\/\/www.sps-kadan.cz\/wp-content\/uploads\/2019\/06\/3-1-768x512.jpg 768w\" alt=\"\" \/><\/figure>\n<\/div>\n<\/div>\n<header class=\"entry-header\">\n<h3 class=\"entry-title\">\u201eKRAJSK\u00c1 ODYSEA\u201c<\/h3>\n<\/header>\n<div class=\"entry-content\">\n<p>T\u0159i dru\u017estva tvo\u0159ena \u017e\u00e1ky 3. A:<\/p>\n<ol>\n<li>den \u2013 Lavi\u010dkov\u00e1 Linda, Viktorija Pavli\u0161ov\u00e1, Martin Motl\u00edk, Vojt\u011bch Henc, Tom\u00e1\u0161 V\u00e1vra, Michal Makuka<\/li>\n<li>den \u2013 Krist\u00fdna Vocilkov\u00e1, Michal Vepryk, Vojt\u011bch K\u016frka, Kate\u0159ina Krylov\u00e1, Patrik Domasta<\/li>\n<li>den \u2013 \u010cern\u00fd Ond\u0159ej, Barto\u0161 Martin, Dosko\u010dil Radek, Hartman V\u00e1clav, Ond\u0159ej Kopta, Josef Svoboda<\/li>\n<\/ol>\n<p>Jednalo se o projekt, kdy byly vytvo\u0159eny skupiny \u017e\u00e1k\u016f z\u00e1kladn\u00edch a st\u0159edn\u00edch \u0161kol. Skupiny m\u011bly za \u00fakol nejprve vyplnit test se stava\u0159sk\u00fdmi i logick\u00fdmi ot\u00e1zkami. D\u00e1le n\u00e1sledovala praktick\u00e1 \u010d\u00e1st, kdy \u017e\u00e1ci dostali za \u00fakol podle v\u00fdkresu vyzd\u00edt z\u00a0p\u00f3robetonov\u00fdch tv\u00e1rnic roh zdi s\u00a0otvorem za pomoci ochrann\u00fdch pom\u016fcek a p\u0159ipraven\u00e9ho n\u00e1\u0159ad\u00ed. N\u00e1sledoval z\u00e1bavn\u00fd test, rozpozn\u00e1n\u00ed architektonick\u00fdch pam\u00e1tek. Na z\u00e1v\u011br prob\u011bhlo vyhodnocen\u00ed a vyhl\u00e1\u0161en\u00ed v\u00fdsledk\u016f. \u017d\u00e1ci v\u00edt\u011bzn\u00fdch dru\u017estev postoupili do krajsk\u00e9ho kola. Sout\u011b\u017e\u00edc\u00ed museli prok\u00e1zat schopnost \u010dten\u00ed v\u00fdkresu, manu\u00e1ln\u00ed a praktickou zru\u010dnost, vz\u00e1jemnou spolupr\u00e1ci a dodr\u017eovat p\u0159itom technologick\u00e9 postupy i BOZP.<\/p>\n<figure class=\"wp-block-image\"><img loading=\"lazy\" width=\"525\" height=\"700\" class=\"wp-image-5349\" src=\"https:\/\/www.sps-kadan.cz\/wp-content\/uploads\/2019\/04\/56749264_2465489366804694_3259698848439730176_n-525x700.jpg\" sizes=\"(max-width: 525px) 100vw, 525px\" srcset=\"https:\/\/www.sps-kadan.cz\/wp-content\/uploads\/2019\/04\/56749264_2465489366804694_3259698848439730176_n-525x700.jpg 525w, https:\/\/www.sps-kadan.cz\/wp-content\/uploads\/2019\/04\/56749264_2465489366804694_3259698848439730176_n-113x150.jpg 113w, https:\/\/www.sps-kadan.cz\/wp-content\/uploads\/2019\/04\/56749264_2465489366804694_3259698848439730176_n-150x200.jpg 150w, https:\/\/www.sps-kadan.cz\/wp-content\/uploads\/2019\/04\/56749264_2465489366804694_3259698848439730176_n.jpg 750w\" alt=\"\" \/><\/figure>\n<figure class=\"wp-block-image\"><img loading=\"lazy\" width=\"700\" height=\"525\" class=\"wp-image-5350\" src=\"https:\/\/www.sps-kadan.cz\/wp-content\/uploads\/2019\/04\/56770462_2324336967887883_1727227364443684864_n-700x525.jpg\" sizes=\"(max-width: 700px) 100vw, 700px\" srcset=\"https:\/\/www.sps-kadan.cz\/wp-content\/uploads\/2019\/04\/56770462_2324336967887883_1727227364443684864_n-700x525.jpg 700w, https:\/\/www.sps-kadan.cz\/wp-content\/uploads\/2019\/04\/56770462_2324336967887883_1727227364443684864_n-150x113.jpg 150w, https:\/\/www.sps-kadan.cz\/wp-content\/uploads\/2019\/04\/56770462_2324336967887883_1727227364443684864_n-200x150.jpg 200w, https:\/\/www.sps-kadan.cz\/wp-content\/uploads\/2019\/04\/56770462_2324336967887883_1727227364443684864_n-768x576.jpg 768w, https:\/\/www.sps-kadan.cz\/wp-content\/uploads\/2019\/04\/56770462_2324336967887883_1727227364443684864_n.jpg 1000w\" alt=\"\" \/><\/figure>\n<figure class=\"wp-block-image\"><img loading=\"lazy\" width=\"700\" height=\"525\" class=\"wp-image-5351\" src=\"https:\/\/www.sps-kadan.cz\/wp-content\/uploads\/2019\/04\/56862380_443290273075079_6861325738440654848_n-700x525.jpg\" sizes=\"(max-width: 700px) 100vw, 700px\" srcset=\"https:\/\/www.sps-kadan.cz\/wp-content\/uploads\/2019\/04\/56862380_443290273075079_6861325738440654848_n-700x525.jpg 700w, https:\/\/www.sps-kadan.cz\/wp-content\/uploads\/2019\/04\/56862380_443290273075079_6861325738440654848_n-150x113.jpg 150w, https:\/\/www.sps-kadan.cz\/wp-content\/uploads\/2019\/04\/56862380_443290273075079_6861325738440654848_n-200x150.jpg 200w, https:\/\/www.sps-kadan.cz\/wp-content\/uploads\/2019\/04\/56862380_443290273075079_6861325738440654848_n-768x576.jpg 768w, https:\/\/www.sps-kadan.cz\/wp-content\/uploads\/2019\/04\/56862380_443290273075079_6861325738440654848_n.jpg 1000w\" alt=\"\" \/><\/figure>\n<header class=\"entry-header\">\n<h3 class=\"entry-title\">ST\u0158ECHY PRO ERFURT<\/h3>\n<\/header>\n<div class=\"entry-content\">\n<p>Dne 12. 4. 2019 se skupina 5 na\u0161ich student\u016f ze 2. a 3. ro\u010dn\u00edku z\u00fa\u010dastnila dal\u0161\u00edho ro\u010dn\u00edku sout\u011b\u017ee \u201eSt\u0159echy pro Erfurt 2019\u201c. Tato sout\u011b\u017e prob\u00edh\u00e1 ve spolupr\u00e1ci na Technick\u00e9 vysok\u00e9 \u0161kole v Erfurtu. Do sout\u011b\u017ee bylo p\u0159ihl\u00e1\u0161eno celkem 10 t\u00fdm\u016f (9 z N\u011bmecka). Po \u00favodn\u00edm p\u0159edstaven\u00ed v\u0161ech projekt\u016f provedla odborn\u00e1 porota jejich celkov\u00e9 zhodnocen\u00ed \u2013 dodr\u017een\u00ed stanoven\u00fdch parametr\u016f a materi\u00e1l\u016f, vzhled atd. Pot\u00e9 do\u0161lo na samotn\u00e9 z\u00e1t\u011b\u017eov\u00e9 zkou\u0161ky, kter\u00e9 prok\u00e1zaly kvalitu zpracov\u00e1n\u00ed dan\u00e9ho t\u00e9matu. Na z\u00e1v\u011br odborn\u00e1 porota vyhl\u00e1sila v\u00fdsledky. Dru\u017estvo kada\u0148sk\u00fdch stava\u0159\u016f si dom\u016f odvezlo diplom za 4. m\u00edsto.<\/p>\n<figure class=\"wp-block-image\"><img loading=\"lazy\" width=\"700\" height=\"525\" class=\"wp-image-5343\" src=\"https:\/\/www.sps-kadan.cz\/wp-content\/uploads\/2019\/04\/56697125_279395709675553_5486874867292700672_n-700x525.jpg\" sizes=\"(max-width: 700px) 100vw, 700px\" srcset=\"https:\/\/www.sps-kadan.cz\/wp-content\/uploads\/2019\/04\/56697125_279395709675553_5486874867292700672_n-700x525.jpg 700w, https:\/\/www.sps-kadan.cz\/wp-content\/uploads\/2019\/04\/56697125_279395709675553_5486874867292700672_n-150x113.jpg 150w, https:\/\/www.sps-kadan.cz\/wp-content\/uploads\/2019\/04\/56697125_279395709675553_5486874867292700672_n-200x150.jpg 200w, https:\/\/www.sps-kadan.cz\/wp-content\/uploads\/2019\/04\/56697125_279395709675553_5486874867292700672_n-768x576.jpg 768w, https:\/\/www.sps-kadan.cz\/wp-content\/uploads\/2019\/04\/56697125_279395709675553_5486874867292700672_n.jpg 1000w\" alt=\"\" \/><\/figure>\n<figure class=\"wp-block-image\"><img loading=\"lazy\" width=\"700\" height=\"525\" class=\"wp-image-5344\" src=\"https:\/\/www.sps-kadan.cz\/wp-content\/uploads\/2019\/04\/56706215_347596955883358_8682847409060970496_n-700x525.jpg\" sizes=\"(max-width: 700px) 100vw, 700px\" srcset=\"https:\/\/www.sps-kadan.cz\/wp-content\/uploads\/2019\/04\/56706215_347596955883358_8682847409060970496_n-700x525.jpg 700w, https:\/\/www.sps-kadan.cz\/wp-content\/uploads\/2019\/04\/56706215_347596955883358_8682847409060970496_n-150x113.jpg 150w, https:\/\/www.sps-kadan.cz\/wp-content\/uploads\/2019\/04\/56706215_347596955883358_8682847409060970496_n-200x150.jpg 200w, https:\/\/www.sps-kadan.cz\/wp-content\/uploads\/2019\/04\/56706215_347596955883358_8682847409060970496_n-768x576.jpg 768w, https:\/\/www.sps-kadan.cz\/wp-content\/uploads\/2019\/04\/56706215_347596955883358_8682847409060970496_n.jpg 1000w\" alt=\"\" \/><\/figure>\n<figure class=\"wp-block-image\"><img loading=\"lazy\" width=\"700\" height=\"525\" class=\"wp-image-5346\" src=\"https:\/\/www.sps-kadan.cz\/wp-content\/uploads\/2019\/04\/57170734_878430309192018_4734207330709667840_n-700x525.jpg\" sizes=\"(max-width: 700px) 100vw, 700px\" srcset=\"https:\/\/www.sps-kadan.cz\/wp-content\/uploads\/2019\/04\/57170734_878430309192018_4734207330709667840_n-700x525.jpg 700w, https:\/\/www.sps-kadan.cz\/wp-content\/uploads\/2019\/04\/57170734_878430309192018_4734207330709667840_n-150x113.jpg 150w, https:\/\/www.sps-kadan.cz\/wp-content\/uploads\/2019\/04\/57170734_878430309192018_4734207330709667840_n-200x150.jpg 200w, https:\/\/www.sps-kadan.cz\/wp-content\/uploads\/2019\/04\/57170734_878430309192018_4734207330709667840_n-768x576.jpg 768w, https:\/\/www.sps-kadan.cz\/wp-content\/uploads\/2019\/04\/57170734_878430309192018_4734207330709667840_n.jpg 1000w\" alt=\"\" \/><\/figure>\n<header class=\"entry-header\">\n<h3 class=\"entry-title\">Nejsem na sv\u011bt\u011b s\u00e1m 2018<\/h3>\n<\/header>\n<div class=\"entry-content\">\n<p>Je ji\u017e tradic\u00ed na\u0161\u00ed \u0161koly, \u017ee se \u017e\u00e1ci t\u00e9to sout\u011b\u017ee \u00fa\u010dastn\u00ed. Bylo tomu tak i v roce 2018, kter\u00fd se nesl pod heslem Sv\u011bt m\u00fdma o\u010dima. M\u00e1me radost, \u017ee sout\u011b\u017e vznikla v Kadani, a \u017ee je \u00fasp\u011b\u0161n\u00e1 nejen u n\u00e1s, ale i v zahrani\u010d\u00ed. V leto\u0161n\u00edm roce se z\u00fa\u010dastnilo 689 sout\u011b\u017e\u00edc\u00edch. O to v\u00edce si cen\u00edme ka\u017ed\u00e9ho um\u00edst\u011bn\u00ed na\u0161ich \u017e\u00e1k\u016f. Zaslali jsme v\u00fdtvarn\u00e9 pr\u00e1ce prvn\u00edho ro\u010dn\u00edku a velmi n\u00e1s pot\u011b\u0161ilo um\u00edst\u011bn\u00ed Davida Svobody, kter\u00fd ve sv\u00e9 kategorii nem\u011bl p\u0159emo\u017eitele a vyhr\u00e1l. Spolu s n\u00edm se na p\u011bkn\u00e9m 17. m\u00edst\u011b um\u00edstil Jan \u0160t\u011btina. Davidovi i Honzovi gratulujeme a v\u011b\u0159\u00edme, \u017ee se na pomysln\u00e9 \u201ebedn\u011b\u201c ocitneme i p\u0159\u00ed\u0161t\u00ed rok. Ob\u011bma d\u011bkujeme za dobrou reprezentaci na\u0161\u00ed \u0161koly.<\/p>\n<header class=\"entry-header\">\n<h3 class=\"entry-title\">Mlad\u00fd ekonom 2018<\/h3>\n<\/header>\n<div class=\"entry-content\">\n<p>28. listopadu 2018 prob\u011bhlo na na\u0161\u00ed \u0161kole m\u00edstn\u00ed kolo 2. ro\u010dn\u00edku sout\u011b\u017ee \u201eMlad\u00fd ekonom \u00dasteck\u00e9ho kraje\u201c. Sout\u011b\u017e je ur\u010dena pro \u017e\u00e1ky 8. a 9. t\u0159\u00edd z\u00e1kladn\u00edch \u0161kol, je pojata jako sout\u011b\u017e t\u00fdmov\u00e1. N\u00e1pln\u00ed sout\u011b\u017ee jsou rodinn\u00e9 finance, pen\u00edze a finan\u010dn\u00ed produkty. Hlavn\u00edm c\u00edlem sout\u011b\u017ee je zv\u00fd\u0161it pov\u011bdom\u00ed mlad\u00fdch lid\u00ed o finan\u010dn\u00edm hospoda\u0159en\u00ed. M\u00edstn\u00edho kola se z\u00fa\u010dastnilo 7 t\u00fdm\u016f z\u00a05 z\u00e1kladn\u00edch \u0161kol z\u00a0Kadan\u011b a Kl\u00e1\u0161terce nad Oh\u0159\u00ed. V\u00edt\u011bzn\u00fd t\u00fdm ze Z\u00e1kladn\u00ed \u0161koly Rudolfa Koblice v\u00a0Kadani postupuje do krajsk\u00e9ho kola, kter\u00e9 se uskute\u010dn\u00ed 7. 12. 2018 na Fakult\u011b soci\u00e1ln\u011b ekonomick\u00e9 Univerzity J. E. Purkyn\u011b v\u00a0\u00dast\u00ed nad Labem. Jako doprovodn\u00fd program pro \u00fa\u010dastn\u00edky sout\u011b\u017ee jsme p\u0159ipravili v\u00fdstavu k\u00a025. v\u00fdro\u010d\u00ed obchodn\u00ed akademie v\u00a0Kadani. Ceny pro prvn\u00ed t\u0159i t\u00fdmy a upom\u00ednkov\u00e9 p\u0159edm\u011bty pro ostatn\u00ed sout\u011b\u017e\u00edc\u00ed v\u011bnovalo M\u011bsto Kada\u0148.<\/p>\n<p><a href=\"https:\/\/www.sps-kadan.cz\/wp-content\/uploads\/2018\/12\/IMG_20181128_115937.jpg\"><img loading=\"lazy\" class=\"alignnone size-thumbnail wp-image-5237\" src=\"https:\/\/www.sps-kadan.cz\/wp-content\/uploads\/2018\/12\/IMG_20181128_115937-150x113.jpg\" sizes=\"(max-width: 150px) 100vw, 150px\" srcset=\"https:\/\/www.sps-kadan.cz\/wp-content\/uploads\/2018\/12\/IMG_20181128_115937-150x113.jpg 150w, https:\/\/www.sps-kadan.cz\/wp-content\/uploads\/2018\/12\/IMG_20181128_115937-200x150.jpg 200w, https:\/\/www.sps-kadan.cz\/wp-content\/uploads\/2018\/12\/IMG_20181128_115937-700x525.jpg 700w\" alt=\"IMG_20181128_115937\" width=\"150\" height=\"113\" \/><\/a>\u00a0<a href=\"https:\/\/www.sps-kadan.cz\/wp-content\/uploads\/2018\/12\/IMG_20181128_120116.jpg\"><img loading=\"lazy\" class=\"alignnone size-thumbnail wp-image-5238\" src=\"https:\/\/www.sps-kadan.cz\/wp-content\/uploads\/2018\/12\/IMG_20181128_120116-150x113.jpg\" sizes=\"(max-width: 150px) 100vw, 150px\" srcset=\"https:\/\/www.sps-kadan.cz\/wp-content\/uploads\/2018\/12\/IMG_20181128_120116-150x113.jpg 150w, https:\/\/www.sps-kadan.cz\/wp-content\/uploads\/2018\/12\/IMG_20181128_120116-200x150.jpg 200w, https:\/\/www.sps-kadan.cz\/wp-content\/uploads\/2018\/12\/IMG_20181128_120116-700x525.jpg 700w\" alt=\"IMG_20181128_120116\" width=\"150\" height=\"113\" \/><\/a>\u00a0<a href=\"https:\/\/www.sps-kadan.cz\/wp-content\/uploads\/2018\/12\/IMG_20181128_120333.jpg\"><img loading=\"lazy\" class=\"alignnone size-thumbnail wp-image-5239\" src=\"https:\/\/www.sps-kadan.cz\/wp-content\/uploads\/2018\/12\/IMG_20181128_120333-113x150.jpg\" sizes=\"(max-width: 113px) 100vw, 113px\" srcset=\"https:\/\/www.sps-kadan.cz\/wp-content\/uploads\/2018\/12\/IMG_20181128_120333-113x150.jpg 113w, https:\/\/www.sps-kadan.cz\/wp-content\/uploads\/2018\/12\/IMG_20181128_120333-150x200.jpg 150w, https:\/\/www.sps-kadan.cz\/wp-content\/uploads\/2018\/12\/IMG_20181128_120333-525x700.jpg 525w\" alt=\"IMG_20181128_120333\" width=\"113\" height=\"150\" \/><\/a><\/p>\n<\/div>\n<header class=\"entry-header\">\n<h3>\u0160koln\u00ed rok 2017 &#8211; 2018<\/h3>\n<h3 class=\"entry-title\">St\u0159echy pro Erfurt 2018<\/h3>\n<\/header>\n<div class=\"entry-content\">\n<p>Dne 23. 3. 2018 se skupina 5 na\u0161ich student\u016f 2. ro\u010dn\u00edku z\u00fa\u010dastnila dal\u0161\u00edho ro\u010dn\u00edku sout\u011b\u017ee \u201eSt\u0159echy pro Erfurt 2018\u201c. Tato sout\u011b\u017e prob\u00edh\u00e1 ve spolupr\u00e1ci na Technick\u00e9 vysok\u00e9 \u0161kole v\u00a0Erfurtu. Do sout\u011b\u017ee bylo p\u0159ihl\u00e1\u0161eno celkem 12 t\u00fdm\u016f (11 z\u00a0N\u011bmecka). Po \u00favodn\u00edm p\u0159edstaven\u00ed v\u0161ech projekt\u016f provedla odborn\u00e1 porota jejich celkov\u00e9 zhodnocen\u00ed \u2013 dodr\u017een\u00ed stanoven\u00fdch parametr\u016f a materi\u00e1l\u016f, vzhled atd. Pot\u00e9 do\u0161lo na samotn\u00e9 z\u00e1t\u011b\u017eov\u00e9 zkou\u0161ky, kter\u00e9 prok\u00e1zaly kvalitu zpracov\u00e1n\u00ed dan\u00e9ho t\u00e9matu. Na\u00a0z\u00e1v\u011br odborn\u00e1 porota vyhl\u00e1sila v\u00fdsledky. Dru\u017estvo kada\u0148sk\u00fdch stava\u0159\u016f si dom\u016f odvezlo diplom za\u00a04. m\u00edsto.<\/p>\n<p><a href=\"https:\/\/www.sps-kadan.cz\/wp-content\/uploads\/2018\/04\/diplom-N%C4%9Bmecko.pdf\">diplom N\u011bmecko<\/a><\/p>\n<p><a href=\"https:\/\/www.sps-kadan.cz\/wp-content\/uploads\/2018\/04\/Bez-n%C3%A1zvu.png\"><img loading=\"lazy\" class=\"alignnone size-thumbnail wp-image-4941\" src=\"https:\/\/www.sps-kadan.cz\/wp-content\/uploads\/2018\/04\/Bez-n%C3%A1zvu-118x150.png\" sizes=\"(max-width: 118px) 100vw, 118px\" srcset=\"https:\/\/www.sps-kadan.cz\/wp-content\/uploads\/2018\/04\/Bez-n\u00e1zvu-118x150.png 118w, https:\/\/www.sps-kadan.cz\/wp-content\/uploads\/2018\/04\/Bez-n\u00e1zvu-158x200.png 158w, https:\/\/www.sps-kadan.cz\/wp-content\/uploads\/2018\/04\/Bez-n\u00e1zvu.png 312w\" alt=\"Bez n\u00e1zvu\" width=\"118\" height=\"150\" \/><\/a><\/p>\n<\/div>\n<header class=\"entry-header\">\n<h3 class=\"entry-title\">Velk\u00fd n\u011bm\u010din\u00e1\u0159sk\u00fd \u00fasp\u011bch<\/h3>\n<\/header>\n<div class=\"entry-content\">\n<p>Dne 20. 3. 2018 se\u00a0konala jazykov\u00e1 olympi\u00e1da SO\u0160 v\u00a0Lounech. Ve velk\u00e9 konkurenci vybojoval n\u011bm\u010din\u00e1\u0159 Martin Z\u00e1ruba (1. MS) kr\u00e1sn\u00e9 3. m\u00edsto. Tak\u00e9 Tade\u00e1\u0161 \u010cern\u00fd a Martin Barto\u0161 (oba 2.A) obsadili v\u00a0sout\u011b\u017ei angli\u010dtin\u00e1\u0159\u016f p\u011bkn\u00e1 m\u00edsta. V\u0161em \u017e\u00e1k\u016fm d\u011bkujeme za reprezentaci a gratulujeme k\u00a0\u00fasp\u011bchu.<\/p>\n<p><a href=\"https:\/\/www.sps-kadan.cz\/wp-content\/uploads\/2018\/03\/IMG_20180320_133712.jpg\"><img loading=\"lazy\" class=\"alignnone size-thumbnail wp-image-4894\" src=\"https:\/\/www.sps-kadan.cz\/wp-content\/uploads\/2018\/03\/IMG_20180320_133712-150x111.jpg\" sizes=\"(max-width: 150px) 100vw, 150px\" srcset=\"https:\/\/www.sps-kadan.cz\/wp-content\/uploads\/2018\/03\/IMG_20180320_133712-150x111.jpg 150w, https:\/\/www.sps-kadan.cz\/wp-content\/uploads\/2018\/03\/IMG_20180320_133712-200x148.jpg 200w, https:\/\/www.sps-kadan.cz\/wp-content\/uploads\/2018\/03\/IMG_20180320_133712-700x519.jpg 700w, https:\/\/www.sps-kadan.cz\/wp-content\/uploads\/2018\/03\/IMG_20180320_133712.jpg 1000w\" alt=\"IMG_20180320_133712\" width=\"150\" height=\"111\" \/><\/a>\u00a0<a href=\"https:\/\/www.sps-kadan.cz\/wp-content\/uploads\/2018\/03\/IMG_20180320_133910.jpg\"><img loading=\"lazy\" class=\"alignnone size-thumbnail wp-image-4895\" src=\"https:\/\/www.sps-kadan.cz\/wp-content\/uploads\/2018\/03\/IMG_20180320_133910-111x150.jpg\" sizes=\"(max-width: 111px) 100vw, 111px\" srcset=\"https:\/\/www.sps-kadan.cz\/wp-content\/uploads\/2018\/03\/IMG_20180320_133910-111x150.jpg 111w, https:\/\/www.sps-kadan.cz\/wp-content\/uploads\/2018\/03\/IMG_20180320_133910-148x200.jpg 148w, https:\/\/www.sps-kadan.cz\/wp-content\/uploads\/2018\/03\/IMG_20180320_133910-519x700.jpg 519w, https:\/\/www.sps-kadan.cz\/wp-content\/uploads\/2018\/03\/IMG_20180320_133910.jpg 741w\" alt=\"IMG_20180320_133910\" width=\"111\" height=\"150\" \/><\/a><\/p>\n<header class=\"entry-header\">\n<h3 class=\"entry-title\">Sout\u011b\u017e n\u00e1pad\u016f na kada\u0148sk\u00e9 stavebce<\/h3>\n<\/header>\n<div class=\"entry-content\">\n<p>O tom, \u017ee na kada\u0148sk\u00e9 stavebce studuj\u00ed \u0161ikovn\u00ed budouc\u00ed stava\u0159i, se v\u00ed i za hranicemi.\u00a0 V\u00a0r\u00e1mci ji\u017e del\u0161\u00ed dobu prob\u00edhaj\u00edc\u00ed spolupr\u00e1ce s\u00a0In\u017een\u00fdrskou komorou Th\u0171ringen ze SRN se na u\u010ditele a \u017e\u00e1ky \u0161koly obr\u00e1til jej\u00ed viceprezident\u00a0 Dipl. Ing. Karl-Heinz Bartl s\u00a0nab\u00eddkou zapojit se do \u201eSout\u011b\u017ee n\u00e1pad\u016f\u201c na novostavbu obecn\u00edho st\u0159ediska tvo\u0159en\u00e9ho mate\u0159skou \u0161kolou, obecn\u00edm s\u00e1lem a \u0161kolou v\u00a0are\u00e1lu b\u00fdval\u00e9 farmaceutick\u00e9 tov\u00e1rny v\u00a0Mellenbachu v\u00a0Durynsku. Do fin\u00e1le sout\u011b\u017ee se propracovalo po n\u011bkolika m\u011bs\u00ed\u010dn\u00edch p\u0159\u00edprav\u00e1ch 8 \u017e\u00e1k\u016f s\u00a0celkem 4 sout\u011b\u017en\u00edmi n\u00e1vrhy. Z\u00e1v\u011bre\u010dn\u00e1 prezentace n\u00e1vrh\u016f p\u0159ed odbornou porotou se uskute\u010dnila ve st\u0159edu 28. 2. 2018. N\u011bmeckou stranu p\u0159i hodnocen\u00ed zastupovali Ing. Bartl, starostka obce Mellenbach-Glasbach\u00a0 pan\u00ed\u00a0 Kathrin Kr\u00e4upner\u00a0 a pan\u00ed Ulrike Fritsche, za \u010cKAIT a \u010cSSI Ing. Svatopluk Z\u00eddek a za SP\u0160S Ing. Hamersk\u00e1 a Ing. Hrdinov\u00e1. V\u00fdkony sout\u011b\u017e\u00edc\u00edch pozorn\u011b sledoval i m\u00edstostarosta Kadan\u011b Mgr. Jan Losenick\u00fd. Stanovit po\u0159ad\u00ed sout\u011b\u017e\u00edc\u00edch nebylo snadn\u00e9. V\u0161echny prezentovan\u00e9 pr\u00e1ce porotu velmi zaujaly a dle slov n\u011bmeck\u00fdch partner\u016f se budou n\u00e1pady kada\u0148sk\u00fdch student\u016f zab\u00fdvat a mnoh\u00e9 z\u00a0nich ur\u010dit\u011b pou\u017eij\u00ed do projekt\u016f pro realizaci. V\u0161ichni zapojen\u00ed studenti byli n\u011bmeck\u00fdmi zadavateli sout\u011b\u017ee ocen\u011bni hodnotn\u00fdmi cenami.<\/p>\n<header class=\"entry-header\">\n<h3 class=\"entry-title\">Mlad\u00fd ekonom<\/h3>\n<\/header>\n<div class=\"entry-content\">\n<p>30. listopadu 2017 prob\u011bhlo na na\u0161\u00ed \u0161kole m\u00edstn\u00ed kolo 1. ro\u010dn\u00edku sout\u011b\u017ee \u201eMlad\u00fd ekonom \u00dasteck\u00e9ho kraje\u201c, kterou organizuje Asociace obchodn\u00edch akademi\u00ed v\u00a0\u00dasteck\u00e9m kraji. Sout\u011b\u017e je ur\u010dena pro \u017e\u00e1ky 8. a 9. t\u0159\u00edd z\u00e1kladn\u00edch \u0161kol, je pojata jako sout\u011b\u017e t\u00fdmov\u00e1. N\u00e1pln\u00ed sout\u011b\u017ee jsou rodinn\u00e9 finance, pen\u00edze a finan\u010dn\u00ed produkty. Hlavn\u00edm c\u00edlem sout\u011b\u017ee je zv\u00fd\u0161it pov\u011bdom\u00ed mlad\u00fdch lid\u00ed o finan\u010dn\u00edm hospoda\u0159en\u00ed. M\u00edstn\u00edho kola se z\u00fa\u010dastnilo 7 t\u00fdm\u016f z\u00a05 z\u00e1kladn\u00edch \u0161kol z\u00a0Kadan\u011b a Kl\u00e1\u0161terce nad Oh\u0159\u00ed. V\u00edt\u011bzn\u00fd t\u00fdm z\u00a01.\u00a0Z\u0160 Kada\u0148, ve slo\u017een\u00ed Petr Mare\u0161, Vojt\u011bch Nov\u00e1k, Anna Mariya Moysh, postupuje do krajsk\u00e9ho kola, kter\u00e9 se uskute\u010dn\u00ed 15. 12. 2017 v\u00a0\u00dast\u00ed nad Labem. Jako doprovodn\u00fd program si pro \u00fa\u010dastn\u00edky sout\u011b\u017ee p\u0159ipravili \u017e\u00e1ci 4. ro\u010dn\u00edku Obchodn\u00ed akademie veletrh fiktivn\u00edch firem. Ceny pro prvn\u00ed t\u0159i t\u00fdmy a upom\u00ednkov\u00e9 p\u0159edm\u011bty pro ostatn\u00ed sout\u011b\u017e\u00edc\u00ed v\u011bnovalo M\u011bsto Kada\u0148. Sout\u011b\u017e finan\u010dn\u011b podpo\u0159il \u00dasteck\u00fd kraj.<\/p>\n<p>\u00a0<a href=\"https:\/\/www.sps-kadan.cz\/wp-content\/uploads\/2017\/12\/fotka124.jpg\"><img loading=\"lazy\" class=\"alignnone size-thumbnail wp-image-4799\" src=\"https:\/\/www.sps-kadan.cz\/wp-content\/uploads\/2017\/12\/fotka124-150x113.jpg\" sizes=\"(max-width: 150px) 100vw, 150px\" srcset=\"https:\/\/www.sps-kadan.cz\/wp-content\/uploads\/2017\/12\/fotka124-150x113.jpg 150w, https:\/\/www.sps-kadan.cz\/wp-content\/uploads\/2017\/12\/fotka124-200x150.jpg 200w, https:\/\/www.sps-kadan.cz\/wp-content\/uploads\/2017\/12\/fotka124-700x525.jpg 700w\" alt=\"fotka124\" width=\"150\" height=\"113\" \/><\/a>\u00a0<a href=\"https:\/\/www.sps-kadan.cz\/wp-content\/uploads\/2017\/12\/fotka115-1.jpg\"><img loading=\"lazy\" class=\"alignnone size-thumbnail wp-image-4798\" src=\"https:\/\/www.sps-kadan.cz\/wp-content\/uploads\/2017\/12\/fotka115-1-150x113.jpg\" sizes=\"(max-width: 150px) 100vw, 150px\" srcset=\"https:\/\/www.sps-kadan.cz\/wp-content\/uploads\/2017\/12\/fotka115-1-150x113.jpg 150w, https:\/\/www.sps-kadan.cz\/wp-content\/uploads\/2017\/12\/fotka115-1-200x150.jpg 200w, https:\/\/www.sps-kadan.cz\/wp-content\/uploads\/2017\/12\/fotka115-1-700x525.jpg 700w\" alt=\"fotka115 (1)\" width=\"150\" height=\"113\" \/><\/a>\u00a0<a href=\"https:\/\/www.sps-kadan.cz\/wp-content\/uploads\/2017\/12\/fotka104.jpg\"><img loading=\"lazy\" class=\"alignnone size-thumbnail wp-image-4797\" src=\"https:\/\/www.sps-kadan.cz\/wp-content\/uploads\/2017\/12\/fotka104-150x113.jpg\" sizes=\"(max-width: 150px) 100vw, 150px\" srcset=\"https:\/\/www.sps-kadan.cz\/wp-content\/uploads\/2017\/12\/fotka104-150x113.jpg 150w, https:\/\/www.sps-kadan.cz\/wp-content\/uploads\/2017\/12\/fotka104-200x150.jpg 200w, https:\/\/www.sps-kadan.cz\/wp-content\/uploads\/2017\/12\/fotka104-700x525.jpg 700w\" alt=\"fotka104\" width=\"150\" height=\"113\" \/><\/a><a href=\"https:\/\/www.sps-kadan.cz\/wp-content\/uploads\/2017\/12\/fotka104.jpg\">\u00a0<\/a><\/p>\n<header class=\"entry-header\">\n<h3 class=\"entry-title\">Ekonomick\u00fd t\u00fdm 2017<\/h3>\n<\/header>\n<div class=\"entry-content\">\n<div id=\"fcbkbttn_left\" class=\"fcbkbttn_buttons_block\">\n<div class=\"fcbkbttn_like \"><span style=\"font-size: 16px; font-weight: 300;\">Dne 17. 10. 2017 se konala v budov\u011b Obchodn\u00ed akademie Teplice krajsk\u00e1 ekonomick\u00e1 a \u00fa\u010dta\u0159sk\u00e1 sout\u011b\u017e pro \u017e\u00e1ky 4. ro\u010dn\u00edk\u016f OA Ekonomick\u00fd t\u00fdm. Sout\u011b\u017ee se z\u00fa\u010dastnilo 10 t\u00fdm\u016f z 8 st\u0159edn\u00edch odborn\u00fdch \u0161kol \u00dasteck\u00e9ho kraje. Na\u0161i \u0161kolu reprezentovalo dru\u017estvo \u017e\u00e1ky\u0148 \u010dtvrt\u00e9ho ro\u010dn\u00edku pod veden\u00edm vyu\u010duj\u00edc\u00edch odborn\u00fdch p\u0159edm\u011bt\u016f. Sout\u011b\u017e m\u011bla t\u0159i \u010d\u00e1sti. Prvn\u00ed \u010d\u00e1st spo\u010d\u00edvala v testov\u00e9 \u00faloze na PC, druh\u00e1 \u010d\u00e1st v p\u00edsemn\u00e9 elektronick\u00e9 komunikaci. Ve t\u0159et\u00ed \u010d\u00e1sti si \u00fa\u010dastn\u00edci p\u0159ipravili prezentaci na t\u00e9ma \u201eP\u0159\u00ednos pr\u016fmyslov\u00fdch z\u00f3n \u00dasteck\u00e9ho kraje\u201c. V hodnot\u00edc\u00ed porot\u011b zasedli z\u00e1stupci z praxe, Ing. Toman z \u010cSOB a Ing. Dole\u017eal z Edgewellu. Zv\u00edt\u011bzilo dru\u017estvo z Evropsk\u00e9 akademie D\u011b\u010d\u00edn.<\/span><\/div>\n<\/div>\n<p><a href=\"https:\/\/www.sps-kadan.cz\/wp-content\/uploads\/2017\/10\/ekonomick%C3%BD-t%C3%BDm-1.jpg\"><img loading=\"lazy\" class=\"alignnone size-thumbnail wp-image-4705\" src=\"https:\/\/www.sps-kadan.cz\/wp-content\/uploads\/2017\/10\/ekonomick%C3%BD-t%C3%BDm-1-150x84.jpg\" sizes=\"(max-width: 150px) 100vw, 150px\" srcset=\"https:\/\/www.sps-kadan.cz\/wp-content\/uploads\/2017\/10\/ekonomick\u00fd-t\u00fdm-1-150x84.jpg 150w, https:\/\/www.sps-kadan.cz\/wp-content\/uploads\/2017\/10\/ekonomick\u00fd-t\u00fdm-1-200x113.jpg 200w, https:\/\/www.sps-kadan.cz\/wp-content\/uploads\/2017\/10\/ekonomick\u00fd-t\u00fdm-1-700x394.jpg 700w, https:\/\/www.sps-kadan.cz\/wp-content\/uploads\/2017\/10\/ekonomick\u00fd-t\u00fdm-1.jpg 1600w\" alt=\"ekonomick\u00fd t\u00fdm 1\" width=\"150\" height=\"84\" \/><\/a>\u00a0<a href=\"https:\/\/www.sps-kadan.cz\/wp-content\/uploads\/2017\/10\/ekonomick%C3%BD-t%C3%BDm-3.jpg\"><img loading=\"lazy\" class=\"alignnone size-thumbnail wp-image-4703\" src=\"https:\/\/www.sps-kadan.cz\/wp-content\/uploads\/2017\/10\/ekonomick%C3%BD-t%C3%BDm-3-150x84.jpg\" sizes=\"(max-width: 150px) 100vw, 150px\" srcset=\"https:\/\/www.sps-kadan.cz\/wp-content\/uploads\/2017\/10\/ekonomick\u00fd-t\u00fdm-3-150x84.jpg 150w, https:\/\/www.sps-kadan.cz\/wp-content\/uploads\/2017\/10\/ekonomick\u00fd-t\u00fdm-3-200x113.jpg 200w, https:\/\/www.sps-kadan.cz\/wp-content\/uploads\/2017\/10\/ekonomick\u00fd-t\u00fdm-3-700x394.jpg 700w, https:\/\/www.sps-kadan.cz\/wp-content\/uploads\/2017\/10\/ekonomick\u00fd-t\u00fdm-3.jpg 1600w\" alt=\"ekonomick\u00fd t\u00fdm 3\" width=\"150\" height=\"84\" \/><\/a>\u00a0<a href=\"https:\/\/www.sps-kadan.cz\/wp-content\/uploads\/2017\/10\/ekonomick%C3%BD-t%C3%BDm-2.jpg\"><img loading=\"lazy\" class=\"alignnone size-thumbnail wp-image-4702\" src=\"https:\/\/www.sps-kadan.cz\/wp-content\/uploads\/2017\/10\/ekonomick%C3%BD-t%C3%BDm-2-150x84.jpg\" sizes=\"(max-width: 150px) 100vw, 150px\" srcset=\"https:\/\/www.sps-kadan.cz\/wp-content\/uploads\/2017\/10\/ekonomick\u00fd-t\u00fdm-2-150x84.jpg 150w, https:\/\/www.sps-kadan.cz\/wp-content\/uploads\/2017\/10\/ekonomick\u00fd-t\u00fdm-2-200x113.jpg 200w, https:\/\/www.sps-kadan.cz\/wp-content\/uploads\/2017\/10\/ekonomick\u00fd-t\u00fdm-2-700x394.jpg 700w, https:\/\/www.sps-kadan.cz\/wp-content\/uploads\/2017\/10\/ekonomick\u00fd-t\u00fdm-2.jpg 1600w\" alt=\"ekonomick\u00fd t\u00fdm 2\" width=\"150\" height=\"84\" \/><\/a><\/p>\n<header class=\"entry-header\">\n<h3>\u0160koln\u00ed rok 2016 -2017<\/h3>\n<h3 class=\"entry-title\">\u201eMami, tati, co ty o tom v\u00ed\u0161?\u201c aneb Odstra\u0148me bari\u00e9ry mezi n\u00e1mi<\/h3>\n<\/header>\n<div class=\"entry-content\">\n<p>V\u00a0leto\u0161n\u00edm roce prob\u011bhl na na\u0161\u00ed \u0161kole SP\u0160S a OA Kada\u0148 ji\u017e 10. ro\u010dn\u00edk sout\u011b\u017ee, jej\u00edm\u017e c\u00edlem je dostat do podv\u011bdom\u00ed d\u011bt\u00ed i dosp\u011bl\u00fdch problematiku soci\u00e1ln\u011b patologick\u00fdch jev\u016f. Velmi n\u00e1s t\u011b\u0161\u00ed, \u017ee na\u0161i \u017e\u00e1ci maj\u00ed o t\u011bchto nebezpe\u010dn\u00fdch jevech pov\u011bdom\u00ed a zcela jasn\u011b vyhran\u011bn\u00fd n\u00e1zor. To dokazuje i po\u010det odevzdan\u00fdch prac\u00ed, kter\u00fdch bylo 111. Vyhodnotili jsme t\u0159i kategorie. V\u00a0kategorii Test zv\u00edt\u011bzil Jan Mal\u00fd p\u0159ed Patrikem Domastou a Tade\u00e1\u0161em \u010cern\u00fdm. Kategorii Grafika ovl\u00e1dl Martin Motl\u00edk p\u0159ed Sandrou Moty\u010dkovou a Luk\u00e1\u0161em Metalem. Posledn\u00ed kategori\u00ed byla Grafika na PC, ve kter\u00e9 zv\u00edt\u011bzil Karel Hro\u0161ek p\u0159ed V\u00e1clavem Hartmanem a Michalem Fenclem. Karel Hro\u0161ek vytv\u00e1\u0159\u00ed v\u00a0sou\u010dasn\u00e9 dob\u011b i logo na\u0161\u00ed sout\u011b\u017ee, pod kter\u00fdm bychom r\u00e1di v\u00a0dal\u0161\u00edch ro\u010dn\u00edc\u00edch vystupovali. Je pro n\u00e1s d\u016fle\u017eit\u00e9, \u017ee se \u00fa\u010dastn\u00ed \u017e\u00e1ci nap\u0159\u00ed\u010d ro\u010dn\u00edky a obory. Sout\u011b\u017e podporuje m\u011bsto Kada\u0148 a SRP\u0160 p\u0159i SP\u0160S a OA Kada\u0148. V\u0161em sout\u011b\u017e\u00edc\u00edm d\u011bkujeme za \u00fa\u010dast, gratulujeme a t\u011b\u0161\u00edme se na dal\u0161\u00ed ro\u010dn\u00edk.<\/p>\n<p><a href=\"https:\/\/www.sps-kadan.cz\/wp-content\/uploads\/2017\/06\/mami_tati-20.jpg\"><img loading=\"lazy\" class=\"alignnone size-thumbnail wp-image-4595\" src=\"https:\/\/www.sps-kadan.cz\/wp-content\/uploads\/2017\/06\/mami_tati-20-150x100.jpg\" sizes=\"(max-width: 150px) 100vw, 150px\" srcset=\"https:\/\/www.sps-kadan.cz\/wp-content\/uploads\/2017\/06\/mami_tati-20-150x100.jpg 150w, https:\/\/www.sps-kadan.cz\/wp-content\/uploads\/2017\/06\/mami_tati-20-200x133.jpg 200w, https:\/\/www.sps-kadan.cz\/wp-content\/uploads\/2017\/06\/mami_tati-20-700x467.jpg 700w\" alt=\"mami_tati (20)\" width=\"150\" height=\"100\" \/><\/a><a href=\"https:\/\/www.sps-kadan.cz\/wp-content\/uploads\/2017\/06\/mami_tati-5.jpg\"><img loading=\"lazy\" class=\"alignnone size-thumbnail wp-image-4594\" src=\"https:\/\/www.sps-kadan.cz\/wp-content\/uploads\/2017\/06\/mami_tati-5-150x100.jpg\" sizes=\"(max-width: 150px) 100vw, 150px\" srcset=\"https:\/\/www.sps-kadan.cz\/wp-content\/uploads\/2017\/06\/mami_tati-5-150x100.jpg 150w, https:\/\/www.sps-kadan.cz\/wp-content\/uploads\/2017\/06\/mami_tati-5-200x133.jpg 200w, https:\/\/www.sps-kadan.cz\/wp-content\/uploads\/2017\/06\/mami_tati-5-700x467.jpg 700w\" alt=\"mami_tati (5)\" width=\"150\" height=\"100\" \/><\/a><a href=\"https:\/\/www.sps-kadan.cz\/wp-content\/uploads\/2017\/06\/mami_tati-3.jpg\"><img loading=\"lazy\" class=\"alignnone size-thumbnail wp-image-4593\" src=\"https:\/\/www.sps-kadan.cz\/wp-content\/uploads\/2017\/06\/mami_tati-3-150x100.jpg\" sizes=\"(max-width: 150px) 100vw, 150px\" srcset=\"https:\/\/www.sps-kadan.cz\/wp-content\/uploads\/2017\/06\/mami_tati-3-150x100.jpg 150w, https:\/\/www.sps-kadan.cz\/wp-content\/uploads\/2017\/06\/mami_tati-3-200x133.jpg 200w, https:\/\/www.sps-kadan.cz\/wp-content\/uploads\/2017\/06\/mami_tati-3-700x467.jpg 700w\" alt=\"mami_tati (3)\" width=\"150\" height=\"100\" \/><\/a>\u00a0<a href=\"https:\/\/www.sps-kadan.cz\/wp-content\/uploads\/2017\/06\/mami_tati-16.jpg\"><img loading=\"lazy\" class=\"alignnone size-thumbnail wp-image-4597\" src=\"https:\/\/www.sps-kadan.cz\/wp-content\/uploads\/2017\/06\/mami_tati-16-150x100.jpg\" sizes=\"(max-width: 150px) 100vw, 150px\" srcset=\"https:\/\/www.sps-kadan.cz\/wp-content\/uploads\/2017\/06\/mami_tati-16-150x100.jpg 150w, https:\/\/www.sps-kadan.cz\/wp-content\/uploads\/2017\/06\/mami_tati-16-200x133.jpg 200w, https:\/\/www.sps-kadan.cz\/wp-content\/uploads\/2017\/06\/mami_tati-16-700x467.jpg 700w\" alt=\"mami_tati (16)\" width=\"150\" height=\"100\" \/><\/a><a href=\"https:\/\/www.sps-kadan.cz\/wp-content\/uploads\/2017\/06\/mami_tati-17.jpg\"><img loading=\"lazy\" class=\"alignnone size-thumbnail wp-image-4598\" src=\"https:\/\/www.sps-kadan.cz\/wp-content\/uploads\/2017\/06\/mami_tati-17-150x100.jpg\" sizes=\"(max-width: 150px) 100vw, 150px\" srcset=\"https:\/\/www.sps-kadan.cz\/wp-content\/uploads\/2017\/06\/mami_tati-17-150x100.jpg 150w, https:\/\/www.sps-kadan.cz\/wp-content\/uploads\/2017\/06\/mami_tati-17-200x133.jpg 200w, https:\/\/www.sps-kadan.cz\/wp-content\/uploads\/2017\/06\/mami_tati-17-700x467.jpg 700w\" alt=\"mami_tati (17)\" width=\"150\" height=\"100\" \/><\/a><\/p>\n<\/div>\n<\/div>\n<\/div>\n<\/div>\n<\/div>\n<header class=\"entry-header\">\n<h4 class=\"entry-title\">Studenti z Kadan\u011b postavili kino Surrounded Dancer a knihovnu s kav\u00e1rnou Tilia z vlnit\u00e9 lepenky<\/h4>\n<\/header>\n<div class=\"entry-content\">\n<div id=\"fcbkbttn_left\" class=\"fcbkbttn_buttons_block\">\n<div class=\"fcbkbttn_like \">\u00a0<\/div>\n<\/div>\n<p>Kada\u0148, 2. \u010dervna 2017<strong>\u00a0\u2013 Studenti St\u0159edn\u00ed pr\u016fmyslov\u00e9 \u0161koly stavebn\u00ed z Kadan\u011b vytvo\u0159ili z\u00a0vlnit\u00e9 lepenky kino Surrounded Dancer a knihovnu s\u00a0kav\u00e1rnou Tilia. Stavby poslali do sout\u011b\u017ee Stavby z\u00a0vlnit\u00e9 lepenky. Zda postoup\u00ed do fin\u00e1le, bude zn\u00e1mo do 7. \u010dervna. Fin\u00e1le se uskute\u010dn\u00ed 21. \u010dervna v\u00a0brn\u011bnsk\u00e9m Pavilonu Anthropos. Sout\u011b\u017e po\u0159\u00e1d\u00e1 Svaz v\u00fdrobc\u016f vlnit\u00fdch lepenek ve spolupr\u00e1ci s obalovou spole\u010dnost\u00ed EKO-KOM.\u00a0<\/strong>Mlad\u00ed stava\u0159i a stava\u0159ky v leto\u0161n\u00edm\u00a011. ro\u010dn\u00edku sout\u011b\u017ee vytv\u00e1\u0159eli origin\u00e1ln\u00ed stavbu podle vlastn\u00edho n\u00e1vrhu. T\u00e9ma je \u201eOrigin\u00e1ln\u00ed turistick\u00e1 atrakce (stavba) jako zviditeln\u011bn\u00ed \u010ceska v zahrani\u010d\u00ed\u201c. Hodnot\u00ed se originalita a neot\u0159el\u00e1 my\u0161lenka. Ka\u017ed\u00e1 z p\u0159ihl\u00e1\u0161en\u00fdch 30 st\u0159edn\u00edch stavebn\u00edch \u0161kol m\u011bla mo\u017enost do sout\u011b\u017ee p\u0159ihl\u00e1sit dv\u011b stavby. Odborn\u00e1 porota vybere do 7. \u010dervna \u0161est staveb, kter\u00e9 postoup\u00ed do fin\u00e1le. \u0160kola v\u00edt\u011bzn\u00e9ho projektu se m\u016f\u017ee t\u011b\u0161it na ceny v\u00a0hodnot\u011b 20 tis. K\u010d. \u0160koly um\u00edst\u011bn\u00e9 na druh\u00e9m a t\u0159et\u00edm m\u00edst\u011b vyhraj\u00ed cenu v\u00a0hodnot\u011b 10\u00a0tis. K\u010d a 5\u00a0tis. K\u010d. \u0160est fin\u00e1lov\u00fdch \u0161kol bude nov\u011b bojovat o \u010dtvrtou cenu v\u00a0hodnot\u011b 5\u00a0tis. K\u010d. Jedn\u00e1 se o titul \u201eNejlep\u0161\u00ed obal z\u00a0vlnit\u00e9 lepenky na sout\u011b\u017en\u00ed stavbu\u201c, kter\u00fd \u0161koly a studenti vyrob\u00ed pro bezpe\u010dnou p\u0159epravu modelu do fin\u00e1le. Fin\u00e1le lepenk\u00e1\u0159sk\u00e9 sout\u011b\u017ee a slavnostn\u00ed vyhl\u00e1\u0161en\u00ed v\u00fdsledk\u016f se uskute\u010dn\u00ed 21. \u010dervna v brn\u011bnsk\u00e9m Pavilonu Anthropos Moravsk\u00e9ho zemsk\u00e9ho muzea. Tato st\u00e1tn\u00ed pam\u011b\u0165ov\u00e1 instituce v tomto objektu dokumentuje nejstar\u0161\u00ed d\u011bjiny os\u00eddlen\u00ed Moravy a cel\u00e9ho Evropy. Jej\u00ed muzejn\u00ed expozice pat\u0159\u00ed k nejv\u011bt\u0161\u00edm a nejmodern\u011bj\u0161\u00edm sv\u00e9ho druhu v Evrop\u011b. V sou\u010dasn\u00e9 dob\u011b v Pavilonu Anthrophos prob\u00edhaj\u00ed dv\u011b v\u00fdstavy V\u00edtejte u neandert\u00e1lc\u016f a Z\u00e1pas ichtyosaur\u016f aneb prav\u011bk \u0161t\u011btcem Zde\u0148ka Buriana. C\u00edlem projektu je pouk\u00e1zat na ekologick\u00e9 v\u00fdhody vlnit\u00e9 lepenky pou\u017e\u00edvan\u00e9 k v\u00fdrob\u011b obal\u016f. Vlnit\u00e1 lepenka nezat\u011b\u017euje \u017eivotn\u00ed prost\u0159ed\u00ed, je ekologicky zcela nez\u00e1vadn\u00e1 a 100% recyklovateln\u00e1.<\/p>\n<p>\u00a0<\/p>\n<p><a href=\"https:\/\/www.sps-kadan.cz\/wp-content\/uploads\/2017\/06\/surrounded-dancer-2.jpg\"><img loading=\"lazy\" class=\"alignnone size-medium wp-image-4564\" src=\"https:\/\/www.sps-kadan.cz\/wp-content\/uploads\/2017\/06\/surrounded-dancer-2-200x136.jpg\" sizes=\"(max-width: 200px) 100vw, 200px\" srcset=\"https:\/\/www.sps-kadan.cz\/wp-content\/uploads\/2017\/06\/surrounded-dancer-2-200x136.jpg 200w, https:\/\/www.sps-kadan.cz\/wp-content\/uploads\/2017\/06\/surrounded-dancer-2-150x102.jpg 150w, https:\/\/www.sps-kadan.cz\/wp-content\/uploads\/2017\/06\/surrounded-dancer-2-700x474.jpg 700w, https:\/\/www.sps-kadan.cz\/wp-content\/uploads\/2017\/06\/surrounded-dancer-2.jpg 1291w\" alt=\"surrounded dancer (2)\" width=\"200\" height=\"136\" \/><\/a>\u00a0<a href=\"https:\/\/www.sps-kadan.cz\/wp-content\/uploads\/2017\/06\/surrounded-dancer.jpg\"><img loading=\"lazy\" class=\"alignnone size-medium wp-image-4565\" src=\"https:\/\/www.sps-kadan.cz\/wp-content\/uploads\/2017\/06\/surrounded-dancer-200x134.jpg\" sizes=\"(max-width: 200px) 100vw, 200px\" srcset=\"https:\/\/www.sps-kadan.cz\/wp-content\/uploads\/2017\/06\/surrounded-dancer-200x134.jpg 200w, https:\/\/www.sps-kadan.cz\/wp-content\/uploads\/2017\/06\/surrounded-dancer-150x101.jpg 150w, https:\/\/www.sps-kadan.cz\/wp-content\/uploads\/2017\/06\/surrounded-dancer-700x471.jpg 700w, https:\/\/www.sps-kadan.cz\/wp-content\/uploads\/2017\/06\/surrounded-dancer.jpg 1336w\" alt=\"surrounded dancer\" width=\"200\" height=\"134\" \/><\/a>\u00a0<a href=\"https:\/\/www.sps-kadan.cz\/wp-content\/uploads\/2017\/06\/tilia-2.jpg\"><img loading=\"lazy\" class=\"alignnone size-medium wp-image-4566\" src=\"https:\/\/www.sps-kadan.cz\/wp-content\/uploads\/2017\/06\/tilia-2-200x144.jpg\" sizes=\"(max-width: 200px) 100vw, 200px\" srcset=\"https:\/\/www.sps-kadan.cz\/wp-content\/uploads\/2017\/06\/tilia-2-200x144.jpg 200w, https:\/\/www.sps-kadan.cz\/wp-content\/uploads\/2017\/06\/tilia-2-150x108.jpg 150w, https:\/\/www.sps-kadan.cz\/wp-content\/uploads\/2017\/06\/tilia-2-700x504.jpg 700w, https:\/\/www.sps-kadan.cz\/wp-content\/uploads\/2017\/06\/tilia-2.jpg 1191w\" alt=\"tilia (2)\" width=\"200\" height=\"144\" \/><\/a>\u00a0<a href=\"https:\/\/www.sps-kadan.cz\/wp-content\/uploads\/2017\/06\/tilia.jpg\"><img loading=\"lazy\" class=\"alignnone size-medium wp-image-4567\" src=\"https:\/\/www.sps-kadan.cz\/wp-content\/uploads\/2017\/06\/tilia-200x142.jpg\" sizes=\"(max-width: 200px) 100vw, 200px\" srcset=\"https:\/\/www.sps-kadan.cz\/wp-content\/uploads\/2017\/06\/tilia-200x142.jpg 200w, https:\/\/www.sps-kadan.cz\/wp-content\/uploads\/2017\/06\/tilia-150x107.jpg 150w, https:\/\/www.sps-kadan.cz\/wp-content\/uploads\/2017\/06\/tilia-700x498.jpg 700w, https:\/\/www.sps-kadan.cz\/wp-content\/uploads\/2017\/06\/tilia.jpg 1182w\" alt=\"tilia\" width=\"200\" height=\"142\" \/><\/a><\/p>\n<\/div>\n<header class=\"entry-header\">\n<h3 class=\"entry-title\">M\u00edstn\u00ed kolo sout\u011b\u017ee Mlad\u00fd ekonom \u00dasteck\u00e9ho kraje<\/h3>\n<\/header>\n<div class=\"entry-content\">\n<p>V\u00a0\u00fater\u00fd 4. dubna 2017 po\u0159\u00e1dala na\u0161e \u0161kola sout\u011b\u017e pro \u017e\u00e1ky z\u00e1kladn\u00edch \u0161kol pod n\u00e1zvem Mlad\u00fd ekonom \u00dasteck\u00e9ho kraje. Sout\u011b\u017ee se z\u00fa\u010dastnilo celkem 5 t\u00fdm\u016f. 4 t\u00fdmy byla ze z\u00e1kladn\u00edch \u0161kol v\u00a0Kadani, 1 t\u00fdm byl ze Z\u0160 v\u00a0Kl\u00e1\u0161terci nad Oh\u0159\u00ed. Sout\u011b\u017e je ur\u010dena pro \u017e\u00e1ky 8. a 9. t\u0159\u00edd z\u00e1kladn\u00edch \u0161kol, je pojata jako sout\u011b\u017e t\u00fdmov\u00e1. Hlavn\u00ed n\u00e1pln\u00ed sout\u011b\u017ee jsou t\u00e9mata z\u00a0RVP pro Z\u0160 z\u00a0oblasti finan\u010dn\u00ed gramotnosti \u2013 rodinn\u00e9 finance, pen\u00edze, bankovn\u00ed produkty. Nejprve \u0159e\u0161ily t\u00fdmy v\u011bdomostn\u00ed test a pak n\u00e1sledovala prezentace ekonomick\u00e9ho t\u00e9matu p\u0159ed odbornou komis\u00ed. C\u00edlem sout\u011b\u017ee je prohlouben\u00ed kompetenc\u00ed \u017e\u00e1k\u016f Z\u0160 v\u00a0oblasti finan\u010dn\u00ed gramotnosti, a tak\u00e9 zv\u00fd\u0161it z\u00e1jem \u017e\u00e1k\u016f o ekonomicky zam\u011b\u0159en\u00e9 obory. V\u00edt\u011bzem 1. ro\u010dn\u00edku m\u00edstn\u00edho kola v Kadani se stal t\u00fdm \u017e\u00e1k\u016f Z\u00e1kladn\u00ed \u0161koly Kada\u0148, \u0160koln\u00ed 1479, ve slo\u017een\u00ed \u2013 Petr Mare\u0161, Dominik Nimec, Anna Mariya Moysh. V\u00edt\u011bzn\u00fd t\u00fdm postupuje do krajsk\u00e9ho kola, kter\u00e9 se bude konat dne 13. 6. 2017 na Obchodn\u00ed akademii v\u00a0\u00dast\u00ed nad Labem. V\u0161em \u017e\u00e1k\u016fm a u\u010ditel\u016fm zapojen\u00fdch Z\u0160 d\u011bkujeme za spolupr\u00e1ci a \u00fa\u010dast v\u00a0sout\u011b\u017ei a v\u011b\u0159\u00edme, \u017ee tato sout\u011b\u017e bude pokra\u010dovat i v\u00a0dal\u0161\u00edch letech.<\/p>\n<p>\u00a0<a href=\"https:\/\/www.sps-kadan.cz\/wp-content\/uploads\/2017\/04\/fotka069-1.jpg\"><img loading=\"lazy\" class=\"alignnone size-medium wp-image-4465\" src=\"https:\/\/www.sps-kadan.cz\/wp-content\/uploads\/2017\/04\/fotka069-1-200x150.jpg\" sizes=\"(max-width: 200px) 100vw, 200px\" srcset=\"https:\/\/www.sps-kadan.cz\/wp-content\/uploads\/2017\/04\/fotka069-1-200x150.jpg 200w, https:\/\/www.sps-kadan.cz\/wp-content\/uploads\/2017\/04\/fotka069-1-150x113.jpg 150w, https:\/\/www.sps-kadan.cz\/wp-content\/uploads\/2017\/04\/fotka069-1-700x525.jpg 700w\" alt=\"fotka069 (1)\" width=\"200\" height=\"150\" \/><\/a>\u00a0<a href=\"https:\/\/www.sps-kadan.cz\/wp-content\/uploads\/2017\/04\/fotka079-1.jpg\"><img loading=\"lazy\" class=\"alignnone size-medium wp-image-4467\" src=\"https:\/\/www.sps-kadan.cz\/wp-content\/uploads\/2017\/04\/fotka079-1-200x150.jpg\" sizes=\"(max-width: 200px) 100vw, 200px\" srcset=\"https:\/\/www.sps-kadan.cz\/wp-content\/uploads\/2017\/04\/fotka079-1-200x150.jpg 200w, https:\/\/www.sps-kadan.cz\/wp-content\/uploads\/2017\/04\/fotka079-1-150x113.jpg 150w, https:\/\/www.sps-kadan.cz\/wp-content\/uploads\/2017\/04\/fotka079-1-700x525.jpg 700w\" alt=\"fotka079 (1)\" width=\"200\" height=\"150\" \/><\/a>\u00a0<\/p>\n<header class=\"entry-header\">\n<div class=\"entry-content\">\n<p><a href=\"https:\/\/www.sps-kadan.cz\/wp-content\/uploads\/2017\/02\/11.png\"><img loading=\"lazy\" class=\"alignnone  wp-image-4437\" src=\"https:\/\/www.sps-kadan.cz\/wp-content\/uploads\/2017\/02\/11-200x31.png\" alt=\"1\" width=\"222\" height=\"43\" \/><\/a><\/p>\n<p><span style=\"color: #23282d; font-size: 1.4em; font-weight: bold;\">\u00dasp\u011bch Martina Motl\u00edka (1.A) v sout\u011b\u017ei \u201ePooh\u0159\u00ed va\u0161\u00edm objektivem\u201c.<\/span><\/p>\n<\/div>\n<\/header>\n<div class=\"entry-content\">\n<p>Blahop\u0159ejeme Martinu Motl\u00edkovi z\u00a01.A,\u00a0 kter\u00fd obsadil t\u0159et\u00ed m\u00edsto v\u00a0sout\u011b\u017ei \u201ePooh\u0159\u00ed va\u0161\u00edm objektivem\u201c.<\/p>\n<p>P\u0159\u00edloha \u010d. 1 .<a href=\"https:\/\/www.sps-kadan.cz\/wp-content\/uploads\/2017\/01\/Fotosout%C4%9B%C5%BE-1.pdf\">\u010dl\u00e1nek z internetu<\/a><\/p>\n<p>P\u0159\u00edloha \u010d. 2 .\u00a0\u00a0<a href=\"https:\/\/www.sps-kadan.cz\/wp-content\/uploads\/2017\/01\/Fotosout%C4%9B%C5%BE-2.pdf\">\u010dl\u00e1nek z Kada\u0148sk\u00fdch novin<\/a><\/p>\n<\/div>\n<\/div>\n<p><strong style=\"font-size: 1.1em;\">\u0160koln\u00ed rok 2015-2016<\/strong><\/p>\n<\/div>\n<\/div>\n<\/div>\n<\/div>\n<header class=\"entry-header\"><header class=\"entry-header\">\n<h3 class=\"entry-title\">2. m\u00edsto v krajsk\u00e9m kole<\/h3>\n<\/header>\n<div class=\"entry-content\">\n<p>V\u00a07. ro\u010dn\u00edku sout\u011b\u017ee Finan\u010dn\u00ed gramotnost se um\u00edstilo dru\u017estvo na\u0161\u00ed \u0161koly ve slo\u017een\u00ed Lenka Proch\u00e1zkov\u00e1, Richard Hajchl a Daniel T\u00fdr na vynikaj\u00edc\u00edm druh\u00e9m m\u00edst\u011b v\u00a0r\u00e1mci \u00dasteck\u00e9ho kraje.\u00a0\u017d\u00e1ci prok\u00e1zali, \u017ee se orientuj\u00ed v\u00a0ekonomick\u00e9 a finan\u010dn\u00ed \u010dinnosti, dok\u00e1\u017eou sestavit dom\u00e1c\u00ed rozpo\u010det a\u00a0zhodnot\u00ed finan\u010dn\u00ed nab\u00eddky tak, aby nedo\u0161lo k\u00a0p\u0159edlu\u017een\u00ed.\u00a0Sout\u011b\u017e je zam\u011b\u0159ena p\u0159edev\u0161\u00edm na pen\u011b\u017en\u00ed, cenovou a pr\u00e1vn\u00ed gramotnost a na ochranu spot\u0159ebitele.\u00a0D\u011bkujeme za vzornou reprezentaci \u0161koly.<\/p>\n<p><a href=\"https:\/\/www.sps-kadan.cz\/wp-content\/uploads\/2016\/04\/P1010057.jpg\"><img loading=\"lazy\" class=\"alignnone size-medium wp-image-3849\" src=\"https:\/\/www.sps-kadan.cz\/wp-content\/uploads\/2016\/04\/P1010057-200x150.jpg\" sizes=\"(max-width: 200px) 100vw, 200px\" srcset=\"https:\/\/www.sps-kadan.cz\/wp-content\/uploads\/2016\/04\/P1010057-200x150.jpg 200w, https:\/\/www.sps-kadan.cz\/wp-content\/uploads\/2016\/04\/P1010057-150x113.jpg 150w, https:\/\/www.sps-kadan.cz\/wp-content\/uploads\/2016\/04\/P1010057-700x525.jpg 700w\" alt=\"OLYMPUS DIGITAL CAMERA\" width=\"200\" height=\"150\" \/><\/a>\u00a0<a href=\"https:\/\/www.sps-kadan.cz\/wp-content\/uploads\/2016\/04\/P1010058.jpg\"><img loading=\"lazy\" class=\"alignnone size-medium wp-image-3850\" src=\"https:\/\/www.sps-kadan.cz\/wp-content\/uploads\/2016\/04\/P1010058-200x150.jpg\" sizes=\"(max-width: 200px) 100vw, 200px\" srcset=\"https:\/\/www.sps-kadan.cz\/wp-content\/uploads\/2016\/04\/P1010058-200x150.jpg 200w, https:\/\/www.sps-kadan.cz\/wp-content\/uploads\/2016\/04\/P1010058-150x113.jpg 150w, https:\/\/www.sps-kadan.cz\/wp-content\/uploads\/2016\/04\/P1010058-700x525.jpg 700w\" alt=\"OLYMPUS DIGITAL CAMERA\" width=\"200\" height=\"150\" \/><\/a><\/p>\n<\/div>\n<\/header>\n<h5>Zkou\u0161ka nosnosti modelu mostu<\/h5>\n<p>18. 12. 2015 se uskute\u010dnila zkou\u0161ka nosnosti modelu mostu, kter\u00fd vyrobili ze \u0161pejl\u00ed a nit\u00ed \u017e\u00e1ci 3. A na sout\u011b\u017e BRIDGES, kterou po\u0159\u00e1dalo VUT v Brn\u011b. Celkem p\u0159ipravili modely dva. Jeden z nich poslali do sout\u011b\u017ee. Druh\u00fd model mostu \u017e\u00e1ci p\u0159ed sv\u00fdmi spolu\u017e\u00e1ky postupn\u011b zat\u011b\u017eovali p\u0159ipraven\u00fdm z\u00e1va\u017e\u00edm a tipovali si, kolik unese. Rozlomil se a\u017e pod 23 kg z\u00e1va\u017e\u00edm. Sout\u011b\u017e m\u011bla mezi \u017e\u00e1ky velk\u00fd \u00fasp\u011bch, a proto jsme se rozhodli ji zopakovat.<\/p>\n<p><strong>Mosty ze \u0161pejl\u00ed<\/strong><strong> \u2013 <\/strong>12. 2. 2016 \u2013 dru\u017estva ze SP\u0160S a OA Kada\u0148 + dru\u017estvo S\u0160TGA Chomutov + Z\u0160 Chomutovsk\u00e1 Kada\u0148<\/p>\n<p><strong>\u00a0<\/strong><strong>Mosty pro Erfurt 2016 (PM)<\/strong><\/p>\n<p>Na z\u00e1klad\u011b spolupr\u00e1ce s In\u017een\u00fdrskou komorou Th\u00fcringen (Durynsko) se \u017e\u00e1ci 3. ro\u010dn\u00edku oboru stavebnictv\u00ed St\u0159edn\u00ed pr\u016fmyslov\u00e9 \u0161koly stavebn\u00ed a Obchodn\u00ed akademie Kada\u0148 z\u00fa\u010dastnili mezin\u00e1rodn\u00ed sout\u011b\u017ee Br\u00fccken f\u00fcr Erfurt 2016. Sout\u011b\u017e se uskute\u010dnila v\u00a0p\u00e1tek 18. 3. 2016 v\u00a0prostor\u00e1ch Fachhochschule\u00a0 v\u00a0Erfurtu. Model mostu postaven\u00fd kada\u0148sk\u00fdmi stava\u0159i (L. Adamov\u00e1, D. Jen\u00edk, T.\u00a0Toman a P. Trochym\u010duk) obst\u00e1l po str\u00e1nce technick\u00e9 i estetick\u00e9 velmi dob\u0159e a v\u00a0kone\u010dn\u00e9m po\u0159ad\u00ed byl ocen\u011bn 4. M\u00edstem a \u010destn\u00fdm uzn\u00e1n\u00edm.<\/p>\n<p><strong>\u00a0<\/strong><strong>StreTech 2016 (PM)<\/strong><\/p>\n<p>\u010cesk\u00e9 vysok\u00e9 u\u010den\u00ed technick\u00e9 v Praze po\u0159\u00e1dalo ve st\u0159edu dne 8. \u010dervna 2016 setk\u00e1n\u00ed a prezentaci prac\u00ed student\u016f st\u0159edn\u00edch \u0161kol \u201e StreTech 2016\u201c. Za na\u0161\u00ed \u0161kolu se z\u00fa\u010dastnili Lenka Adamov\u00e1 a Michal Fencl.<\/p>\n<p><strong>Wienerberger cihl\u00e1\u0159sk\u00fd pr\u016fmysl, a. s. (HL)<\/strong> \u2013 vyhla\u0161ovatel sout\u011b\u017ee o nejlep\u0161\u00ed projekt pro studenty st\u0159edn\u00edch pr\u016fmyslov\u00fdch \u0161kol stavebn\u00edch \u2013 sout\u011b\u017ee se z\u00fa\u010dastnili a \u010destn\u00e9 uzn\u00e1n\u00ed obdr\u017eeli Hai Binh Nguyenov\u00e1 a Josef Hajm.<\/p>\n<p><strong>Stavby z\u00a0vlnit\u00e9 lepenky (FL)<\/strong><\/p>\n<p>V\u00a0leto\u0161n\u00edm \u0161koln\u00edm roce se konal 10. ro\u010dn\u00edk sout\u011b\u017en\u00edho projektu \u201eStavby z\u00a0vlnit\u00e9 lepenky\u201c, kterou po\u0159\u00e1d\u00e1 Svaz v\u00fdrobc\u016f vlnit\u00fdch lepenek ve spolupr\u00e1ci se spole\u010dnost\u00ed EKO-KOM, a. s. a N\u00e1rodn\u00edm pam\u00e1tkov\u00fdm \u00fastavem. Projekt je ur\u010den pro studenty st\u0159edn\u00edch \u0161kol se zam\u011b\u0159en\u00edm na stavebnictv\u00ed.<\/p>\n<p>\u00dakolem student\u016f v\u00a0tomto ro\u010dn\u00edku bylo vytvo\u0159it model stavby na t\u00e9ma \u201eN\u00e1rodn\u00ed kulturn\u00ed pam\u00e1tka \u010cesk\u00e9 republiky\u201c. Na\u0161i studenti tvo\u0159ili model z\u00e1mku Konopi\u0161t\u011b. Sout\u011b\u017en\u00ed dru\u017estvo na\u0161\u00ed \u0161koly tvo\u0159ili \u017e\u00e1ci 3. A &#8211; Milan Kedl, Miroslav Naxera, Stanislav Ma\u0161ek, \u0160t\u011bp\u00e1n P\u0159ececht\u011bl a Jakub Sadowski.<\/p>\n<p><strong>\u0160koln\u00ed rok 2014-2015<\/strong><\/p>\n<p><strong>Stavoks <\/strong>(Ing. M. Parpel) \u2013 \u00fa\u010dast \u2013 Martin Graupner (v\u011bdecko-odborn\u00e1 konference), 27.\u00a011.\u00a02014 Brno<\/p>\n<p><strong>\u00a0<\/strong><strong>StreTech 2015 <\/strong>(Ing. M. Parpel)<\/p>\n<p>\u010cesk\u00e9 vysok\u00e9 u\u010den\u00ed technick\u00e9 v Praze po\u0159\u00e1dalo ve st\u0159edu dne 10. \u010dervna 2015 setk\u00e1n\u00ed a prezentaci prac\u00ed student\u016f st\u0159edn\u00edch \u0161kol \u201e StreTech 2015\u201c. Za na\u0161\u00ed \u0161kolu se z\u00fa\u010dastnili Lenka Adamov\u00e1 a David Jen\u00edk.<\/p>\n<p><strong>Wienerberger cihl\u00e1\u0159sk\u00fd pr\u016fmysl, a. s. <\/strong>(Ing. L. Hrdinov\u00e1) \u2013 vyhla\u0161ovatel sout\u011b\u017ee o\u00a0nejlep\u0161\u00ed projekt pro studenty st\u0159edn\u00edch pr\u016fmyslov\u00fdch \u0161kol stavebn\u00edch \u2013 sout\u011b\u017ee se z\u00fa\u010dastnili a \u010destn\u00e9 uzn\u00e1n\u00ed obdr\u017eeli Jaroslav Pajdu\u010d\u00e1k a Dominik Vlasat\u00fd<\/p>\n<p><strong>Stavby z\u00a0vlnit\u00e9 lepenky <\/strong>(Ing. J. Frlausov\u00e1)<\/p>\n<p>V\u00a0leto\u0161n\u00edm \u0161koln\u00edm roce se na na\u0161\u00ed \u0161kole konala sout\u011b\u017e, kterou po\u0159\u00e1d\u00e1 Svaz v\u00fdrobc\u016f vlnit\u00fdch lepenek ve spolupr\u00e1ci se spole\u010dnost\u00ed EKO-KOM, a.s., Doln\u00ed oblast\u00ed V\u00edtkovice a pod z\u00e1\u0161titou Ministerstva \u017eivotn\u00e9ho prost\u0159ed\u00ed.\u00a0 Jednalo se ji\u017e o 9. ro\u010dn\u00edk. Projekt je ur\u010den pro studenty st\u0159edn\u00edch \u0161kol se zam\u011b\u0159en\u00edm na stavebnictv\u00ed.<\/p>\n<p>Ka\u017ed\u00e1 \u0161kola m\u011bla mo\u017enost p\u0159ihl\u00e1sit do sout\u011b\u017ee jen jednu stavbu. \u00dakolem student\u016f v\u00a0tomto ro\u010dn\u00edku bylo vytvo\u0159it model stavby na t\u00e9ma\u00a0\u201eTechnick\u00fd div \u010cesk\u00e9 republiky\u201c. Studenti tvo\u0159ili model st\u00e1vaj\u00edc\u00ed technick\u00e9 pam\u00e1tky, konkr\u00e9tn\u011b se rozhodli pro\u00a0Schillerovu rozhlednu v\u00a0Kryrech.<\/p>\n<p>Sout\u011b\u017en\u00ed dru\u017estvo na\u0161\u00ed \u0161koly tvo\u0159ili \u017e\u00e1ci Lenka Adamov\u00e1, So\u0148a Beranov\u00e1, Miroslav Naxera,\u00a0Stanislav Ma\u0161ek, Pavel Trochym\u010duk, Luk\u00e1\u0161 Skirka a Luk\u00e1\u0161 Kube\u0161a.<\/p>\n<p><strong>Mosty pro Erfurt 2015 <\/strong>(Ing. M. Parpel)<\/p>\n<p>Na z\u00e1klad\u011b spolupr\u00e1ce s In\u017een\u00fdrskou komorou Th\u00fcringen (Durynsko) se \u017e\u00e1ci 2. ro\u010dn\u00edku oboru stavebnictv\u00ed St\u0159edn\u00ed pr\u016fmyslov\u00e9 \u0161koly stavebn\u00ed a Obchodn\u00ed akademie Kada\u0148 z\u00fa\u010dastnili mezin\u00e1rodn\u00ed sout\u011b\u017ee Br\u00fccken f\u00fcr Erfurt 2015. Sout\u011b\u017e se uskute\u010dnila 27.\u00a03.\u00a02015 v\u00a0prostor\u00e1ch Fachhochschule\u00a0 v\u00a0Erfurtu za \u00fa\u010dasti 11 dru\u017estev. Model mostu postaven\u00fd kada\u0148sk\u00fdmi stava\u0159i obst\u00e1l po str\u00e1nce technick\u00e9 i estetick\u00e9 velmi dob\u0159e a v\u00a0kone\u010dn\u00e9m po\u0159ad\u00ed byl ocen\u011bn 2. m\u00edstem. Zv\u00edt\u011bzilo dru\u017estvo z\u00a0Goetheschule Ilmenau (Durynsko).<\/p>\n<p><strong>\u0160koln\u00ed rok 2013-2014<\/strong><\/p>\n<p><strong>Stavoks <\/strong>(Ing. M. Parpel) \u2013 \u00fa\u010dast \u2013 David \u0160m\u00edd (v\u011bdecko-odborn\u00e1 konference), 27. 11. 2013 Brno<\/p>\n<p><strong>StreTech 2014 <\/strong>(Ing. M. Parpel) &#8211; \u010cesk\u00e9 vysok\u00e9 u\u010den\u00ed technick\u00e9 v Praze po\u0159\u00e1dalo ve st\u0159edu dne 11. \u010dervna 2014 setk\u00e1n\u00ed a prezentaci prac\u00ed student\u016f st\u0159edn\u00edch \u0161kol \u201e StreTech 2014\u201c. Za na\u0161\u00ed \u0161kolu se z\u00fa\u010dastnili David \u0160m\u00edd,\u00a0 Karel Koub\u00edka, Martin Graupner a Michal Weiss.<\/p>\n<p><strong>\u0160koln\u00ed rok 2012-2013<\/strong><\/p>\n<p><strong>Wienerberger cihl\u00e1\u0159sk\u00fd pr\u016fmysl, a. s. (HL)<\/strong> \u2013 vyhla\u0161ovatel sout\u011b\u017ee o nejlep\u0161\u00ed projekt pro studenty st\u0159edn\u00edch pr\u016fmyslov\u00fdch \u0161kol stavebn\u00edch \u2013 sout\u011b\u017ee se z\u00fa\u010dastnili a \u010destn\u00e9 uzn\u00e1n\u00ed obdr\u017eeli David \u0160m\u00edd a Frederik Peruth.<\/p>\n<p><strong>St\u0159edo\u0161kolsk\u00e1 sout\u011b\u017e YTONG (CH)<\/strong><\/p>\n<p>Na za\u010d\u00e1tku \u0161koln\u00edho roku 2012 odstartoval ji\u017e 7. ro\u010dn\u00edk studentsk\u00e9 sout\u011b\u017ee Ytong, do kter\u00e9 se zapojili studenti t\u0159et\u00edch a \u010dtvrt\u00fdch ro\u010dn\u00edk\u016f st\u0159edn\u00edch pr\u016fmyslov\u00fdch \u0161kol zam\u011b\u0159en\u00fdch na oblast stavebnictv\u00ed. Z\u00a0na\u0161\u00ed \u0161koly m\u011bl \u00fasp\u011bch v\u00a0region\u00e1ln\u00edm i celost\u00e1tn\u00edm kole David \u0160m\u00edd, um\u00edstil se na druh\u00e9m respektive t\u0159et\u00edm m\u00edst\u011b.<\/p>\n<p><strong>Stavoks (PM)<\/strong> \u2013 \u00fa\u010dast \u2013 David \u0160m\u00edd (v\u011bdecko-odborn\u00e1 konference), 6. 12. 2012 Brno<\/p>\n<p><strong>StreTech 2013 (PM)<\/strong><\/p>\n<p>\u010cesk\u00e9 vysok\u00e9 u\u010den\u00ed technick\u00e9 v Praze po\u0159\u00e1dalo ve st\u0159edu dne 12. \u010dervna 2013 setk\u00e1n\u00ed a prezentaci prac\u00ed student\u016f st\u0159edn\u00edch \u0161kol \u201e StreTech 2013\u201c. Za na\u0161\u00ed \u0161kolu se z\u00fa\u010dastnili David \u0160m\u00edd, Frederik Peruth, Karel Koub\u00edka a Martin Graupner.<\/p>\n<p><strong>\u201eProjecting a House 2013&#8243;<\/strong><\/p>\n<p>O kada\u0148sk\u00e9 pr\u016fmyslovce bylo sly\u0161et tak\u00e9 v\u00a0zahrani\u010d\u00ed. V\u00a0mezin\u00e1rodn\u00ed sout\u011b\u017ei\u00a0 \u201eProjecting a House 2013\u201c, kter\u00e1 se uskute\u010dnila ve slovinsk\u00e9 Lublani, z\u00edskal \u017e\u00e1k 3. ro\u010dn\u00edku David \u0160m\u00edd se sv\u00fdm sout\u011b\u017en\u00edm projektem\u00a0 3. m\u00edsto, kdy\u017e diplom za 1. m\u00edsto putoval do \u0160v\u00e9dska a 2. m\u00edsto obsadili studenti ze Slovinska.<\/p>\n<p>\u00a0<\/p>\n<div id='gallery-1' class='gallery galleryid-199 gallery-columns-1 gallery-size-large'><figure class='gallery-item'>\n\t\t\t<div class='gallery-icon portrait'>\n\t\t\t\t<a href='https:\/\/www.sps-kadan.cz\/?attachment_id=532'><img width=\"497\" height=\"700\" src=\"https:\/\/www.sps-kadan.cz\/wp-content\/uploads\/2015\/01\/slovinsko_smid-497x700.jpg\" class=\"attachment-large size-large\" alt=\"\" loading=\"lazy\" srcset=\"https:\/\/www.sps-kadan.cz\/wp-content\/uploads\/2015\/01\/slovinsko_smid-497x700.jpg 497w, https:\/\/www.sps-kadan.cz\/wp-content\/uploads\/2015\/01\/slovinsko_smid-213x300.jpg 213w, https:\/\/www.sps-kadan.cz\/wp-content\/uploads\/2015\/01\/slovinsko_smid.jpg 1244w\" sizes=\"(max-width: 497px) 100vw, 497px\" \/><\/a>\n\t\t\t<\/div><\/figure>\n\t\t<\/div>\n\n<p>\u00a0<\/p>\n<p><strong>\u0160koln\u00ed rok 2011\/2012<\/strong><\/p>\n<p><strong>Wienerberger<\/strong> <strong>&#8211;\u00a0 cihl\u00e1\u0159sk\u00fd pr\u016fmysl (HL)<\/strong><\/p>\n<p>\u0160t\u011bp\u00e1n Krej\u010d\u00edk postoupil v\u00a0projektu organizovan\u00e9m firmou Wienerberger do celost\u00e1tn\u00edho kola<\/p>\n<p><strong>StreTech 2012<\/strong><\/p>\n<p>\u010cesk\u00e9 vysok\u00e9 u\u010den\u00ed technick\u00e9 v Praze po\u0159\u00e1dalo ve st\u0159edu dne 13. \u010dervna 2012 setk\u00e1n\u00ed a prezentaci prac\u00ed student\u016f st\u0159edn\u00edch \u0161kol \u201e StreTech 2012\u201c.<\/p>\n<p><strong>Stavby z\u00a0vlnit\u00e9 lepenky<\/strong><\/p>\n<p>V\u00a0leto\u0161n\u00edm \u0161koln\u00edm roce se ji\u017e pot\u0159et\u00ed konala na na\u0161\u00ed \u0161kole sout\u011b\u017e, kterou po\u0159\u00e1d\u00e1 Svaz v\u00fdrobc\u016f vlnit\u00fdch lepenek. Jednalo se ji\u017e o 6. ro\u010dn\u00edk. Projekt je ur\u010den pro studenty st\u0159edn\u00edch \u0161kol se zam\u011b\u0159en\u00edm na stavebnictv\u00ed.<\/p>\n<p>Ka\u017ed\u00e1 \u0161kola m\u011bla mo\u017enost p\u0159ihl\u00e1sit do sout\u011b\u017ee jen jednu stavbu. \u00dakolem student\u016f v\u00a0tomto ro\u010dn\u00edku bylo vytvo\u0159it model stavby na t\u00e9ma <strong>\u201e\u0160kola sn\u016f\u201c<\/strong>. Studenti tvo\u0159ili origin\u00e1ln\u00ed projekt \u0161koly, kterou by cht\u011bli m\u00edt ve m\u011bst\u011b, kde studuj\u00ed \u010di bydl\u00ed. Podstatou projektu bylo, \u017ee vytvo\u0159en\u00fd model musel b\u00fdt vytvo\u0159en v\u00fdhradn\u011b s\u00a0vyu\u017eit\u00edm vlnit\u00e9 lepenky (kartonu). Lepenku student\u016fm zdarma poskytl Svaz v\u00fdrobc\u016f vlnit\u00fdch lepenek.<\/p>\n<p>Auto\u0159i nejlep\u0161\u00ed stavby z\u00edskali ceny vysok\u00e9 finan\u010dn\u00ed hodnoty.<\/p>\n<p>Do sout\u011b\u017ee se z\u00a0na\u0161\u00ed \u0161koly p\u0159ihl\u00e1silo dvou\u010dlenn\u00e9 dru\u017estvo student\u016f <strong>Terezy Ko\u017een\u00e9 a Davida<\/strong> <strong>\u0160m\u00edda ze t\u0159\u00eddy 2.A<\/strong> \u2013 obor Stavebnictv\u00ed. Sout\u011b\u017e\u00edc\u00ed str\u00e1vili nad vym\u00fd\u0161len\u00ed a lepen\u00edm modelu des\u00edtky hodin, a to v\u00a0pr\u016fb\u011bhu druh\u00e9ho pololet\u00ed.<\/p>\n<p>Na\u0161i studenti, vzhledem k\u00a0obrovsk\u00e9 konkurenci, bohu\u017eel na stupe\u0148 v\u00edt\u011bz\u016f nedos\u00e1hli, p\u0159esto sv\u00e9 pr\u00e1ce nelitovali. Projekt byl po ukon\u010den\u00ed sout\u011b\u017ee medi\u00e1ln\u011b komunikov\u00e1n v\u00a0celost\u00e1tn\u00edch i region\u00e1ln\u00edch m\u00e9di\u00edch.<\/p>\n<p><strong><span style=\"text-decoration: underline;\">STAVOKS<\/span> \u2013 v\u011bdecko-odborn\u00e1 konference student\u016f st\u0159edn\u00edch \u0161kol<\/strong><\/p>\n<p>Veden\u00ed Stavebn\u00ed fakulty VUT v\u00a0Brn\u011b ve spolupr\u00e1ci se Studentskou komorou akademick\u00e9ho sen\u00e1tu (SKAS) po\u0159\u00e1dalo dne 3.12.2009 \u0161est\u00fd ro\u010dn\u00edk Studentsk\u00e9 v\u011bdeck\u00e9 odborn\u00e9 konference STAVOKS 2009. Z\u00e1kladn\u00edm c\u00edlem konference je umo\u017enit student\u016fm st\u0159edn\u00edch \u0161kol, kte\u0159\u00ed se cht\u011bj\u00ed ve sv\u00e9 budoucnosti orientovat na technick\u00e9 obory, prezentaci sv\u00e9 pr\u00e1ce, sezn\u00e1mit je navz\u00e1jem a\u00a0p\u0159edstavit jim Stavebn\u00ed fakultu VUT v\u00a0Brn\u011b. \u00a0V leto\u0161n\u00ed sout\u011b\u017en\u00ed p\u0159ehl\u00eddce bylo prezentov\u00e1no 29 prac\u00ed student\u016f r\u016fzn\u00fdch st\u0159edn\u00edch \u0161kol z\u00a0cel\u00e9 \u010cR (Brno, Jihlava, Havl\u00ed\u010dk\u016fv Brod, T\u0159eb\u00ed\u010d, N\u00e1chod, Liberec, Kada\u0148, Cheb a\u00a0dal\u0161\u00ed) a\u00a0tak\u00e9 ze Slovenska. Byly zastoupeny \u0161koly p\u0159edev\u0161\u00edm technick\u00e9ho charakteru, a\u00a0to se zam\u011b\u0159en\u00edm na stavebnictv\u00ed a\u00a0p\u0159\u00edrodn\u00ed v\u011bdy, z\u00fa\u010dastnili se rovn\u011b\u017e studenti gymn\u00e1zi\u00ed. Studenti SP\u0160 stavebn\u00ed \u00a0a OA Kada\u0148 \u00a0M. Graupner, M. Selinger a O. Bla\u017eek se\u00a0 z\u00fa\u010dastnili t\u00e9to konference se svou prac\u00ed z\u00a0oblasti stavebnictv\u00ed a\u00a0architektury na t\u00e9ma \u201eVliv glob\u00e1ln\u00edho oteplov\u00e1n\u00ed na architekturu budoucnosti\u201c.<\/p>\n<p><span style=\"text-decoration: underline;\"><strong>StreTech 2010<\/strong><\/span><\/p>\n<p>Setk\u00e1n\u00ed a\u00a0prezentace prac\u00ed st\u0159edo\u0161kolsk\u00fdch student\u016f a jejich st\u0159edn\u00edch \u0161kol na \u010cVUT v\u00a0Praze, z\u00fa\u010dastnili se studenti O. Bla\u017eek, M.\u00a0Graupner a M. Selinger (16. 6. 2010).<\/p>\n<p><strong>Celost\u00e1tn\u00ed projekt \u201e<span style=\"text-decoration: underline;\">Stavby z\u00a0vlnit\u00e9 lepenky<\/span>\u201c<\/strong><\/p>\n<p>Svaz v\u00fdrobc\u016f vlnit\u00fdch lepenek ve spolupr\u00e1ci se spole\u010dnost\u00ed EKOKOM a pod z\u00e1\u0161titou Ministerstva \u017eivotn\u00edho prost\u0159ed\u00ed vyhl\u00e1sila sout\u011b\u017e se zad\u00e1n\u00edm \u2013 vytvo\u0159it n\u00e1rodn\u00ed fotbalov\u00fd stadion \u2013 z\u00fa\u010dastnil se \u017e\u00e1k Jakub Majer\u010d\u00edk (3.A).<\/p>\n<p><strong>Sout\u011b\u017e \u201e<span style=\"text-decoration: underline;\">POROTHERM D\u016eM<\/span>\u201c<\/strong><\/p>\n<p>Ve \u0161koln\u00edm roce 2009\/2010 se konal nult\u00fd ro\u010dn\u00edk sout\u011b\u017ee po\u0159\u00e1dan\u00fd firmou \u201eWienerberger cihl\u00e1\u0159sk\u00fd pr\u016fmysl, a. s.\u201c o n\u00e1vrh stavby s\u00a0vyu\u017eit\u00edm syst\u00e9mu Porotherm. Sout\u011b\u017ee se z\u00fa\u010dastnili \u010dty\u0159i studenti ze t\u0159et\u00edch ro\u010dn\u00edk\u016f oboru Management ve stavebnictv\u00ed\u00a0 Pozemn\u00ed stavitelstv\u00ed. \u0160koln\u00ed kolo skon\u010dilo v\u00a0\u010dervnu 2010. V\u00a0z\u00e1\u0159\u00ed 2010 prob\u011bhne celost\u00e1tn\u00ed vyhodnocen\u00ed sout\u011b\u017ee.<\/p>\n\n\n<p><\/p>\n\n\n\n<p><\/p>\n","protected":false},"excerpt":{"rendered":"<p>\u0160koln\u00ed rok 2019 &#8211; 2020 Nejsem na sv\u011bt\u011b s\u00e1m V\u00fdtvarn\u00e1 a liter\u00e1rn\u00ed sout\u011b\u017e z\u00a0d\u00edlny Jirky \u0160ed\u00e9ho je pr\u00e1v\u011b ta prav\u00e1 pro na\u0161e \u017e\u00e1ky, kte\u0159\u00ed cht\u011bj\u00ed <a class=\"more-link\" href=\"https:\/\/www.sps-kadan.cz\/?page_id=199\">Cel\u00fd \u010dl\u00e1nek  <span class=\"screen-reader-text\">  ostatn\u00ed<\/span><span class=\"meta-nav\">&rarr;<\/span><\/a><\/p>\n","protected":false},"author":6,"featured_media":0,"parent":178,"menu_order":0,"comment_status":"closed","ping_status":"closed","template":"","meta":[],"_links":{"self":[{"href":"https:\/\/www.sps-kadan.cz\/index.php?rest_route=\/wp\/v2\/pages\/199"}],"collection":[{"href":"https:\/\/www.sps-kadan.cz\/index.php?rest_route=\/wp\/v2\/pages"}],"about":[{"href":"https:\/\/www.sps-kadan.cz\/index.php?rest_route=\/wp\/v2\/types\/page"}],"author":[{"embeddable":true,"href":"https:\/\/www.sps-kadan.cz\/index.php?rest_route=\/wp\/v2\/users\/6"}],"replies":[{"embeddable":true,"href":"https:\/\/www.sps-kadan.cz\/index.php?rest_route=%2Fwp%2Fv2%2Fcomments&post=199"}],"version-history":[{"count":5,"href":"https:\/\/www.sps-kadan.cz\/index.php?rest_route=\/wp\/v2\/pages\/199\/revisions"}],"predecessor-version":[{"id":5777,"href":"https:\/\/www.sps-kadan.cz\/index.php?rest_route=\/wp\/v2\/pages\/199\/revisions\/5777"}],"up":[{"embeddable":true,"href":"https:\/\/www.sps-kadan.cz\/index.php?rest_route=\/wp\/v2\/pages\/178"}],"wp:attachment":[{"href":"https:\/\/www.sps-kadan.cz\/index.php?rest_route=%2Fwp%2Fv2%2Fmedia&parent=199"}],"curies":[{"name":"wp","href":"https:\/\/api.w.org\/{rel}","templated":true}]}}