{"id":213,"date":"2015-01-13T19:02:34","date_gmt":"2015-01-13T18:02:34","guid":{"rendered":"http:\/\/www.sps-kadan.cz\/?page_id=213"},"modified":"2020-01-13T09:59:29","modified_gmt":"2020-01-13T08:59:29","slug":"olympiady","status":"publish","type":"page","link":"https:\/\/www.sps-kadan.cz\/?page_id=213","title":{"rendered":"Olympi\u00e1dy"},"content":{"rendered":"<header class=\"entry-header\">\n<h3 class=\"entry-title\">Celost\u00e1tn\u00ed matematick\u00e1 sout\u011b\u017e<\/h3>\n<\/header>\n<div class=\"entry-content\">\n<table width=\"100%\">\n<tbody>\n<tr>\n<td width=\"27%\">\u00a0<a href=\"https:\/\/www.sps-kadan.cz\/wp-content\/uploads\/2017\/06\/Bez-n%C3%A1zvu.png\"><img loading=\"lazy\" class=\"alignnone size-full wp-image-4574\" src=\"https:\/\/www.sps-kadan.cz\/wp-content\/uploads\/2017\/06\/Bez-n%C3%A1zvu.png\" sizes=\"(max-width: 172px) 100vw, 172px\" srcset=\"https:\/\/www.sps-kadan.cz\/wp-content\/uploads\/2017\/06\/Bez-n\u00e1zvu.png 172w, https:\/\/www.sps-kadan.cz\/wp-content\/uploads\/2017\/06\/Bez-n\u00e1zvu-150x56.png 150w\" alt=\"Bez n\u00e1zvu\" width=\"172\" height=\"64\" \/><\/a><\/td>\n<td width=\"72%\">Dvac\u00e1t\u00fd p\u00e1t\u00fd ro\u010dn\u00edk\u00a0<strong>Celost\u00e1tn\u00ed matematick\u00e9 sout\u011b\u017ee<\/strong>\u00a0se uskute\u010dnil 31. b\u0159ezna 2017 od 9:00 na Hotelov\u00e9 \u0161kole, OA\u00a0a SP\u0160 v\u00a0Teplic\u00edch<\/td>\n<\/tr>\n<\/tbody>\n<\/table>\n<p>Za na\u0161\u00ed \u0161kolu se um\u00edstil na 20. m\u00edst\u011b se 14 body\u00a0<strong>Ji\u0159\u00ed \u0160\u0165astn\u00fd z\u00a02. SM<\/strong><\/p>\n<p><a href=\"https:\/\/www.sps-kadan.cz\/wp-content\/uploads\/2017\/06\/cms_1.jpg\"><img loading=\"lazy\" class=\"alignnone size-medium wp-image-4575\" src=\"https:\/\/www.sps-kadan.cz\/wp-content\/uploads\/2017\/06\/cms_1-200x133.jpg\" sizes=\"(max-width: 200px) 100vw, 200px\" srcset=\"https:\/\/www.sps-kadan.cz\/wp-content\/uploads\/2017\/06\/cms_1-200x133.jpg 200w, https:\/\/www.sps-kadan.cz\/wp-content\/uploads\/2017\/06\/cms_1-150x100.jpg 150w, https:\/\/www.sps-kadan.cz\/wp-content\/uploads\/2017\/06\/cms_1-700x467.jpg 700w\" alt=\"cms_1\" width=\"200\" height=\"133\" \/><\/a>\u00a0\u00a0<a href=\"https:\/\/www.sps-kadan.cz\/wp-content\/uploads\/2017\/06\/cms_3.jpg\"><img loading=\"lazy\" class=\"alignnone size-medium wp-image-4577\" src=\"https:\/\/www.sps-kadan.cz\/wp-content\/uploads\/2017\/06\/cms_3-200x150.jpg\" sizes=\"(max-width: 200px) 100vw, 200px\" srcset=\"https:\/\/www.sps-kadan.cz\/wp-content\/uploads\/2017\/06\/cms_3-200x150.jpg 200w, https:\/\/www.sps-kadan.cz\/wp-content\/uploads\/2017\/06\/cms_3-150x113.jpg 150w, https:\/\/www.sps-kadan.cz\/wp-content\/uploads\/2017\/06\/cms_3-700x525.jpg 700w\" alt=\"cms_3\" width=\"200\" height=\"150\" \/><img loading=\"lazy\" class=\"alignnone size-medium wp-image-4576\" src=\"https:\/\/www.sps-kadan.cz\/wp-content\/uploads\/2017\/06\/cms_2-150x200.jpg\" sizes=\"(max-width: 150px) 100vw, 150px\" srcset=\"https:\/\/www.sps-kadan.cz\/wp-content\/uploads\/2017\/06\/cms_2-150x200.jpg 150w, https:\/\/www.sps-kadan.cz\/wp-content\/uploads\/2017\/06\/cms_2-113x150.jpg 113w, https:\/\/www.sps-kadan.cz\/wp-content\/uploads\/2017\/06\/cms_2-525x700.jpg 525w\" alt=\"cms_2\" width=\"150\" height=\"200\" \/><\/a><\/p>\n<header class=\"entry-header\">\n<h3 class=\"entry-title\">Jazykov\u00e1 olympi\u00e1da v Lounech<\/h3>\n<\/header>\n<div class=\"entry-content\">\n<div id=\"fcbkbttn_left\" class=\"fcbkbttn_buttons_block\">\n<div class=\"fcbkbttn_like \"><span style=\"font-size: 16px; font-weight: 300;\">Dne 22. b\u0159ezna 2017 se \u010dty\u0159i \u017e\u00e1ci na\u0161\u00ed \u0161koly spole\u010dn\u011b s vyu\u010duj\u00edc\u00edm z\u00fa\u010dastnili Jazykov\u00e9 olympi\u00e1dy SO\u0160 v Lounech. Sout\u011b\u017e, kter\u00e1 prob\u00edhala na m\u00edstn\u00ed Obchodn\u00ed akademii a St\u0159edn\u00ed odborn\u00e9 \u0161kole gen. F. Fajtla, byla ur\u010dena \u017e\u00e1k\u016fm 1. \u2013 3. ro\u010dn\u00edk\u016f st\u0159edn\u00edch odborn\u00fdch \u0161kol \u00dasteck\u00e9ho kraje. Sout\u011b\u017ee se z\u00fa\u010dastnilo 20 n\u011bm\u010din\u00e1\u0159\u016f a 43 angli\u010dtin\u00e1\u0159\u016f \u00dasteck\u00e9ho kraje. Obsah olympi\u00e1dy se sv\u00fdm slo\u017een\u00edm bl\u00ed\u017eil st\u00e1tn\u00ed maturit\u011b. Dv\u011b \u017e\u00e1kyn\u011b z 3. MS <\/span><strong style=\"font-size: 16px;\">Karol\u00edna Bar\u010d\u00e1kov\u00e1<\/strong><span style=\"font-size: 16px; font-weight: 300;\">\u00a0 a\u00a0<\/span><strong style=\"font-size: 16px;\">Eli\u0161ka Fil\u00e1kov\u00e1<\/strong><span style=\"font-size: 16px; font-weight: 300;\">\u00a0 reprezentovaly \u0161kolu v\u00a0n\u011bm\u010din\u011b, dva \u017e\u00e1ci z\u00a02. SM\u00a0<\/span><strong style=\"font-size: 16px;\">Tom\u00e1\u0161 \u0158ez\u00e1\u010d<\/strong><span style=\"font-size: 16px; font-weight: 300;\">\u00a0a\u00a0<\/span><strong style=\"font-size: 16px;\">Ji\u0159\u00ed \u0160\u0165astn\u00fd<\/strong><span style=\"font-size: 16px; font-weight: 300;\">\u00a0reprezentovali \u0161kolu v\u00a0angli\u010dtin\u011b. D\u011bkujeme \u00a0sout\u011b\u017e\u00edc\u00edm z\u00a0obou ro\u010dn\u00edk\u016f \u00a0za reprezentaci \u0161koly a blahop\u0159ejeme\u00a0<\/span><strong style=\"font-size: 16px;\">Karol\u00edn\u011b Bar\u010d\u00e1kov\u00e9<\/strong><span style=\"font-size: 16px; font-weight: 300;\">, kter\u00e1 jako jedin\u00e1 postoupila do \u00fastn\u00ed \u010d\u00e1sti a obsadila d\u011blen\u00e9 9. m\u00edsto v\u00a0sout\u011b\u017ei n\u011bm\u010din\u00e1\u0159\u016f a\u00a0<\/span><strong style=\"font-size: 16px;\">Tom\u00e1\u0161i \u0158ez\u00e1\u010dovi<\/strong><span style=\"font-size: 16px; font-weight: 300;\">, kter\u00fd sice do \u00fastn\u00ed \u010d\u00e1sti nepostoupil, ale obsadil 16. m\u00edsto ze 43 sout\u011b\u017e\u00edc\u00edch angli\u010dtin\u00e1\u0159\u016f. Mgr. Michal Stejskal<\/span><\/div>\n<\/div>\n<\/div>\n<\/div>\n<header class=\"entry-header\">\n<h3><\/h3>\n<h3 class=\"entry-title\">Matematick\u00fd klokan 2017<\/h3>\n<\/header>\n<div class=\"entry-content\">\n<p>V\u0161em sout\u011b\u017e\u00edc\u00edm gratuluji k\u00a0odvaze sout\u011b\u017eit v\u00a0<strong>matematice<\/strong>! A\u010d se n\u00e1m tento ro\u010dn\u00edk moc nepovedl, co se bod\u016f t\u00fd\u010de, p\u0159esto se t\u011b\u0161\u00edm na p\u0159\u00ed\u0161t\u00ed ro\u010dn\u00edk, ve\u00a0kter\u00e9m op\u011bt zv\u00edt\u011bz\u00ed chu\u0165 si zasout\u011b\u017eit. Ka\u017ed\u00fd sout\u011b\u017e\u00edc\u00ed vstupoval do sout\u011b\u017ee\u00a0<strong>s<\/strong>\u00a0<strong>24 body<\/strong>. Za\u00a0<strong>spr\u00e1vnou<\/strong>\u00a0odpov\u011b\u010f se\u00a0<strong>p\u0159i\u010d\u00edtal<\/strong>\u00a0p\u0159\u00edslu\u0161n\u00fd po\u010det bod\u016f (<strong>3<\/strong>,\u00a0<strong>4<\/strong>\u00a0nebo\u00a0<strong>5<\/strong>). Za\u00a0<strong>chybnou<\/strong>\u00a0odpov\u011b\u010f se\u00a0<strong>1<\/strong>\u00a0bod\u00a0<strong>ode\u010d\u00edtal<\/strong>. Za nezodpov\u011bzenou odpov\u011b\u010f se ani neode\u010d\u00edtal a ani nep\u0159i\u010d\u00edtal. V\u00a0kategorii\u00a0Junior\u00a0byl nej sout\u011b\u017e\u00edc\u00edm \u2013\u00a0<strong>Vojt\u011bch K\u016frka z\u00a01. A<\/strong>\u00a0se\u00a0<strong>69<\/strong>\u00a0body a\u00a0<strong>Ji\u0159\u00ed \u0160\u0165astn\u00fd z\u00a02. SM<\/strong>\u00a0se\u00a0<strong>62\u00a0<\/strong>body.V\u00a0kategorii\u00a0Student\u00a0se na prvn\u00edm m\u00edst\u011b um\u00edstil\u00a0<strong>Josef Hajm ze 4. A<\/strong>\u00a0s\u00a0<strong>59<\/strong>\u00a0body.\u00a0<em>Mgr. Romana Chorv\u00e1thov\u00e1<\/em><\/p>\n<p><a href=\"https:\/\/www.sps-kadan.cz\/wp-content\/uploads\/2017\/03\/klokan-3.jpg\"><img loading=\"lazy\" class=\"alignnone size-medium wp-image-4457\" src=\"https:\/\/www.sps-kadan.cz\/wp-content\/uploads\/2017\/03\/klokan-3-200x133.jpg\" sizes=\"(max-width: 200px) 100vw, 200px\" srcset=\"https:\/\/www.sps-kadan.cz\/wp-content\/uploads\/2017\/03\/klokan-3-200x133.jpg 200w, https:\/\/www.sps-kadan.cz\/wp-content\/uploads\/2017\/03\/klokan-3-150x100.jpg 150w, https:\/\/www.sps-kadan.cz\/wp-content\/uploads\/2017\/03\/klokan-3-700x467.jpg 700w\" alt=\"klokan (3)\" width=\"200\" height=\"133\" \/><\/a>\u00a0<a href=\"https:\/\/www.sps-kadan.cz\/wp-content\/uploads\/2017\/03\/klokan-5.jpg\"><img loading=\"lazy\" class=\"alignnone size-medium wp-image-4458\" src=\"https:\/\/www.sps-kadan.cz\/wp-content\/uploads\/2017\/03\/klokan-5-200x133.jpg\" sizes=\"(max-width: 200px) 100vw, 200px\" srcset=\"https:\/\/www.sps-kadan.cz\/wp-content\/uploads\/2017\/03\/klokan-5-200x133.jpg 200w, https:\/\/www.sps-kadan.cz\/wp-content\/uploads\/2017\/03\/klokan-5-150x100.jpg 150w, https:\/\/www.sps-kadan.cz\/wp-content\/uploads\/2017\/03\/klokan-5-700x467.jpg 700w\" alt=\"klokan (5)\" width=\"200\" height=\"133\" \/><\/a>\u00a0<a href=\"https:\/\/www.sps-kadan.cz\/wp-content\/uploads\/2017\/03\/klokan-9.jpg\"><img loading=\"lazy\" class=\"alignnone size-medium wp-image-4459\" src=\"https:\/\/www.sps-kadan.cz\/wp-content\/uploads\/2017\/03\/klokan-9-200x133.jpg\" sizes=\"(max-width: 200px) 100vw, 200px\" srcset=\"https:\/\/www.sps-kadan.cz\/wp-content\/uploads\/2017\/03\/klokan-9-200x133.jpg 200w, https:\/\/www.sps-kadan.cz\/wp-content\/uploads\/2017\/03\/klokan-9-150x100.jpg 150w, https:\/\/www.sps-kadan.cz\/wp-content\/uploads\/2017\/03\/klokan-9-700x467.jpg 700w\" alt=\"klokan (9)\" width=\"200\" height=\"133\" \/><\/a><\/p>\n<\/div>\n<header class=\"entry-header\">\n<h3 class=\"entry-title\">Op\u011bt prvn\u00ed<\/h3>\n<\/header>\n<div class=\"entry-content\">\n<p>Ji\u017e po t\u0159et\u00ed v\u00a0\u0159ad\u011b zv\u00edt\u011bzila na\u0161e \u0161kola v\u00a0okresn\u00edm kole sout\u011b\u017ee \u201eFinan\u010dn\u00ed gramotnost\u201c. Sout\u011b\u017en\u00ed t\u00fdm \u017e\u00e1k\u016f oboru Obchodn\u00ed akademie ve slo\u017een\u00ed Radim Tom\u00e1nek, Simona Posp\u00edchalov\u00e1 a Petr Kr\u00e1lik \u0159e\u0161il ot\u00e1zky z\u00a0oblast\u00ed rodinn\u00fdch, podnikov\u00fdch a ve\u0159ejn\u00fdch financ\u00ed a\u00a0pr\u00e1va. D\u011bkujeme za reprezentaci \u0161koly a p\u0159ejeme hodn\u011b \u00fasp\u011bch\u016f v\u00a0krajsk\u00e9m kole.<\/p>\n<p><a href=\"https:\/\/www.sps-kadan.cz\/wp-content\/uploads\/2017\/03\/Finan%C4%8Dn%C3%AD-gramotnost.jpg\"><img loading=\"lazy\" class=\"alignnone size-medium wp-image-4446\" src=\"https:\/\/www.sps-kadan.cz\/wp-content\/uploads\/2017\/03\/Finan%C4%8Dn%C3%AD-gramotnost-200x150.jpg\" sizes=\"(max-width: 200px) 100vw, 200px\" srcset=\"https:\/\/www.sps-kadan.cz\/wp-content\/uploads\/2017\/03\/Finan\u010dn\u00ed-gramotnost-200x150.jpg 200w, https:\/\/www.sps-kadan.cz\/wp-content\/uploads\/2017\/03\/Finan\u010dn\u00ed-gramotnost-150x113.jpg 150w, https:\/\/www.sps-kadan.cz\/wp-content\/uploads\/2017\/03\/Finan\u010dn\u00ed-gramotnost-700x525.jpg 700w\" alt=\"OLYMPUS DIGITAL CAMERA\" width=\"200\" height=\"150\" \/><\/a><\/p>\n<header class=\"entry-header\">\n<h3 class=\"entry-title\">\u0160koln\u00ed kolo olympi\u00e1dy v angli\u010dtin\u011b<\/h3>\n<\/header>\n<div class=\"entry-content\">\n<div id=\"fcbkbttn_left\" class=\"fcbkbttn_buttons_block\">\n<div class=\"fcbkbttn_like \"><span style=\"font-size: 16px; font-weight: 300;\">Ve \u010dtvrtek 26. ledna 2017 se na na\u0161\u00ed \u0161kole konalo \u0161koln\u00ed kolo olympi\u00e1dy v angli\u010dtin\u011b. 26 \u017e\u00e1k\u016f v\u0161ech obor\u016f z 1. \u2013 3. ro\u010dn\u00edku se 45 minut v\u011bnovalo vypracov\u00e1n\u00ed testu, kter\u00fd obsahoval r\u016fzn\u00e1 cvi\u010den\u00ed, nap\u0159. napsat kr\u00e1tk\u00fd p\u0159\u00edb\u011bh podle obr\u00e1zk\u016f, orientovat se na map\u011b, poznat r\u016fzn\u00e9 piktogramy, vybrat vhodn\u00fd hotel a restauraci a spr\u00e1vn\u011b pojmenovat jednotliv\u00e9 \u010d\u00e1sti lidsk\u00e9ho t\u011bla. Mezi nejlep\u0161\u00ed sout\u011b\u017e\u00edc\u00ed pat\u0159\u00ed z <\/span><strong style=\"font-size: 16px;\">1. A Vojt\u011bch\u00a0K\u016frka, 2. SM<\/strong><span style=\"font-size: 16px; font-weight: 300;\">\u00a0<\/span><strong style=\"font-size: 16px;\">Jan Mal\u00fd<\/strong><span style=\"font-size: 16px; font-weight: 300;\">\u00a0a\u00a0<\/span><strong style=\"font-size: 16px;\">3. A Michael\u00a0Musel\u00edk.\u00a0<\/strong><span style=\"font-size: 16px; font-weight: 300;\">Dva nejlep\u0161\u00ed postupuj\u00ed do okresn\u00edho kola v\u00a0Chomutov\u011b, kde budou 24. 2. 2017 na m\u00edstn\u00edm gymn\u00e1ziu reprezentovat na\u0161i \u0161kolu. U\u010ditel\u00e9 anglick\u00e9ho jazyka se t\u011b\u0161\u00ed na hojnou \u00fa\u010dast v\u00a0sout\u011b\u017ei i v\u00a0p\u0159\u00ed\u0161t\u00edm \u0161koln\u00edm roce. Mgr. Michal Stejskal<\/span><\/div>\n<\/div>\n<\/div>\n<\/div>\n<p><strong>OKRESN\u00cd KOLO OLYMPI\u00c1DY V NEJ NA SP\u0160S A OA V KADANI<\/strong><\/p>\n<p>Letos op\u011bt uv\u00edtala na\u0161e \u0161kola nejlep\u0161\u00ed n\u011bm\u010din\u00e1\u0159e z cel\u00e9ho okresu. 18.1. 2013 se na SP\u0160S a OA v Kadani konalo okresn\u00ed kolo olympi\u00e1dy v n\u011bmeck\u00e9m jazyce. V\u0161ichni sout\u011b\u017e\u00edc\u00ed celkem jich bylo 14 &#8211; prok\u00e1zali velmi dobr\u00e9 znalosti n\u011bm\u010diny, zv\u00edt\u011bzit m\u016f\u017ee v\u0161ak jen jeden. 1. m\u00edsto obsadil Kry\u0161tof Zapletal Gymn\u00e1zium Chomutov, 2. Jaroslav Stefaniv GSO\u0160 Kl\u00e1\u0161terec nad Oh\u0159\u00ed, 3. Jan Botha SP\u0160 a VO\u0160 Chomutov. \u017d\u00e1ci na\u0161\u00ed \u0161koly se na medailov\u00e1 m\u00edsta neve\u0161li. Tak snad p\u0159\u00ed\u0161t\u011b\u2026<\/p>\n<p><strong>Pisqworki\u00e1da aneb Tvrd\u00e1 odveta<\/strong><\/p>\n<p><strong>22. 12. 2011<\/strong> od 8<sup>00<\/sup> prob\u011bhla sout\u011b\u017e mezi t\u0159\u00eddami <strong>3.A<\/strong>, <strong>3.D<\/strong>, <strong>4.A<\/strong> a <strong>4.D<\/strong>.<\/p>\n<p>Sout\u011b\u017e, kter\u00e1 byla krvav\u00e1, dr\u00e1sala nervy a l\u00e1mala propisky \u2013 <strong>pIsQworky<\/strong>. \u017d\u00e1ci, kte\u0159\u00ed se t\u00e9to sout\u011b\u017ee ob\u00e1vali, se z\u00fa\u010dastnili m\u00edrn\u011bj\u0161\u00edch sout\u011b\u017e\u00ed: D\u00e1ma, \u0160achy a \u010clov\u011b\u010de, nezlob se.<\/p>\n<p>Z ka\u017ed\u00e9 sout\u011b\u017ee vze\u0161el jeden v\u00edt\u011bz:<\/p>\n<table border=\"0\">\n<tbody>\n<tr>\n<td>pIsQworky<\/td>\n<td><strong>David Prokop<\/strong>, 3.A<\/td>\n<\/tr>\n<tr>\n<td>d\u00e1ma<\/td>\n<td><strong>Honza Buchl\u00e1k<\/strong>, 3.A<\/td>\n<\/tr>\n<tr>\n<td>\u0161achy<\/td>\n<td><strong>Vojta Balog<\/strong>, 3.A<\/td>\n<\/tr>\n<tr>\n<td>\u010clov\u011b\u010de, nezlob se<\/td>\n<td><strong>Tom\u00e1\u0161 Ture\u010dek<\/strong>, 4.A<\/td>\n<\/tr>\n<\/tbody>\n<\/table>\n<div id='gallery-1' class='gallery galleryid-213 gallery-columns-2 gallery-size-medium'><figure class='gallery-item'>\n\t\t\t<div class='gallery-icon landscape'>\n\t\t\t\t<a href='https:\/\/www.sps-kadan.cz\/?attachment_id=1682'><img width=\"200\" height=\"150\" src=\"https:\/\/www.sps-kadan.cz\/wp-content\/uploads\/2015\/01\/DSC04639-200x150.jpg\" class=\"attachment-medium size-medium\" alt=\"\" loading=\"lazy\" srcset=\"https:\/\/www.sps-kadan.cz\/wp-content\/uploads\/2015\/01\/DSC04639-200x150.jpg 200w, https:\/\/www.sps-kadan.cz\/wp-content\/uploads\/2015\/01\/DSC04639-300x225.jpg 300w, https:\/\/www.sps-kadan.cz\/wp-content\/uploads\/2015\/01\/DSC04639-700x525.jpg 700w, https:\/\/www.sps-kadan.cz\/wp-content\/uploads\/2015\/01\/DSC04639.jpg 800w\" sizes=\"(max-width: 200px) 100vw, 200px\" \/><\/a>\n\t\t\t<\/div><\/figure><figure class='gallery-item'>\n\t\t\t<div class='gallery-icon landscape'>\n\t\t\t\t<a href='https:\/\/www.sps-kadan.cz\/?attachment_id=1684'><img width=\"200\" height=\"150\" src=\"https:\/\/www.sps-kadan.cz\/wp-content\/uploads\/2015\/01\/DSC04647-200x150.jpg\" class=\"attachment-medium size-medium\" alt=\"\" loading=\"lazy\" srcset=\"https:\/\/www.sps-kadan.cz\/wp-content\/uploads\/2015\/01\/DSC04647-200x150.jpg 200w, https:\/\/www.sps-kadan.cz\/wp-content\/uploads\/2015\/01\/DSC04647-300x225.jpg 300w, https:\/\/www.sps-kadan.cz\/wp-content\/uploads\/2015\/01\/DSC04647-700x525.jpg 700w, https:\/\/www.sps-kadan.cz\/wp-content\/uploads\/2015\/01\/DSC04647.jpg 800w\" sizes=\"(max-width: 200px) 100vw, 200px\" \/><\/a>\n\t\t\t<\/div><\/figure><figure class='gallery-item'>\n\t\t\t<div class='gallery-icon landscape'>\n\t\t\t\t<a href='https:\/\/www.sps-kadan.cz\/?attachment_id=1687'><img width=\"200\" height=\"150\" src=\"https:\/\/www.sps-kadan.cz\/wp-content\/uploads\/2015\/01\/DSC04650-200x150.jpg\" class=\"attachment-medium size-medium\" alt=\"\" loading=\"lazy\" srcset=\"https:\/\/www.sps-kadan.cz\/wp-content\/uploads\/2015\/01\/DSC04650-200x150.jpg 200w, https:\/\/www.sps-kadan.cz\/wp-content\/uploads\/2015\/01\/DSC04650-300x225.jpg 300w, https:\/\/www.sps-kadan.cz\/wp-content\/uploads\/2015\/01\/DSC04650-700x525.jpg 700w, https:\/\/www.sps-kadan.cz\/wp-content\/uploads\/2015\/01\/DSC04650.jpg 800w\" sizes=\"(max-width: 200px) 100vw, 200px\" \/><\/a>\n\t\t\t<\/div><\/figure><figure class='gallery-item'>\n\t\t\t<div class='gallery-icon landscape'>\n\t\t\t\t<a href='https:\/\/www.sps-kadan.cz\/?attachment_id=1688'><img width=\"200\" height=\"150\" src=\"https:\/\/www.sps-kadan.cz\/wp-content\/uploads\/2015\/01\/DSC04652-200x150.jpg\" class=\"attachment-medium size-medium\" alt=\"\" loading=\"lazy\" srcset=\"https:\/\/www.sps-kadan.cz\/wp-content\/uploads\/2015\/01\/DSC04652-200x150.jpg 200w, https:\/\/www.sps-kadan.cz\/wp-content\/uploads\/2015\/01\/DSC04652-300x225.jpg 300w, https:\/\/www.sps-kadan.cz\/wp-content\/uploads\/2015\/01\/DSC04652-700x525.jpg 700w, https:\/\/www.sps-kadan.cz\/wp-content\/uploads\/2015\/01\/DSC04652.jpg 800w\" sizes=\"(max-width: 200px) 100vw, 200px\" \/><\/a>\n\t\t\t<\/div><\/figure>\n\t\t<\/div>\n\n<p><strong>BOB\u0158\u00cdK INFORMATIKY<\/strong><\/p>\n<p><img loading=\"lazy\" class=\"aligncenter size-medium wp-image-1693\" src=\"\/wp-content\/uploads\/2015\/01\/bobrik_cz-280x300.png\" alt=\"bobrik.cz\" width=\"280\" height=\"300\" \/><\/p>\n<p>Ve dnech 7. a 8. listopadu 2011, mohli dok\u00e1zat \u017e\u00e1ci na\u0161\u00ed \u0161koly, \u017ee po\u010d\u00edta\u010de, jako takov\u00e9 a t\u00e9mata k nim p\u0159\u00edslu\u0161ej\u00edc\u00ed, jim nejsou ciz\u00ed.<\/p>\n<p>\u017d\u00e1ci se z\u00fa\u010dastnili sout\u011b\u017ee <strong>ibobr.<\/strong><\/p>\n<p>Kategorie <strong>Junior <\/strong>(1. a 2. ro\u010dn\u00edky s\u0161):<\/p>\n<table border=\"0\">\n<tbody>\n<tr>\n<td><strong>David \u0160m\u00edd, 2.A<\/strong><\/td>\n<td><strong>205<\/strong> bod\u016f<\/td>\n<\/tr>\n<tr>\n<td><strong>Frederick Peruth, 2.A<\/strong><\/td>\n<td><strong>160<\/strong> bod\u016f<\/td>\n<\/tr>\n<tr>\n<td><strong>Pavel \u0160imo, 2.A<\/strong><\/td>\n<td><strong>157 <\/strong>bod\u016f<\/td>\n<\/tr>\n<\/tbody>\n<\/table>\n<p>Kategorie <strong>Senior <\/strong>(3. a 4. ro\u010dn\u00edky s\u0161):<\/p>\n<table border=\"0\">\n<tbody>\n<tr>\n<td><strong>Honza Buchl\u00e1k, 3.A<\/strong><\/td>\n<td><strong>102<\/strong> bod\u016f<\/td>\n<\/tr>\n<tr>\n<td><strong>Roman \u010cern\u00fd, 3.A<\/strong><\/td>\n<td><strong>101 <\/strong>bod\u016f<\/td>\n<\/tr>\n<\/tbody>\n<\/table>\n<p>maxim\u00e1ln\u00ed po\u010det bod\u016f v kategori\u00edch: <strong>240<\/strong><\/p>\n<p>V krajsk\u00e9m kole skon\u010dil David \u0160m\u00edd na 85 m\u00edst\u011b. Gratulujeme!<\/p>\n<p>V\u00edce informac\u00ed naleznete na str\u00e1nk\u00e1ch sout\u011b\u017ee: <a title=\"ibobr\" href=\"http:\/\/www.ibobr.cz\/\" target=\"_blank\" rel=\"noopener noreferrer\">www.ibobr.cz<\/a><\/p>\n<div id='gallery-2' class='gallery galleryid-213 gallery-columns-2 gallery-size-medium'><figure class='gallery-item'>\n\t\t\t<div class='gallery-icon landscape'>\n\t\t\t\t<a href='https:\/\/www.sps-kadan.cz\/?attachment_id=1695'><img width=\"200\" height=\"140\" src=\"https:\/\/www.sps-kadan.cz\/wp-content\/uploads\/2015\/01\/ibobr_1-200x140.jpg\" class=\"attachment-medium size-medium\" alt=\"\" loading=\"lazy\" srcset=\"https:\/\/www.sps-kadan.cz\/wp-content\/uploads\/2015\/01\/ibobr_1-200x140.jpg 200w, https:\/\/www.sps-kadan.cz\/wp-content\/uploads\/2015\/01\/ibobr_1-300x210.jpg 300w, https:\/\/www.sps-kadan.cz\/wp-content\/uploads\/2015\/01\/ibobr_1-700x489.jpg 700w, https:\/\/www.sps-kadan.cz\/wp-content\/uploads\/2015\/01\/ibobr_1.jpg 800w\" sizes=\"(max-width: 200px) 100vw, 200px\" \/><\/a>\n\t\t\t<\/div><\/figure><figure class='gallery-item'>\n\t\t\t<div class='gallery-icon landscape'>\n\t\t\t\t<a href='https:\/\/www.sps-kadan.cz\/?attachment_id=1696'><img width=\"200\" height=\"133\" src=\"https:\/\/www.sps-kadan.cz\/wp-content\/uploads\/2015\/01\/ibobr_2-200x133.jpg\" class=\"attachment-medium size-medium\" alt=\"\" loading=\"lazy\" srcset=\"https:\/\/www.sps-kadan.cz\/wp-content\/uploads\/2015\/01\/ibobr_2-200x133.jpg 200w, https:\/\/www.sps-kadan.cz\/wp-content\/uploads\/2015\/01\/ibobr_2-300x200.jpg 300w, https:\/\/www.sps-kadan.cz\/wp-content\/uploads\/2015\/01\/ibobr_2-700x466.jpg 700w, https:\/\/www.sps-kadan.cz\/wp-content\/uploads\/2015\/01\/ibobr_2.jpg 800w\" sizes=\"(max-width: 200px) 100vw, 200px\" \/><\/a>\n\t\t\t<\/div><\/figure>\n\t\t<\/div>\n\n<p><strong>pI\u0161Qworky<\/strong><\/p>\n<div id='gallery-3' class='gallery galleryid-213 gallery-columns-1 gallery-size-medium'><figure class='gallery-item'>\n\t\t\t<div class='gallery-icon portrait'>\n\t\t\t\t<a href='https:\/\/www.sps-kadan.cz\/?attachment_id=1697'><img width=\"140\" height=\"200\" src=\"https:\/\/www.sps-kadan.cz\/wp-content\/uploads\/2015\/01\/piskvorky-140x200.jpg\" class=\"attachment-medium size-medium\" alt=\"\" loading=\"lazy\" srcset=\"https:\/\/www.sps-kadan.cz\/wp-content\/uploads\/2015\/01\/piskvorky-140x200.jpg 140w, https:\/\/www.sps-kadan.cz\/wp-content\/uploads\/2015\/01\/piskvorky-209x300.jpg 209w, https:\/\/www.sps-kadan.cz\/wp-content\/uploads\/2015\/01\/piskvorky-489x700.jpg 489w, https:\/\/www.sps-kadan.cz\/wp-content\/uploads\/2015\/01\/piskvorky.jpg 536w\" sizes=\"(max-width: 140px) 100vw, 140px\" \/><\/a>\n\t\t\t<\/div><\/figure>\n\t\t<\/div>\n\n<p><strong>7. listopadu 201<\/strong><strong>1<\/strong> zk\u0159\u00ed\u017eilo <strong>13 t\u00fdm\u016f<\/strong> sv\u00e1 pera v sout\u011b\u017ei <strong>pI\u0161Qworky<\/strong>. Na\u0161e t\u0159i t\u00fdmy tvrd\u011b soupe\u0159ily o postup do krajsk\u00e9ho kola. H\u0159eje n\u00e1s v\u011bdom\u00ed, \u017ee se jeden t\u00fdm, sestaven\u00fd z \u017e\u00e1k\u016f 3.A, um\u00edstil na <strong>t\u0159et\u00edm m\u00edst\u011b<\/strong>. \u00da\u010dastn\u00edci odj\u00ed\u017ed\u011bli s p\u0159edsevzet\u00edm, \u017ee p\u0159\u00ed\u0161t\u00ed rok bude cena na\u0161e.<\/p>\n<table border=\"0\">\n<tbody>\n<tr>\n<td><strong>Nou Nejm<\/strong>:<\/td>\n<\/tr>\n<tr>\n<td><div id='gallery-4' class='gallery galleryid-213 gallery-columns-2 gallery-size-medium'><figure class='gallery-item'>\n\t\t\t<div class='gallery-icon landscape'>\n\t\t\t\t<a href='https:\/\/www.sps-kadan.cz\/?attachment_id=1700'><img width=\"200\" height=\"133\" src=\"https:\/\/www.sps-kadan.cz\/wp-content\/uploads\/2015\/01\/DSC05315-200x133.jpg\" class=\"attachment-medium size-medium\" alt=\"\" loading=\"lazy\" aria-describedby=\"gallery-4-1700\" srcset=\"https:\/\/www.sps-kadan.cz\/wp-content\/uploads\/2015\/01\/DSC05315-200x133.jpg 200w, https:\/\/www.sps-kadan.cz\/wp-content\/uploads\/2015\/01\/DSC05315-300x200.jpg 300w, https:\/\/www.sps-kadan.cz\/wp-content\/uploads\/2015\/01\/DSC05315-700x466.jpg 700w, https:\/\/www.sps-kadan.cz\/wp-content\/uploads\/2015\/01\/DSC05315.jpg 800w\" sizes=\"(max-width: 200px) 100vw, 200px\" \/><\/a>\n\t\t\t<\/div>\n\t\t\t\t<figcaption class='wp-caption-text gallery-caption' id='gallery-4-1700'>\n\t\t\t\t3.A\n\t\t\t\t<\/figcaption><\/figure><figure class='gallery-item'>\n\t\t\t<div class='gallery-icon landscape'>\n\t\t\t\t<a href='https:\/\/www.sps-kadan.cz\/?attachment_id=1701'><img width=\"200\" height=\"130\" src=\"https:\/\/www.sps-kadan.cz\/wp-content\/uploads\/2015\/01\/pisqworky_3-200x130.jpg\" class=\"attachment-medium size-medium\" alt=\"\" loading=\"lazy\" srcset=\"https:\/\/www.sps-kadan.cz\/wp-content\/uploads\/2015\/01\/pisqworky_3-200x130.jpg 200w, https:\/\/www.sps-kadan.cz\/wp-content\/uploads\/2015\/01\/pisqworky_3-300x195.jpg 300w, https:\/\/www.sps-kadan.cz\/wp-content\/uploads\/2015\/01\/pisqworky_3-700x455.jpg 700w, https:\/\/www.sps-kadan.cz\/wp-content\/uploads\/2015\/01\/pisqworky_3.jpg 800w\" sizes=\"(max-width: 200px) 100vw, 200px\" \/><\/a>\n\t\t\t<\/div><\/figure>\n\t\t<\/div>\n<\/td>\n<\/tr>\n<tr>\n<td>Moschner P., Podlaha M.,Hlad\u00edk M., Kr\u00e1l V.,Sch\u00fcck V., \u0160amonil M.<\/td>\n<\/tr>\n<tr>\n<td><strong>Iv\u010da t\u00fdm<\/strong>:<\/td>\n<\/tr>\n<tr>\n<td><div id='gallery-5' class='gallery galleryid-213 gallery-columns-2 gallery-size-medium'><figure class='gallery-item'>\n\t\t\t<div class='gallery-icon landscape'>\n\t\t\t\t<a href='https:\/\/www.sps-kadan.cz\/?attachment_id=1705'><img width=\"200\" height=\"133\" src=\"https:\/\/www.sps-kadan.cz\/wp-content\/uploads\/2015\/01\/DSC05290-200x133.jpg\" class=\"attachment-medium size-medium\" alt=\"\" loading=\"lazy\" aria-describedby=\"gallery-5-1705\" srcset=\"https:\/\/www.sps-kadan.cz\/wp-content\/uploads\/2015\/01\/DSC05290-200x133.jpg 200w, https:\/\/www.sps-kadan.cz\/wp-content\/uploads\/2015\/01\/DSC05290-300x200.jpg 300w, https:\/\/www.sps-kadan.cz\/wp-content\/uploads\/2015\/01\/DSC05290-700x466.jpg 700w, https:\/\/www.sps-kadan.cz\/wp-content\/uploads\/2015\/01\/DSC05290.jpg 800w\" sizes=\"(max-width: 200px) 100vw, 200px\" \/><\/a>\n\t\t\t<\/div>\n\t\t\t\t<figcaption class='wp-caption-text gallery-caption' id='gallery-5-1705'>\n\t\t\t\t4.A\n\t\t\t\t<\/figcaption><\/figure><figure class='gallery-item'>\n\t\t\t<div class='gallery-icon landscape'>\n\t\t\t\t<a href='https:\/\/www.sps-kadan.cz\/?attachment_id=1708'><img width=\"200\" height=\"129\" src=\"https:\/\/www.sps-kadan.cz\/wp-content\/uploads\/2015\/01\/pisqworky_1-200x129.jpg\" class=\"attachment-medium size-medium\" alt=\"\" loading=\"lazy\" srcset=\"https:\/\/www.sps-kadan.cz\/wp-content\/uploads\/2015\/01\/pisqworky_1-200x129.jpg 200w, https:\/\/www.sps-kadan.cz\/wp-content\/uploads\/2015\/01\/pisqworky_1-300x193.jpg 300w, https:\/\/www.sps-kadan.cz\/wp-content\/uploads\/2015\/01\/pisqworky_1-700x450.jpg 700w, https:\/\/www.sps-kadan.cz\/wp-content\/uploads\/2015\/01\/pisqworky_1.jpg 800w\" sizes=\"(max-width: 200px) 100vw, 200px\" \/><\/a>\n\t\t\t<\/div><\/figure>\n\t\t<\/div>\n<\/td>\n<\/tr>\n<tr>\n<td>Vok\u00e1lek L., Nov\u00e1k L., Moln\u00e1rov\u00e1 M., Nov\u00e1k P., Kudl\u00e1\u010dek J.<\/td>\n<\/tr>\n<tr>\n<td><strong>Bad Boys<\/strong>:<\/td>\n<\/tr>\n<tr>\n<td><div id='gallery-6' class='gallery galleryid-213 gallery-columns-2 gallery-size-medium'><figure class='gallery-item'>\n\t\t\t<div class='gallery-icon landscape'>\n\t\t\t\t<a href='https:\/\/www.sps-kadan.cz\/?attachment_id=1711'><img width=\"200\" height=\"133\" src=\"https:\/\/www.sps-kadan.cz\/wp-content\/uploads\/2015\/01\/DSC05291-200x133.jpg\" class=\"attachment-medium size-medium\" alt=\"\" loading=\"lazy\" srcset=\"https:\/\/www.sps-kadan.cz\/wp-content\/uploads\/2015\/01\/DSC05291-200x133.jpg 200w, https:\/\/www.sps-kadan.cz\/wp-content\/uploads\/2015\/01\/DSC05291-300x200.jpg 300w, https:\/\/www.sps-kadan.cz\/wp-content\/uploads\/2015\/01\/DSC05291-700x466.jpg 700w, https:\/\/www.sps-kadan.cz\/wp-content\/uploads\/2015\/01\/DSC05291.jpg 800w\" sizes=\"(max-width: 200px) 100vw, 200px\" \/><\/a>\n\t\t\t<\/div><\/figure><figure class='gallery-item'>\n\t\t\t<div class='gallery-icon landscape'>\n\t\t\t\t<a href='https:\/\/www.sps-kadan.cz\/?attachment_id=1714'><img width=\"200\" height=\"133\" src=\"https:\/\/www.sps-kadan.cz\/wp-content\/uploads\/2015\/01\/pisqworky_2-200x133.jpg\" class=\"attachment-medium size-medium\" alt=\"\" loading=\"lazy\" srcset=\"https:\/\/www.sps-kadan.cz\/wp-content\/uploads\/2015\/01\/pisqworky_2-200x133.jpg 200w, https:\/\/www.sps-kadan.cz\/wp-content\/uploads\/2015\/01\/pisqworky_2-300x200.jpg 300w, https:\/\/www.sps-kadan.cz\/wp-content\/uploads\/2015\/01\/pisqworky_2-700x466.jpg 700w, https:\/\/www.sps-kadan.cz\/wp-content\/uploads\/2015\/01\/pisqworky_2.jpg 800w\" sizes=\"(max-width: 200px) 100vw, 200px\" \/><\/a>\n\t\t\t<\/div><\/figure>\n\t\t<\/div>\n<\/td>\n<\/tr>\n<tr>\n<td>Adam Z., Kratochv\u00edl R., \u0160af\u00e1\u0159 M., To\u010d\u00edk R., Salv\u00e9t M., Lerche R.<\/td>\n<\/tr>\n<\/tbody>\n<\/table>\n<p><strong>Logick\u00e1 olympi\u00e1da<\/strong><\/p>\n<div id='gallery-7' class='gallery galleryid-213 gallery-columns-2 gallery-size-medium'><figure class='gallery-item'>\n\t\t\t<div class='gallery-icon landscape'>\n\t\t\t\t<a href='https:\/\/www.sps-kadan.cz\/?attachment_id=1716'><img width=\"200\" height=\"120\" src=\"https:\/\/www.sps-kadan.cz\/wp-content\/uploads\/2015\/01\/svornik_diplom_LO-200x120.jpg\" class=\"attachment-medium size-medium\" alt=\"\" loading=\"lazy\" aria-describedby=\"gallery-7-1716\" srcset=\"https:\/\/www.sps-kadan.cz\/wp-content\/uploads\/2015\/01\/svornik_diplom_LO-200x120.jpg 200w, https:\/\/www.sps-kadan.cz\/wp-content\/uploads\/2015\/01\/svornik_diplom_LO-300x180.jpg 300w, https:\/\/www.sps-kadan.cz\/wp-content\/uploads\/2015\/01\/svornik_diplom_LO-700x421.jpg 700w, https:\/\/www.sps-kadan.cz\/wp-content\/uploads\/2015\/01\/svornik_diplom_LO.jpg 800w\" sizes=\"(max-width: 200px) 100vw, 200px\" \/><\/a>\n\t\t\t<\/div>\n\t\t\t\t<figcaption class='wp-caption-text gallery-caption' id='gallery-7-1716'>\n\t\t\t\tSvorn\u00edk diplom\n\t\t\t\t<\/figcaption><\/figure><figure class='gallery-item'>\n\t\t\t<div class='gallery-icon landscape'>\n\t\t\t\t<a href='https:\/\/www.sps-kadan.cz\/?attachment_id=1717'><img width=\"200\" height=\"141\" src=\"https:\/\/www.sps-kadan.cz\/wp-content\/uploads\/2015\/01\/LO-200x141.jpg\" class=\"attachment-medium size-medium\" alt=\"\" loading=\"lazy\" srcset=\"https:\/\/www.sps-kadan.cz\/wp-content\/uploads\/2015\/01\/LO-200x141.jpg 200w, https:\/\/www.sps-kadan.cz\/wp-content\/uploads\/2015\/01\/LO-300x211.jpg 300w, https:\/\/www.sps-kadan.cz\/wp-content\/uploads\/2015\/01\/LO-700x492.jpg 700w, https:\/\/www.sps-kadan.cz\/wp-content\/uploads\/2015\/01\/LO.jpg 800w\" sizes=\"(max-width: 200px) 100vw, 200px\" \/><\/a>\n\t\t\t<\/div><\/figure>\n\t\t<\/div>\n\n<p><strong>10. \u0159\u00edjna 2011<\/strong> prob\u011bhla sout\u011b\u017e v <strong>Logick\u00e9 olympi\u00e1d\u011b<\/strong>, kter\u00e9 se z\u00fa\u010dastnilo<strong>5327<\/strong> \u0159e\u0161itel\u016f. Z \u00dasteck\u00e9ho kraje jich bylo <strong>392<\/strong>. <strong>Tom\u00e1\u0161<\/strong> <strong>Svorn\u00edk<\/strong> ze <strong>4.D<\/strong> se stal na\u0161\u00edm nej\u00fasp\u011b\u0161n\u011bj\u0161\u00edm \u0159e\u0161itelem, kter\u00fd postoupil do krajsk\u00e9ho kola, to prob\u011bhlo <strong>4. listopadu 2011<\/strong>.<\/p>\n","protected":false},"excerpt":{"rendered":"<p>Celost\u00e1tn\u00ed matematick\u00e1 sout\u011b\u017e \u00a0 Dvac\u00e1t\u00fd p\u00e1t\u00fd ro\u010dn\u00edk\u00a0Celost\u00e1tn\u00ed matematick\u00e9 sout\u011b\u017ee\u00a0se uskute\u010dnil 31. b\u0159ezna 2017 od 9:00 na Hotelov\u00e9 \u0161kole, OA\u00a0a SP\u0160 v\u00a0Teplic\u00edch Za na\u0161\u00ed \u0161kolu se <a class=\"more-link\" href=\"https:\/\/www.sps-kadan.cz\/?page_id=213\">Cel\u00fd \u010dl\u00e1nek  <span class=\"screen-reader-text\">  Olympi\u00e1dy<\/span><span class=\"meta-nav\">&rarr;<\/span><\/a><\/p>\n","protected":false},"author":6,"featured_media":0,"parent":174,"menu_order":0,"comment_status":"closed","ping_status":"closed","template":"","meta":[],"_links":{"self":[{"href":"https:\/\/www.sps-kadan.cz\/index.php?rest_route=\/wp\/v2\/pages\/213"}],"collection":[{"href":"https:\/\/www.sps-kadan.cz\/index.php?rest_route=\/wp\/v2\/pages"}],"about":[{"href":"https:\/\/www.sps-kadan.cz\/index.php?rest_route=\/wp\/v2\/types\/page"}],"author":[{"embeddable":true,"href":"https:\/\/www.sps-kadan.cz\/index.php?rest_route=\/wp\/v2\/users\/6"}],"replies":[{"embeddable":true,"href":"https:\/\/www.sps-kadan.cz\/index.php?rest_route=%2Fwp%2Fv2%2Fcomments&post=213"}],"version-history":[{"count":2,"href":"https:\/\/www.sps-kadan.cz\/index.php?rest_route=\/wp\/v2\/pages\/213\/revisions"}],"predecessor-version":[{"id":5779,"href":"https:\/\/www.sps-kadan.cz\/index.php?rest_route=\/wp\/v2\/pages\/213\/revisions\/5779"}],"up":[{"embeddable":true,"href":"https:\/\/www.sps-kadan.cz\/index.php?rest_route=\/wp\/v2\/pages\/174"}],"wp:attachment":[{"href":"https:\/\/www.sps-kadan.cz\/index.php?rest_route=%2Fwp%2Fv2%2Fmedia&parent=213"}],"curies":[{"name":"wp","href":"https:\/\/api.w.org\/{rel}","templated":true}]}}