{"id":217,"date":"2015-01-13T19:07:07","date_gmt":"2015-01-13T18:07:07","guid":{"rendered":"http:\/\/www.sps-kadan.cz\/?page_id=217"},"modified":"2020-01-21T09:11:25","modified_gmt":"2020-01-21T08:11:25","slug":"sportovni","status":"publish","type":"page","link":"https:\/\/www.sps-kadan.cz\/?page_id=217","title":{"rendered":"Sportovn\u00ed"},"content":{"rendered":"<header class=\"entry-header\"><header class=\"entry-header\">\n<h1 class=\"entry-title\">Okresn\u00ed kolo ve futsalu<\/h1>\n<\/header>\n<div class=\"entry-content\">\n<figure class=\"wp-block-image\"><img loading=\"lazy\" width=\"489\" height=\"700\" class=\"wp-image-5789\" src=\"https:\/\/www.sps-kadan.cz\/wp-content\/uploads\/2020\/01\/Diplom-489x700.jpg\" sizes=\"(max-width: 489px) 100vw, 489px\" srcset=\"https:\/\/www.sps-kadan.cz\/wp-content\/uploads\/2020\/01\/Diplom-489x700.jpg 489w, https:\/\/www.sps-kadan.cz\/wp-content\/uploads\/2020\/01\/Diplom-105x150.jpg 105w, https:\/\/www.sps-kadan.cz\/wp-content\/uploads\/2020\/01\/Diplom-140x200.jpg 140w, https:\/\/www.sps-kadan.cz\/wp-content\/uploads\/2020\/01\/Diplom-768x1099.jpg 768w\" alt=\"\" \/><\/figure>\n<\/div>\n<p><img loading=\"lazy\" class=\"alignnone size-thumbnail wp-image-5796\" src=\"https:\/\/www.sps-kadan.cz\/wp-content\/uploads\/2020\/01\/futsal-150x100.jpg\" alt=\"\" width=\"150\" height=\"100\" srcset=\"https:\/\/www.sps-kadan.cz\/wp-content\/uploads\/2020\/01\/futsal-150x100.jpg 150w, https:\/\/www.sps-kadan.cz\/wp-content\/uploads\/2020\/01\/futsal-200x133.jpg 200w, https:\/\/www.sps-kadan.cz\/wp-content\/uploads\/2020\/01\/futsal-768x512.jpg 768w, https:\/\/www.sps-kadan.cz\/wp-content\/uploads\/2020\/01\/futsal-700x467.jpg 700w, https:\/\/www.sps-kadan.cz\/wp-content\/uploads\/2020\/01\/futsal.jpg 2000w\" sizes=\"(max-width: 150px) 100vw, 150px\" \/><img loading=\"lazy\" class=\"alignnone size-thumbnail wp-image-5797\" src=\"https:\/\/www.sps-kadan.cz\/wp-content\/uploads\/2020\/01\/futsal-1-150x100.jpg\" alt=\"\" width=\"150\" height=\"100\" srcset=\"https:\/\/www.sps-kadan.cz\/wp-content\/uploads\/2020\/01\/futsal-1-150x100.jpg 150w, https:\/\/www.sps-kadan.cz\/wp-content\/uploads\/2020\/01\/futsal-1-200x133.jpg 200w, https:\/\/www.sps-kadan.cz\/wp-content\/uploads\/2020\/01\/futsal-1-768x512.jpg 768w, https:\/\/www.sps-kadan.cz\/wp-content\/uploads\/2020\/01\/futsal-1-700x467.jpg 700w, https:\/\/www.sps-kadan.cz\/wp-content\/uploads\/2020\/01\/futsal-1.jpg 2000w\" sizes=\"(max-width: 150px) 100vw, 150px\" \/><\/p>\n<p><strong><em>V\u00a0m\u011bstsk\u00e9 sportovn\u00ed hale v\u00a0Chomutov\u011b uspo\u0159\u00e1daly SP\u0160 a VO\u0160 Chomutov a Spolek Chomutovsk\u00e1 liga mal\u00e9ho fotbalu pod z\u00e1\u0161titou A\u0160SK Chomutov turnaj ve futsalu st\u0159edn\u00edch \u0161kol. Do leto\u0161n\u00edho ro\u010dn\u00edku se p\u0159ihl\u00e1silo osm t\u00fdm\u016f a byly rozlosov\u00e1ny do dvou skupin. U\u017e z\u00e1pasy ve skupin\u00e1ch uk\u00e1zaly, \u017ee i leto\u0161n\u00ed ro\u010dn\u00edk bude kvalitn\u011b obsazen. Dva nejlep\u0161\u00ed t\u00fdmy ze skupiny postupovaly do semifin\u00e1le turnaje, dal\u0161\u00ed t\u00fdmy si zahr\u00e1ly rovnou z\u00e1pas o celkov\u00e9 um\u00edst\u011bn\u00ed. V\u00a0z\u00e1pase o sedm\u00e9 m\u00edsto vyhr\u00e1la OA Chomutov, kdy\u017e porazila Gymn\u00e1zium Kl\u00e1\u0161terec nad Oh\u0159\u00ed. V\u00a0z\u00e1pase o p\u00e1t\u00e9 m\u00edsto p\u0159ekvapiv\u011b p\u0159ehr\u00e1la S\u0160TG Chomutov (Cihl\u00e1\u0159sk\u00e1) SP\u0160 a VO\u0160 Chomutov a t\u00edm obsadila p\u00e1t\u00e9 m\u00edsto. Ob\u011b dv\u011b semifin\u00e1le byla velmi vyrovnan\u00e1. Lo\u0148sk\u00fd v\u00edt\u011bz Gymn\u00e1zium Chomutov sice vedl nad SP\u0160 a OA Kada\u0148, ale soupe\u0159 vyrovnal. V\u00a0dramatick\u00e9m z\u00e1v\u011bru se poda\u0159ilo v\u00a0p\u0159esilovce SP\u0160 a OA Kada\u0148 vst\u0159elit v\u00edt\u011bznou branku a na lo\u0148sk\u00e9ho v\u00edt\u011bze Gymn\u00e1zium Chomutov zbyl jen z\u00e1pas o t\u0159et\u00ed m\u00edsto. Druh\u00e9 semifin\u00e1le rozhodla jedin\u00e1 branka a ta posunula do fin\u00e1le turnaje S\u0160ES Chomutov (Pr\u016fhon). I z\u00e1pas o t\u0159et\u00ed m\u00edsto byl vyrovnan\u00fd, ale jedinou branku vst\u0159elila S\u0160TA Chomutov (Pra\u017esk\u00e1) a obsadila t\u0159et\u00ed m\u00edsto, \u010dtvrt\u00fd je Gymn\u00e1zium Chomutov. Fin\u00e1le turnaje p\u0159ineslo tak\u00e9 dramatickou pod\u00edvanou, kdy\u017e oba t\u00fdmy p\u0159edvedly velmi dobr\u00fd v\u00fdkon. Z\u00e1pas po z\u00e1kladn\u00ed hrac\u00ed dob\u011b skon\u010dil rem\u00edzou a n\u00e1sledovalo prodlou\u017een\u00ed. Ani to nerozhodlo a tak p\u0159i\u0161ly na \u0159adu pokutov\u00e9 kopy. V\u00a0t\u011bch m\u011bli lep\u0161\u00ed mu\u0161ku hr\u00e1\u010di SP\u0160 a OA Kada\u0148 a stali se v\u00edt\u011bzi turnaje. Druh\u00e9 m\u00edsto pat\u0159\u00ed po z\u00e1sluze S\u0160ES Chomutov (Pr\u016fhon). Nejlep\u0161\u00edm st\u0159elcem se stal Luk\u00e1\u0161 Frajt ze SP\u0160 a OA Kada\u0148, kter\u00fd vst\u0159elil \u0161est branek a rozhodl penaltov\u00fd rozst\u0159el. Nejlep\u0161\u00edm hr\u00e1\u010dem byl vyhl\u00e1\u0161en Filip Schreiner z\u00a0S\u0160ES Chomutov (Pr\u016fhon) a nejlep\u0161\u00edm brank\u00e1\u0159em David \u017divn\u016fstka z\u00a0S\u0160TA Chomutov (Pra\u017esk\u00e1). Ceny pro v\u0161echny t\u00fdmy a nejlep\u0161\u00ed jednotlivce p\u0159ed\u00e1vali za A\u0160SK Chomutov pan Ji\u0159\u00ed Kouba a za CHLMF p\u0159edseda Ji\u0159\u00ed Kupec. <\/em><\/strong><\/p>\n<h3 class=\"entry-title\">Aneta L\u00e9dlov\u00e1 reprezentovala \u010ceskou republiku na mistrovstv\u00ed sv\u011bta v Kanad\u011b<\/h3>\n<\/header>\n<div class=\"entry-content\">\n<p>Aneta L\u00e9dlov\u00e1 ze 4. ro\u010dn\u00edku obchodn\u00ed akademie p\u0159isp\u011bla sv\u00fdmi v\u00fdkony k\u00a0historick\u00e9mu \u00fasp\u011bchu \u010desk\u00fdch hokejistek na mistrovstv\u00ed sv\u011bta v\u00a0ledn\u00edm hokeji \u017een, kter\u00e9 se konalo na p\u0159elomu b\u0159ezna a dubna 2016 v\u00a0Kamloops v\u00a0Kanad\u011b. \u010cesk\u00e9 hokejistky poprv\u00e9 v\u00a0historii postoupily do \u010dtvrtfin\u00e1le a v\u00a0kone\u010dn\u00e9m po\u0159ad\u00ed obsadily 6. m\u00edsto. Aneta se v\u00a0utk\u00e1n\u00ed se \u0160v\u00e9dskem zapsala tak\u00e9 mezi st\u0159elkyn\u011b \u010desk\u00fdch branek.<\/p>\n<p><a href=\"https:\/\/www.sps-kadan.cz\/wp-content\/uploads\/2016\/04\/1.jpg\"><img loading=\"lazy\" class=\"alignnone size-medium wp-image-3884\" src=\"https:\/\/www.sps-kadan.cz\/wp-content\/uploads\/2016\/04\/1-171x200.jpg\" sizes=\"(max-width: 171px) 100vw, 171px\" srcset=\"https:\/\/www.sps-kadan.cz\/wp-content\/uploads\/2016\/04\/1-171x200.jpg 171w, https:\/\/www.sps-kadan.cz\/wp-content\/uploads\/2016\/04\/1-128x150.jpg 128w, https:\/\/www.sps-kadan.cz\/wp-content\/uploads\/2016\/04\/1-599x700.jpg 599w, https:\/\/www.sps-kadan.cz\/wp-content\/uploads\/2016\/04\/1.jpg 822w\" alt=\"1\" width=\"171\" height=\"200\" \/><\/a>\u00a0<a href=\"https:\/\/www.sps-kadan.cz\/wp-content\/uploads\/2016\/04\/2.jpg\"><img loading=\"lazy\" class=\"alignnone size-medium wp-image-3885\" src=\"https:\/\/www.sps-kadan.cz\/wp-content\/uploads\/2016\/04\/2-200x134.jpg\" sizes=\"(max-width: 200px) 100vw, 200px\" srcset=\"https:\/\/www.sps-kadan.cz\/wp-content\/uploads\/2016\/04\/2-200x134.jpg 200w, https:\/\/www.sps-kadan.cz\/wp-content\/uploads\/2016\/04\/2-150x100.jpg 150w, https:\/\/www.sps-kadan.cz\/wp-content\/uploads\/2016\/04\/2-700x469.jpg 700w, https:\/\/www.sps-kadan.cz\/wp-content\/uploads\/2016\/04\/2.jpg 960w\" alt=\"2\" width=\"200\" height=\"134\" \/><\/a>\u00a0<a href=\"https:\/\/www.sps-kadan.cz\/wp-content\/uploads\/2016\/04\/3.jpg\"><img loading=\"lazy\" class=\"alignnone size-medium wp-image-3886\" src=\"https:\/\/www.sps-kadan.cz\/wp-content\/uploads\/2016\/04\/3-200x132.jpg\" sizes=\"(max-width: 200px) 100vw, 200px\" srcset=\"https:\/\/www.sps-kadan.cz\/wp-content\/uploads\/2016\/04\/3-200x132.jpg 200w, https:\/\/www.sps-kadan.cz\/wp-content\/uploads\/2016\/04\/3-150x99.jpg 150w, https:\/\/www.sps-kadan.cz\/wp-content\/uploads\/2016\/04\/3.jpg 480w\" alt=\"3\" width=\"200\" height=\"132\" \/><\/a>\u00a0<a href=\"https:\/\/www.sps-kadan.cz\/wp-content\/uploads\/2016\/04\/4.jpg\"><img loading=\"lazy\" class=\"alignnone size-medium wp-image-3887\" src=\"https:\/\/www.sps-kadan.cz\/wp-content\/uploads\/2016\/04\/4-200x113.jpg\" sizes=\"(max-width: 200px) 100vw, 200px\" srcset=\"https:\/\/www.sps-kadan.cz\/wp-content\/uploads\/2016\/04\/4-200x113.jpg 200w, https:\/\/www.sps-kadan.cz\/wp-content\/uploads\/2016\/04\/4-150x84.jpg 150w, https:\/\/www.sps-kadan.cz\/wp-content\/uploads\/2016\/04\/4-700x394.jpg 700w, https:\/\/www.sps-kadan.cz\/wp-content\/uploads\/2016\/04\/4.jpg 800w\" alt=\"4\" width=\"200\" height=\"113\" \/><\/a><\/p>\n<\/div>\n<p><strong>V\u00e1no\u010dn\u00ed turnaj<\/strong><\/p>\n<p><strong>21. a 22. 12. 2011<\/strong> se konal V\u00e1no\u010dn\u00ed turnaj<strong> ve volejbale, fotbale a stoln\u00edm tenise.<\/strong><\/p>\n<table border=\"0\">\n<tbody>\n<tr>\n<td><a href=\"\/?attachment_id=1727\" rel=\"attachment wp-att-1727\"><img loading=\"lazy\" class=\"aligncenter size-medium wp-image-1727\" src=\"\/wp-content\/uploads\/2015\/01\/volejbal_1-300x225.jpg\" alt=\"V\u00e1no\u010dn\u00ed turnaj 2011\" width=\"300\" height=\"225\" srcset=\"https:\/\/www.sps-kadan.cz\/wp-content\/uploads\/2015\/01\/volejbal_1-300x225.jpg 300w, https:\/\/www.sps-kadan.cz\/wp-content\/uploads\/2015\/01\/volejbal_1-200x150.jpg 200w, https:\/\/www.sps-kadan.cz\/wp-content\/uploads\/2015\/01\/volejbal_1-700x525.jpg 700w, https:\/\/www.sps-kadan.cz\/wp-content\/uploads\/2015\/01\/volejbal_1.jpg 800w\" sizes=\"(max-width: 300px) 100vw, 300px\" \/><\/a><\/td>\n<td><a href=\"\/?attachment_id=1728\" rel=\"attachment wp-att-1728\"><img loading=\"lazy\" class=\"aligncenter size-medium wp-image-1728\" src=\"\/wp-content\/uploads\/2015\/01\/volejbal_3-300x225.jpg\" alt=\"V\u00e1no\u010dn\u00ed turnaj 2011\" width=\"300\" height=\"225\" srcset=\"https:\/\/www.sps-kadan.cz\/wp-content\/uploads\/2015\/01\/volejbal_3-300x225.jpg 300w, https:\/\/www.sps-kadan.cz\/wp-content\/uploads\/2015\/01\/volejbal_3-200x150.jpg 200w, https:\/\/www.sps-kadan.cz\/wp-content\/uploads\/2015\/01\/volejbal_3-700x525.jpg 700w, https:\/\/www.sps-kadan.cz\/wp-content\/uploads\/2015\/01\/volejbal_3.jpg 800w\" sizes=\"(max-width: 300px) 100vw, 300px\" \/><\/a><\/td>\n<\/tr>\n<tr>\n<td><strong>Volejbal:<\/strong><\/td>\n<td>z\u00fa\u010dastnilo se 10 t\u0159\u00edd<\/td>\n<\/tr>\n<tr>\n<td><a href=\"\/?attachment_id=1729\" rel=\"attachment wp-att-1729\"><img loading=\"lazy\" class=\"aligncenter size-medium wp-image-1729\" src=\"\/wp-content\/uploads\/2015\/01\/fotbal_1-300x225.jpg\" alt=\"V\u00e1no\u010dn\u00ed turnaj 2011\" width=\"300\" height=\"225\" srcset=\"https:\/\/www.sps-kadan.cz\/wp-content\/uploads\/2015\/01\/fotbal_1-300x225.jpg 300w, https:\/\/www.sps-kadan.cz\/wp-content\/uploads\/2015\/01\/fotbal_1-200x150.jpg 200w, https:\/\/www.sps-kadan.cz\/wp-content\/uploads\/2015\/01\/fotbal_1-700x525.jpg 700w, https:\/\/www.sps-kadan.cz\/wp-content\/uploads\/2015\/01\/fotbal_1.jpg 800w\" sizes=\"(max-width: 300px) 100vw, 300px\" \/><\/a><\/td>\n<td><a href=\"\/?attachment_id=1730\" rel=\"attachment wp-att-1730\"><img loading=\"lazy\" class=\"aligncenter size-medium wp-image-1730\" src=\"\/wp-content\/uploads\/2015\/01\/fotbal_2-300x225.jpg\" alt=\"V\u00e1no\u010dn\u00ed turnaj 2011\" width=\"300\" height=\"225\" srcset=\"https:\/\/www.sps-kadan.cz\/wp-content\/uploads\/2015\/01\/fotbal_2-300x225.jpg 300w, https:\/\/www.sps-kadan.cz\/wp-content\/uploads\/2015\/01\/fotbal_2-200x150.jpg 200w, https:\/\/www.sps-kadan.cz\/wp-content\/uploads\/2015\/01\/fotbal_2-700x525.jpg 700w, https:\/\/www.sps-kadan.cz\/wp-content\/uploads\/2015\/01\/fotbal_2.jpg 800w\" sizes=\"(max-width: 300px) 100vw, 300px\" \/><\/a><\/td>\n<\/tr>\n<tr>\n<td><strong>S\u00e1lov\u00e1 kopan\u00e1:<\/strong><\/td>\n<td><strong>1. m\u00edsto: 2.MS<\/strong><strong>2. m\u00edsto: 3.A<\/strong>\n<p>\u00a0<\/p>\n<p><strong>3. m\u00edsto: 3.MS<br \/><\/strong><\/p>\n<\/td>\n<\/tr>\n<tr>\n<td><a href=\"\/?attachment_id=1731\" rel=\"attachment wp-att-1731\"><img loading=\"lazy\" class=\"aligncenter size-medium wp-image-1731\" src=\"\/wp-content\/uploads\/2015\/01\/fotbal_3-300x225.jpg\" alt=\"V\u00e1no\u010dn\u00ed turnaj 2011\" width=\"300\" height=\"225\" srcset=\"https:\/\/www.sps-kadan.cz\/wp-content\/uploads\/2015\/01\/fotbal_3-300x225.jpg 300w, https:\/\/www.sps-kadan.cz\/wp-content\/uploads\/2015\/01\/fotbal_3-200x150.jpg 200w, https:\/\/www.sps-kadan.cz\/wp-content\/uploads\/2015\/01\/fotbal_3-700x525.jpg 700w, https:\/\/www.sps-kadan.cz\/wp-content\/uploads\/2015\/01\/fotbal_3.jpg 800w\" sizes=\"(max-width: 300px) 100vw, 300px\" \/><\/a><\/td>\n<td><a href=\"\/?attachment_id=1741\" rel=\"attachment wp-att-1741\"><img loading=\"lazy\" class=\"aligncenter size-medium wp-image-1741\" src=\"\/wp-content\/uploads\/2015\/01\/st_tenis_1-300x225.jpg\" alt=\"V\u00e1no\u010dn\u00ed turnaj 2011\" width=\"300\" height=\"225\" srcset=\"https:\/\/www.sps-kadan.cz\/wp-content\/uploads\/2015\/01\/st_tenis_1-300x225.jpg 300w, https:\/\/www.sps-kadan.cz\/wp-content\/uploads\/2015\/01\/st_tenis_1-200x150.jpg 200w, https:\/\/www.sps-kadan.cz\/wp-content\/uploads\/2015\/01\/st_tenis_1-700x525.jpg 700w, https:\/\/www.sps-kadan.cz\/wp-content\/uploads\/2015\/01\/st_tenis_1.jpg 800w\" sizes=\"(max-width: 300px) 100vw, 300px\" \/><\/a><\/td>\n<\/tr>\n<tr>\n<td><strong>Stoln\u00ed tenis:<\/strong><\/td>\n<td><strong>1. m\u00edsto: Uhl\u00edk, 2.MS<\/strong><strong>2. m\u00edsto: Kramarski, 1.A<\/strong>\n<p>\u00a0<\/p>\n<p><strong>3. m\u00edsto: Brabec, 2.D<\/strong><\/p>\n<p><strong>4. m\u00edsto: Krajovsk\u00fd, 3.A<\/strong><\/p>\n<\/td>\n<\/tr>\n<tr>\n<td><a href=\"\/?attachment_id=1742\" rel=\"attachment wp-att-1742\"><img loading=\"lazy\" class=\"aligncenter size-medium wp-image-1742\" src=\"\/wp-content\/uploads\/2015\/01\/st_tenis_2-300x225.jpg\" alt=\"V\u00e1no\u010dn\u00ed turnaj 2011\" width=\"300\" height=\"225\" srcset=\"https:\/\/www.sps-kadan.cz\/wp-content\/uploads\/2015\/01\/st_tenis_2-300x225.jpg 300w, https:\/\/www.sps-kadan.cz\/wp-content\/uploads\/2015\/01\/st_tenis_2-200x150.jpg 200w, https:\/\/www.sps-kadan.cz\/wp-content\/uploads\/2015\/01\/st_tenis_2-700x525.jpg 700w, https:\/\/www.sps-kadan.cz\/wp-content\/uploads\/2015\/01\/st_tenis_2.jpg 800w\" sizes=\"(max-width: 300px) 100vw, 300px\" \/><\/a><\/td>\n<td><a href=\"\/?attachment_id=1745\" rel=\"attachment wp-att-1745\"><img loading=\"lazy\" class=\"aligncenter size-medium wp-image-1745\" src=\"\/wp-content\/uploads\/2015\/01\/volejbal_4-300x225.jpg\" alt=\"V\u00e1no\u010dn\u00ed turnaj 2011\" width=\"300\" height=\"225\" srcset=\"https:\/\/www.sps-kadan.cz\/wp-content\/uploads\/2015\/01\/volejbal_4-300x225.jpg 300w, https:\/\/www.sps-kadan.cz\/wp-content\/uploads\/2015\/01\/volejbal_4-200x150.jpg 200w, https:\/\/www.sps-kadan.cz\/wp-content\/uploads\/2015\/01\/volejbal_4-700x525.jpg 700w, https:\/\/www.sps-kadan.cz\/wp-content\/uploads\/2015\/01\/volejbal_4.jpg 800w\" sizes=\"(max-width: 300px) 100vw, 300px\" \/><\/a><\/td>\n<\/tr>\n<tr>\n<td><strong>Volejbal:<\/strong><\/td>\n<td><strong>1. m\u00edsto: 2.A<\/strong><strong>2. m\u00edsto: 3.A<\/strong>\n<p>\u00a0<\/p>\n<p><strong>3. m\u00edsto: 3.MS<\/strong><\/p>\n<p><strong>4. m\u00edsto: 4.MS<br \/><\/strong><\/p>\n<\/td>\n<\/tr>\n<tr>\n<td><a href=\"\/?attachment_id=1746\" rel=\"attachment wp-att-1746\"><img loading=\"lazy\" class=\"aligncenter size-medium wp-image-1746\" src=\"\/wp-content\/uploads\/2015\/01\/volejbal_5-300x225.jpg\" alt=\"V\u00e1no\u010dn\u00ed turnaj 2011\" width=\"300\" height=\"225\" srcset=\"https:\/\/www.sps-kadan.cz\/wp-content\/uploads\/2015\/01\/volejbal_5-300x225.jpg 300w, https:\/\/www.sps-kadan.cz\/wp-content\/uploads\/2015\/01\/volejbal_5-200x150.jpg 200w, https:\/\/www.sps-kadan.cz\/wp-content\/uploads\/2015\/01\/volejbal_5-700x525.jpg 700w, https:\/\/www.sps-kadan.cz\/wp-content\/uploads\/2015\/01\/volejbal_5.jpg 800w\" sizes=\"(max-width: 300px) 100vw, 300px\" \/><\/a><\/td>\n<td><a href=\"\/?attachment_id=1748\" rel=\"attachment wp-att-1748\"><img loading=\"lazy\" class=\"aligncenter size-medium wp-image-1748\" src=\"\/wp-content\/uploads\/2015\/01\/vyhlaseni_1-300x225.jpg\" alt=\"1\" width=\"300\" height=\"225\" srcset=\"https:\/\/www.sps-kadan.cz\/wp-content\/uploads\/2015\/01\/vyhlaseni_1-300x225.jpg 300w, https:\/\/www.sps-kadan.cz\/wp-content\/uploads\/2015\/01\/vyhlaseni_1-200x150.jpg 200w, https:\/\/www.sps-kadan.cz\/wp-content\/uploads\/2015\/01\/vyhlaseni_1-700x525.jpg 700w, https:\/\/www.sps-kadan.cz\/wp-content\/uploads\/2015\/01\/vyhlaseni_1.jpg 800w\" sizes=\"(max-width: 300px) 100vw, 300px\" \/><\/a><\/td>\n<\/tr>\n<tr>\n<td><a href=\"\/?attachment_id=1749\" rel=\"attachment wp-att-1749\"><img loading=\"lazy\" class=\"aligncenter size-medium wp-image-1749\" src=\"\/wp-content\/uploads\/2015\/01\/vyhlaseni_2-300x225.jpg\" alt=\"2\" width=\"300\" height=\"225\" srcset=\"https:\/\/www.sps-kadan.cz\/wp-content\/uploads\/2015\/01\/vyhlaseni_2-300x225.jpg 300w, https:\/\/www.sps-kadan.cz\/wp-content\/uploads\/2015\/01\/vyhlaseni_2-200x150.jpg 200w, https:\/\/www.sps-kadan.cz\/wp-content\/uploads\/2015\/01\/vyhlaseni_2-700x525.jpg 700w, https:\/\/www.sps-kadan.cz\/wp-content\/uploads\/2015\/01\/vyhlaseni_2.jpg 800w\" sizes=\"(max-width: 300px) 100vw, 300px\" \/><\/a><\/td>\n<td><a href=\"\/?attachment_id=1750\" rel=\"attachment wp-att-1750\"><img loading=\"lazy\" class=\"aligncenter size-medium wp-image-1750\" src=\"\/wp-content\/uploads\/2015\/01\/vyhlaseni_3-300x225.jpg\" alt=\"3\" width=\"300\" height=\"225\" srcset=\"https:\/\/www.sps-kadan.cz\/wp-content\/uploads\/2015\/01\/vyhlaseni_3-300x225.jpg 300w, https:\/\/www.sps-kadan.cz\/wp-content\/uploads\/2015\/01\/vyhlaseni_3-200x150.jpg 200w, https:\/\/www.sps-kadan.cz\/wp-content\/uploads\/2015\/01\/vyhlaseni_3-700x525.jpg 700w, https:\/\/www.sps-kadan.cz\/wp-content\/uploads\/2015\/01\/vyhlaseni_3.jpg 800w\" sizes=\"(max-width: 300px) 100vw, 300px\" \/><\/a><\/td>\n<\/tr>\n<\/tbody>\n<\/table>\n<p><strong>Oslavy 60. v\u00fdro\u010d\u00ed zalo\u017een\u00ed \u0161koly<\/strong><\/p>\n<div id='gallery-1' class='gallery galleryid-217 gallery-columns-1 gallery-size-large'><figure class='gallery-item'>\n\t\t\t<div class='gallery-icon landscape'>\n\t\t\t\t<a href='https:\/\/www.sps-kadan.cz\/?attachment_id=1752'><img width=\"530\" height=\"353\" src=\"https:\/\/www.sps-kadan.cz\/wp-content\/uploads\/2015\/01\/spol-700x466.jpg\" class=\"attachment-large size-large\" alt=\"\" loading=\"lazy\" srcset=\"https:\/\/www.sps-kadan.cz\/wp-content\/uploads\/2015\/01\/spol-700x466.jpg 700w, https:\/\/www.sps-kadan.cz\/wp-content\/uploads\/2015\/01\/spol-300x200.jpg 300w, https:\/\/www.sps-kadan.cz\/wp-content\/uploads\/2015\/01\/spol-200x133.jpg 200w, https:\/\/www.sps-kadan.cz\/wp-content\/uploads\/2015\/01\/spol.jpg 800w\" sizes=\"(max-width: 530px) 100vw, 530px\" \/><\/a>\n\t\t\t<\/div><\/figure>\n\t\t<\/div>\n\n<p>Letos si na\u0161e \u0161kola, SP\u0160S a OA v Kadani, p\u0159ipom\u00edn\u00e1 60. v\u00fdro\u010d\u00ed sv\u00e9ho zalo\u017een\u00ed. A je to ji\u017e p\u011bkn\u00e1 \u0159\u00e1dka let, co do lavic zasedli prvn\u00ed \u017e\u00e1ci. Ale \u0161kola nen\u00ed jen o nich, ale i o u\u010ditel\u00edch, kte\u0159\u00ed je po dobu studia prov\u00e1zej\u00ed. A pr\u00e1v\u011b ti <strong>p\u0159ed 17-ti lety<\/strong> za\u010dali po\u0159\u00e1dat <strong>podzimn\u00ed turnaj ve volejbale<\/strong>.P\u0159i jeho zrodu byl i dlouholet\u00fd pedagog Miroslav \u010cesal, kter\u00fd byl hlavn\u00edm patronem a organiz\u00e1torem. Na jeho pam\u00e1tku dostal turnaj p\u0159ed \u0161esti lety <strong>podtitul Memori\u00e1l Miroslava \u010cesala<\/strong>.<\/p>\n<p>Tento rok se ho z\u00fa\u010dastnila \u010dty\u0159i dru\u017estva \u2013 U\u010ditel\u00e9 SP\u0160 a VO\u0160 Chomutov, Volejbal Kada\u0148, \u0160SK p\u0159i Z\u0160 Per\u0161tejn a dom\u00e1c\u00ed SP\u0160S a OA Kada\u0148. Po nel\u00edtostn\u00e9m boji se z v\u00edt\u011bzstv\u00ed radovali pr\u00e1v\u011b dom\u00e1c\u00ed, a tak putovn\u00ed poh\u00e1r z\u016fstane do p\u0159\u00ed\u0161t\u00edho podzimu doma v Kadani.<\/p>\n<p>Oslavy tedy za\u010daly velk\u00fdm \u00fasp\u011bchem, na kter\u00fd ur\u010dit\u011b nav\u00e1\u017e\u00ed i dal\u0161\u00ed akce, kter\u00e9 jsou p\u0159ipraveny.<\/p>\n<p>Turnaj se mohl uskute\u010dnit tak\u00e9 d\u00edky podpo\u0159e SRP\u0160 p\u0159i SP\u0160S a OA v Kadani a sponzor\u016f. V\u00fdznamnou m\u011brou k \u00fasp\u011bchu turnaje p\u0159isp\u011bly i prost\u0159edky z dotace z Fondu hejtmanky \u00dasteck\u00e9ho kraje pan\u00ed Jany Va\u0148hov\u00e9 k projektu Oslavy v\u00fdro\u010d\u00ed zalo\u017een\u00ed \u0161koly.<\/p>\n<p>D\u011bkujeme za podporu v\u0161em fanou\u0161k\u016fm a sponzor\u016fm.<\/p>\n<p>J. Zalab\u00e1kov\u00e1<\/p>\n<div id='gallery-2' class='gallery galleryid-217 gallery-columns-2 gallery-size-medium'><figure class='gallery-item'>\n\t\t\t<div class='gallery-icon landscape'>\n\t\t\t\t<a href='https:\/\/www.sps-kadan.cz\/?attachment_id=1754'><img width=\"200\" height=\"133\" src=\"https:\/\/www.sps-kadan.cz\/wp-content\/uploads\/2015\/01\/akce5-200x133.jpg\" class=\"attachment-medium size-medium\" alt=\"\" loading=\"lazy\" srcset=\"https:\/\/www.sps-kadan.cz\/wp-content\/uploads\/2015\/01\/akce5-200x133.jpg 200w, https:\/\/www.sps-kadan.cz\/wp-content\/uploads\/2015\/01\/akce5-300x200.jpg 300w, https:\/\/www.sps-kadan.cz\/wp-content\/uploads\/2015\/01\/akce5-700x466.jpg 700w, https:\/\/www.sps-kadan.cz\/wp-content\/uploads\/2015\/01\/akce5.jpg 800w\" sizes=\"(max-width: 200px) 100vw, 200px\" \/><\/a>\n\t\t\t<\/div><\/figure><figure class='gallery-item'>\n\t\t\t<div class='gallery-icon landscape'>\n\t\t\t\t<a href='https:\/\/www.sps-kadan.cz\/?attachment_id=1755'><img width=\"200\" height=\"133\" src=\"https:\/\/www.sps-kadan.cz\/wp-content\/uploads\/2015\/01\/akce-200x133.jpg\" class=\"attachment-medium size-medium\" alt=\"\" loading=\"lazy\" srcset=\"https:\/\/www.sps-kadan.cz\/wp-content\/uploads\/2015\/01\/akce-200x133.jpg 200w, https:\/\/www.sps-kadan.cz\/wp-content\/uploads\/2015\/01\/akce-300x200.jpg 300w, https:\/\/www.sps-kadan.cz\/wp-content\/uploads\/2015\/01\/akce-700x466.jpg 700w, https:\/\/www.sps-kadan.cz\/wp-content\/uploads\/2015\/01\/akce.jpg 800w\" sizes=\"(max-width: 200px) 100vw, 200px\" \/><\/a>\n\t\t\t<\/div><\/figure><figure class='gallery-item'>\n\t\t\t<div class='gallery-icon landscape'>\n\t\t\t\t<a href='https:\/\/www.sps-kadan.cz\/?attachment_id=1756'><img width=\"200\" height=\"133\" src=\"https:\/\/www.sps-kadan.cz\/wp-content\/uploads\/2015\/01\/akce2-200x133.jpg\" class=\"attachment-medium size-medium\" alt=\"\" loading=\"lazy\" srcset=\"https:\/\/www.sps-kadan.cz\/wp-content\/uploads\/2015\/01\/akce2-200x133.jpg 200w, https:\/\/www.sps-kadan.cz\/wp-content\/uploads\/2015\/01\/akce2-300x200.jpg 300w, https:\/\/www.sps-kadan.cz\/wp-content\/uploads\/2015\/01\/akce2-700x466.jpg 700w, https:\/\/www.sps-kadan.cz\/wp-content\/uploads\/2015\/01\/akce2.jpg 800w\" sizes=\"(max-width: 200px) 100vw, 200px\" \/><\/a>\n\t\t\t<\/div><\/figure><figure class='gallery-item'>\n\t\t\t<div class='gallery-icon landscape'>\n\t\t\t\t<a href='https:\/\/www.sps-kadan.cz\/?attachment_id=1757'><img width=\"200\" height=\"133\" src=\"https:\/\/www.sps-kadan.cz\/wp-content\/uploads\/2015\/01\/akce4-200x133.jpg\" class=\"attachment-medium size-medium\" alt=\"\" loading=\"lazy\" srcset=\"https:\/\/www.sps-kadan.cz\/wp-content\/uploads\/2015\/01\/akce4-200x133.jpg 200w, https:\/\/www.sps-kadan.cz\/wp-content\/uploads\/2015\/01\/akce4-300x200.jpg 300w, https:\/\/www.sps-kadan.cz\/wp-content\/uploads\/2015\/01\/akce4-700x466.jpg 700w, https:\/\/www.sps-kadan.cz\/wp-content\/uploads\/2015\/01\/akce4.jpg 800w\" sizes=\"(max-width: 200px) 100vw, 200px\" \/><\/a>\n\t\t\t<\/div><\/figure><figure class='gallery-item'>\n\t\t\t<div class='gallery-icon portrait'>\n\t\t\t\t<a href='https:\/\/www.sps-kadan.cz\/?attachment_id=1758'><img width=\"133\" height=\"200\" src=\"https:\/\/www.sps-kadan.cz\/wp-content\/uploads\/2015\/01\/akce3-133x200.jpg\" class=\"attachment-medium size-medium\" alt=\"\" loading=\"lazy\" srcset=\"https:\/\/www.sps-kadan.cz\/wp-content\/uploads\/2015\/01\/akce3-133x200.jpg 133w, https:\/\/www.sps-kadan.cz\/wp-content\/uploads\/2015\/01\/akce3-200x300.jpg 200w, https:\/\/www.sps-kadan.cz\/wp-content\/uploads\/2015\/01\/akce3-466x700.jpg 466w, https:\/\/www.sps-kadan.cz\/wp-content\/uploads\/2015\/01\/akce3.jpg 533w\" sizes=\"(max-width: 133px) 100vw, 133px\" \/><\/a>\n\t\t\t<\/div><\/figure>\n\t\t<\/div>\n\n\n\n<figure class=\"wp-block-image\"><img alt=\"\"\/><\/figure>\n","protected":false},"excerpt":{"rendered":"<p>Okresn\u00ed kolo ve futsalu V\u00a0m\u011bstsk\u00e9 sportovn\u00ed hale v\u00a0Chomutov\u011b uspo\u0159\u00e1daly SP\u0160 a VO\u0160 Chomutov a Spolek Chomutovsk\u00e1 liga mal\u00e9ho fotbalu pod z\u00e1\u0161titou A\u0160SK Chomutov turnaj ve <a class=\"more-link\" href=\"https:\/\/www.sps-kadan.cz\/?page_id=217\">Cel\u00fd \u010dl\u00e1nek  <span class=\"screen-reader-text\">  Sportovn\u00ed<\/span><span class=\"meta-nav\">&rarr;<\/span><\/a><\/p>\n","protected":false},"author":6,"featured_media":0,"parent":174,"menu_order":0,"comment_status":"closed","ping_status":"closed","template":"","meta":[],"_links":{"self":[{"href":"https:\/\/www.sps-kadan.cz\/index.php?rest_route=\/wp\/v2\/pages\/217"}],"collection":[{"href":"https:\/\/www.sps-kadan.cz\/index.php?rest_route=\/wp\/v2\/pages"}],"about":[{"href":"https:\/\/www.sps-kadan.cz\/index.php?rest_route=\/wp\/v2\/types\/page"}],"author":[{"embeddable":true,"href":"https:\/\/www.sps-kadan.cz\/index.php?rest_route=\/wp\/v2\/users\/6"}],"replies":[{"embeddable":true,"href":"https:\/\/www.sps-kadan.cz\/index.php?rest_route=%2Fwp%2Fv2%2Fcomments&post=217"}],"version-history":[{"count":4,"href":"https:\/\/www.sps-kadan.cz\/index.php?rest_route=\/wp\/v2\/pages\/217\/revisions"}],"predecessor-version":[{"id":5801,"href":"https:\/\/www.sps-kadan.cz\/index.php?rest_route=\/wp\/v2\/pages\/217\/revisions\/5801"}],"up":[{"embeddable":true,"href":"https:\/\/www.sps-kadan.cz\/index.php?rest_route=\/wp\/v2\/pages\/174"}],"wp:attachment":[{"href":"https:\/\/www.sps-kadan.cz\/index.php?rest_route=%2Fwp%2Fv2%2Fmedia&parent=217"}],"curies":[{"name":"wp","href":"https:\/\/api.w.org\/{rel}","templated":true}]}}