{"id":436,"date":"2015-01-15T19:25:13","date_gmt":"2015-01-15T18:25:13","guid":{"rendered":"http:\/\/www.sps-kadan.cz\/?page_id=436"},"modified":"2019-02-25T12:48:24","modified_gmt":"2019-02-25T11:48:24","slug":"skolni-rok-20122013","status":"publish","type":"page","link":"https:\/\/www.sps-kadan.cz\/?page_id=436","title":{"rendered":"\u0160koln\u00ed rok 2012\/2013"},"content":{"rendered":"<p>Dne 14. 6. 2013 v P\u00edsku prob\u011bhlo v r\u00e1mci slavnosti ,,Dotkni se P\u00edsku 2013\u201c, vyhl\u00e1\u0161en\u00ed celost\u00e1tn\u00edho kola 7. ro\u010dn\u00edku sout\u011b\u017ee v projektov\u00e1n\u00ed Ytong, kterou po\u0159\u00e1d\u00e1 spole\u010dnost Xella CZ.\u201c, za p\u0159\u00edtomnosti starosty m\u011bsta P\u00edsku JUDr. Ond\u0159eje Vesel\u00e9ho a PaedDr. Hany \u0160im\u00e1nov\u00e9, marketingov\u00e9ho specialisty CZ SK, kte\u0159\u00ed sou\u010dasn\u011b p\u0159ed\u00e1vali ceny ocen\u011bn\u00fdm. Na hodnocen\u00ed prac\u00ed se pod\u00edlela porota ve slo\u017een\u00ed: Ing. arch. Jarom\u00edr Kro\u010d\u00e1k, Ing. arch. Ale\u0161 Van\u011bk, Ing. Radek Sazama a Michal P\u0159\u00edv\u011btiv\u00fd. Kone\u010dn\u00e9 po\u0159ad\u00ed: 1. m\u00edsto \u2013 David Skalick\u00fd, SP\u0160S Hradec Kr\u00e1lov\u00e9, 2. m\u00edsto \u2013 Tade\u00e1\u0161 Hlav\u00e1\u010dek, SP\u0160S Opava, 3. m\u00edsto &#8211; David \u0160m\u00edd, SP\u0160S a OA Kada\u0148 s projektem rodinn\u00e9ho domu, kter\u00fd pojmenoval \u2013 The Minihouse (minimalistick\u00fd d\u016fm YTONG). Akce byla zakon\u010dena p\u0159\u00e1telsk\u00fdm setk\u00e1n\u00edm sout\u011b\u017e\u00edc\u00edch, vedouc\u00edch projekt\u016f a \u010dlen\u016f poroty.<\/p>\n<div id='gallery-1' class='gallery galleryid-436 gallery-columns-1 gallery-size-large'><figure class='gallery-item'>\n\t\t\t<div class='gallery-icon landscape'>\n\t\t\t\t<a href='https:\/\/www.sps-kadan.cz\/?attachment_id=522'><img width=\"530\" height=\"398\" src=\"https:\/\/www.sps-kadan.cz\/wp-content\/uploads\/2015\/01\/IMG_0395-700x525.jpg\" class=\"attachment-large size-large\" alt=\"\" loading=\"lazy\" srcset=\"https:\/\/www.sps-kadan.cz\/wp-content\/uploads\/2015\/01\/IMG_0395-700x525.jpg 700w, https:\/\/www.sps-kadan.cz\/wp-content\/uploads\/2015\/01\/IMG_0395-300x225.jpg 300w\" sizes=\"(max-width: 530px) 100vw, 530px\" \/><\/a>\n\t\t\t<\/div><\/figure>\n\t\t<\/div>\n\n<p>&nbsp;<\/p>\n<p><strong>Kada\u0148\u0161t\u00ed stava\u0159i se neztratili\u00a0 ani v\u00a0leto\u0161n\u00edm ro\u010dn\u00edku St\u0159edo\u0161kolsk\u00e9 odborn\u00e9 \u010dinnosti<\/strong><\/p>\n<p>Po povinn\u00fdch prvn\u00edch t\u0159ech m\u00edstech v\u00a0okresn\u00edm kole, kter\u00e9 se poprv\u00e9 konalo v\u00a0nov\u00fdch prostor\u00e1ch SP\u0160S a OA v\u00a0Kadani, z\u00edskali 2.,\u00a04. a 5. m\u00edsto v\u00a0r\u00e1mci krajsk\u00e9 p\u0159ehl\u00eddky SO\u010c v\u00a0\u00dast\u00ed nad Labem.<\/p>\n<p>&nbsp;<\/p>\n<p>V\u00fdsledky\u00a0 Krajsk\u00e9 p\u0159ehl\u00eddky SO\u010c:<\/p>\n<p><b>2. m\u00edsto<\/b>: David \u0160m\u00edd: Smetanova galerie modern\u00edho um\u011bn\u00ed<\/p>\n<p><b>4. m\u00edsto<\/b>: Martin Graupner, Karel Koub\u00edk: Zelen\u00e9 st\u0159echy<\/p>\n<p><b>5.-6. m\u00edsto<\/b>: David \u0160m\u00edd, Frederick Peruth: Smetanova galerie modern\u00edho um\u011bn\u00ed<\/p>\n<div id='gallery-2' class='gallery galleryid-436 gallery-columns-2 gallery-size-medium'><figure class='gallery-item'>\n\t\t\t<div class='gallery-icon landscape'>\n\t\t\t\t<a href='https:\/\/www.sps-kadan.cz\/?attachment_id=526'><img width=\"200\" height=\"133\" src=\"https:\/\/www.sps-kadan.cz\/wp-content\/uploads\/2015\/01\/Slavnostn_veer_2485-300x200.jpg\" class=\"attachment-medium size-medium\" alt=\"\" loading=\"lazy\" aria-describedby=\"gallery-2-526\" srcset=\"https:\/\/www.sps-kadan.cz\/wp-content\/uploads\/2015\/01\/Slavnostn_veer_2485-300x200.jpg 300w, https:\/\/www.sps-kadan.cz\/wp-content\/uploads\/2015\/01\/Slavnostn_veer_2485-700x467.jpg 700w, https:\/\/www.sps-kadan.cz\/wp-content\/uploads\/2015\/01\/Slavnostn_veer_2485.jpg 1200w\" sizes=\"(max-width: 200px) 100vw, 200px\" \/><\/a>\n\t\t\t<\/div>\n\t\t\t\t<figcaption class='wp-caption-text gallery-caption' id='gallery-2-526'>\n\t\t\t\tSlavnostn\u00ed ve\u010der\n\t\t\t\t<\/figcaption><\/figure><figure class='gallery-item'>\n\t\t\t<div class='gallery-icon portrait'>\n\t\t\t\t<a href='https:\/\/www.sps-kadan.cz\/?attachment_id=527'><img width=\"135\" height=\"200\" src=\"https:\/\/www.sps-kadan.cz\/wp-content\/uploads\/2015\/01\/Slavnostn_veer_2488-202x300.jpg\" class=\"attachment-medium size-medium\" alt=\"\" loading=\"lazy\" aria-describedby=\"gallery-2-527\" srcset=\"https:\/\/www.sps-kadan.cz\/wp-content\/uploads\/2015\/01\/Slavnostn_veer_2488-202x300.jpg 202w, https:\/\/www.sps-kadan.cz\/wp-content\/uploads\/2015\/01\/Slavnostn_veer_2488-471x700.jpg 471w, https:\/\/www.sps-kadan.cz\/wp-content\/uploads\/2015\/01\/Slavnostn_veer_2488.jpg 807w\" sizes=\"(max-width: 135px) 100vw, 135px\" \/><\/a>\n\t\t\t<\/div>\n\t\t\t\t<figcaption class='wp-caption-text gallery-caption' id='gallery-2-527'>\n\t\t\t\tSlavnostn\u00ed ve\u010der\n\t\t\t\t<\/figcaption><\/figure>\n\t\t<\/div>\n\n<p>&nbsp;<\/p>\n<p><strong>Jubilejn\u00ed 10. v\u00edt\u011bzstv\u00ed v Karlov\u00fdch Varech<\/strong><\/p>\n<p>Ve dnech\u00a06. a 7. \u010dervna 2013 se t\u0159\u00ed\u010dlenn\u00e9 dru\u017estvo \u017e\u00e1k\u016f 3. ro\u010dn\u00edku oboru Stavebnictv\u00ed ze SP\u0160S a OA v Kadani \u2013 ve slo\u017een\u00ed David \u0160m\u00edd, Marek Potrebuje\u0161 a Frederick Peruth \u2013 z\u00fa\u010dastnilo ji\u017e 17. ro\u010dn\u00edku sout\u011b\u017ee St\u0159edn\u00edch pr\u016fmyslov\u00fdch \u0161kol stavebn\u00edch konan\u00e9 v\u00a0r\u00e1mci Dn\u016f stavitelstv\u00ed a architektury Karlovarsk\u00e9ho kraje.<\/p>\n<p>Do sout\u011b\u017ee se letos p\u0159ihl\u00e1silo rekordn\u00edch 8 \u0161kol ze t\u0159\u00ed kraj\u016f\u00a0 Plze\u0148sk\u00e9ho, Karlovarsk\u00e9ho a \u00dasteck\u00e9ho Leto\u0161n\u00ed sout\u011b\u017e tak byla z\u0159ejm\u011b nejn\u00e1ro\u010dn\u011bj\u0161\u00ed v\u00a0dosavadn\u00ed historii. Prvn\u00ed m\u00edsto se poda\u0159ilo vybojovat \u2013 ji\u017e podes\u00e1t\u00e9 &#8211; reprezentaci Kadan\u011b s\u00a0n\u00e1skokem 10 bod\u016f p\u0159ed SP\u0160S Plze\u0148, na 3. m\u00edst\u011b skon\u010dila IS\u0160TE Sokolov. V hodnocen\u00ed ro\u010dn\u00edkov\u00fdch projekt\u016f byl\u00a0 David \u0160m\u00edd\u00a0 p\u0159i obhajob\u011b projektu op\u011bt nejlep\u0161\u00ed\u00a0 a z\u00edskal rozhoduj\u00edc\u00ed body pro t\u00fdm. Soub\u011b\u017en\u011b se sout\u011b\u017e\u00ed prob\u00edhala\u00a0 18. mezin\u00e1rodn\u00ed konference, letos p\u0159\u00edhodn\u011b na t\u00e9ma \u201ePovode\u0148 a m\u011bsto\u201c.\u00a0 Sou\u010d\u00e1st\u00ed Dn\u016f stavitelstv\u00ed a architektury bylo tak\u00e9 ocen\u011bn\u00ed nejlep\u0161\u00edch staveb Karlovarsk\u00e9ho kraje. Vrcholem cel\u00e9 akce byl spole\u010densk\u00fd ve\u010der v M\u011bstsk\u00e9m divadle Karlovy Vary, kde prob\u011bhlo vyhl\u00e1\u0161en\u00ed v\u00fdsledk\u016f sout\u011b\u017ee a ocen\u011bn\u00ed nejlep\u0161\u00edch staveb.<\/p>\n<div id='gallery-3' class='gallery galleryid-436 gallery-columns-2 gallery-size-medium'><figure class='gallery-item'>\n\t\t\t<div class='gallery-icon landscape'>\n\t\t\t\t<a href='https:\/\/www.sps-kadan.cz\/?attachment_id=528'><img width=\"200\" height=\"150\" src=\"https:\/\/www.sps-kadan.cz\/wp-content\/uploads\/2015\/01\/foto2-300x225.jpg\" class=\"attachment-medium size-medium\" alt=\"\" loading=\"lazy\" aria-describedby=\"gallery-3-528\" srcset=\"https:\/\/www.sps-kadan.cz\/wp-content\/uploads\/2015\/01\/foto2-300x225.jpg 300w, https:\/\/www.sps-kadan.cz\/wp-content\/uploads\/2015\/01\/foto2-700x525.jpg 700w\" sizes=\"(max-width: 200px) 100vw, 200px\" \/><\/a>\n\t\t\t<\/div>\n\t\t\t\t<figcaption class='wp-caption-text gallery-caption' id='gallery-3-528'>\n\t\t\t\tSlavnostn\u00ed ve\u010der\n\t\t\t\t<\/figcaption><\/figure><figure class='gallery-item'>\n\t\t\t<div class='gallery-icon landscape'>\n\t\t\t\t<a href='https:\/\/www.sps-kadan.cz\/?attachment_id=529'><img width=\"200\" height=\"150\" src=\"https:\/\/www.sps-kadan.cz\/wp-content\/uploads\/2015\/01\/foto_sout-300x225.jpg\" class=\"attachment-medium size-medium\" alt=\"\" loading=\"lazy\" srcset=\"https:\/\/www.sps-kadan.cz\/wp-content\/uploads\/2015\/01\/foto_sout-300x225.jpg 300w, https:\/\/www.sps-kadan.cz\/wp-content\/uploads\/2015\/01\/foto_sout-700x525.jpg 700w\" sizes=\"(max-width: 200px) 100vw, 200px\" \/><\/a>\n\t\t\t<\/div><\/figure>\n\t\t<\/div>\n\n<p><a href=\"http:\/\/www.kr-ustecky.cz\/skolstvi-mladez-a-sport.asp\" target=\"_blank\" rel=\"noopener noreferrer\" class=\"broken_link\">http:\/\/www.kr-ustecky.cz\/skolstvi-mladez-a-sport.asp<\/a><\/p>\n<p><strong>David \u0160m\u00edd bronzov\u00fd ve Slovinsku<\/strong><\/p>\n<p>O kada\u0148sk\u00e9 pr\u016fmyslovce bylo sly\u0161et tak\u00e9 v\u00a0zahrani\u010d\u00ed. V\u00a0mezin\u00e1rodn\u00ed sout\u011b\u017ei\u00a0 \u201eProjecting a House 2013\u201c, kter\u00e1 se uskute\u010dnila ve slovinsk\u00e9 Lublani, z\u00edskal \u017e\u00e1k 3. ro\u010dn\u00edku David \u0160m\u00edd se sv\u00fdm sout\u011b\u017en\u00edm projektem\u00a0 3. m\u00edsto, kdy\u017e diplom za 1. m\u00edsto putoval do \u0160v\u00e9dska a 2. m\u00edsto obsadili studenti ze Slovinska.<\/p>\n<div id='gallery-4' class='gallery galleryid-436 gallery-columns-1 gallery-size-medium'><figure class='gallery-item'>\n\t\t\t<div class='gallery-icon portrait'>\n\t\t\t\t<a href='https:\/\/www.sps-kadan.cz\/?attachment_id=532'><img width=\"142\" height=\"200\" src=\"https:\/\/www.sps-kadan.cz\/wp-content\/uploads\/2015\/01\/slovinsko_smid-213x300.jpg\" class=\"attachment-medium size-medium\" alt=\"\" loading=\"lazy\" srcset=\"https:\/\/www.sps-kadan.cz\/wp-content\/uploads\/2015\/01\/slovinsko_smid-213x300.jpg 213w, https:\/\/www.sps-kadan.cz\/wp-content\/uploads\/2015\/01\/slovinsko_smid-497x700.jpg 497w, https:\/\/www.sps-kadan.cz\/wp-content\/uploads\/2015\/01\/slovinsko_smid.jpg 1244w\" sizes=\"(max-width: 142px) 100vw, 142px\" \/><\/a>\n\t\t\t<\/div><\/figure>\n\t\t<\/div>\n\n<p>&nbsp;<\/p>\n<p>&nbsp;<\/p>\n<p><strong>Sout\u011b\u017e Wienerberger cihl\u00e1\u0159sk\u00fd pr\u016fmysl, a.s. o nejlep\u0161\u00ed projekt<\/strong><\/p>\n<p><strong>SKENY DIPLOM\u016e:<\/strong><\/p>\n<p>&nbsp;<\/p>\n<p><b><a href=\"\/wp-content\/uploads\/2015\/01\/smid_diplom.jpg\" target=\"_blank\" rel=\"noopener noreferrer\">DAVID \u0160M\u00cdD<\/a><\/b><\/p>\n<p><b><a href=\"\/wp-content\/uploads\/2015\/01\/peruth_diplom.jpg\" target=\"_blank\" rel=\"noopener noreferrer\">FREDERICK PERUTH<\/a><\/b><\/p>\n<p>&nbsp;<\/p>\n<p><b>OSEK 2013<\/b><\/p>\n<p align=\"center\">Spolupr\u00e1ce n\u011bmeck\u00fdch a \u010desk\u00fdch student\u016f na oprav\u011b kl\u00e1\u0161tera v\u00a0Oseku<\/p>\n<p align=\"center\"><b>\u017d\u00e1ci SP\u0160S a OA Kada\u0148 op\u011bt p\u0159ilo\u017eili ruku k d\u00edlu<\/b><\/p>\n<p>Ve dnech 10. &#8211; 14. \u010dervna 2013 se konal dal\u0161\u00ed \u201e\u010cesko-n\u011bmeck\u00fd kemp\u201c v\u00a0Oseku. Op\u011bt jsme pom\u00e1hali p\u0159i renovaci m\u00edstn\u00edho kl\u00e1\u0161tera\u00a0 za spolupr\u00e1ce n\u011bmeck\u00fdch u\u010d\u0148\u016f\u00a0 \u201eTechnische Universit\u00e4t Chemnitz\u201c.<\/p>\n<p>Prvn\u00ed den jsme se sezn\u00e1mili se sv\u00fdmi n\u011bmeck\u00fdmi \u201espolupracovn\u00edky\u201c a s\u00a0provozn\u00edm \u0159\u00e1dem kl\u00e1\u0161tera. Pot\u00e9 jsme se vydali za sv\u00fdmi prvn\u00edmi povinnostmi. N\u00e1sleduj\u00edc\u00ed dny jsme se pod\u00edleli spole\u010dn\u00fdmi silami na drobn\u00fdch \u00faprav\u00e1ch a oprav\u00e1ch interi\u00e9ru kl\u00e1\u0161tera. Ve voln\u00e9m \u010dase jsme spole\u010dn\u011b sch\u00e1zeli p\u0159i venkovn\u00edm grilov\u00e1n\u00ed, hr\u00e1li r\u016fzn\u00e9 spole\u010densk\u00e9 hry, prohl\u00e9dli jsme si z\u0159\u00edceninu Hradu Osek a je\u0161t\u011b se stihli vykoupat m\u00edstn\u00edm koupali\u0161ti. V\u00a0pr\u016fb\u011bhu na\u0161eho pracovn\u00edho pobytu n\u00e1s spr\u00e1vce kl\u00e1\u0161tera\u00a0MVDr. Jind\u0159ich Koska provedl po r\u016fzn\u00fdch z\u00e1kout\u00edch are\u00e1lu a zahr\u00e1l n\u00e1m i na varhany, kter\u00e9 se nach\u00e1zej\u00ed v\u00a0kostele, jen\u017e je sou\u010d\u00e1st\u00ed kl\u00e1\u0161tera. Posledn\u00ed den se dopoledne je\u0161t\u011b pracovalo a po ob\u011bd\u011b jsme se v\u0161ichni rozlou\u010dili a vydali se na cestu dom\u016f.<\/p>\n<p>Ji\u0159\u00ed Cmunt, 3.D<\/p>\n<div id='gallery-5' class='gallery galleryid-436 gallery-columns-1 gallery-size-medium'><figure class='gallery-item'>\n\t\t\t<div class='gallery-icon landscape'>\n\t\t\t\t<a href='https:\/\/www.sps-kadan.cz\/?attachment_id=529'><img width=\"200\" height=\"150\" src=\"https:\/\/www.sps-kadan.cz\/wp-content\/uploads\/2015\/01\/foto_sout-300x225.jpg\" class=\"attachment-medium size-medium\" alt=\"\" loading=\"lazy\" srcset=\"https:\/\/www.sps-kadan.cz\/wp-content\/uploads\/2015\/01\/foto_sout-300x225.jpg 300w, https:\/\/www.sps-kadan.cz\/wp-content\/uploads\/2015\/01\/foto_sout-700x525.jpg 700w\" sizes=\"(max-width: 200px) 100vw, 200px\" \/><\/a>\n\t\t\t<\/div><\/figure>\n\t\t<\/div>\n\n<p><strong>Exkurze do tepeln\u00e9 elektr\u00e1rny Tu\u0161imice II<\/strong><\/p>\n<p>&nbsp;<\/p>\n<p>V\u00a0r\u00e1mci projektu \u201e Nebojte se matematiky\u201c se \u017e\u00e1ci ze St\u0159edn\u00ed pr\u016fmyslov\u00e9 \u0161koly stavebn\u00ed a Obchodn\u00ed akademie Kada\u0148 \u00a0z\u00fa\u010dastnili n\u011bkolika exkurz\u00ed do nedalek\u00e9, nov\u011b zrekonstruovan\u00e9 tepeln\u00e9 elektr\u00e1rny v\u00a0Tu\u0161imic\u00edch. Na exkurze, kter\u00e9 byly celkem \u010dty\u0159i odjelo \u0161est t\u0159\u00edd z\u00a0na\u0161\u00ed \u0161koly. 22. 3. 2013 to byly t\u0159\u00eddy 2. MS a 2. D, 27. 3. 2013 t\u0159\u00edda 3. A, 5. 4. 2013 3. MS a 3. D a posledn\u00ed 25. 4. 2013 t\u0159\u00edda 2. A.<\/p>\n<p>Po p\u0159\u00edjezdu do are\u00e1lu elektr\u00e1rny, byli \u017e\u00e1ci pomoc\u00ed prezentace sezn\u00e1meni s\u00a0histori\u00ed a sou\u010dasnost\u00ed elektr\u00e1rny Tu\u0161imice II. Po hodinov\u00e9 p\u0159edn\u00e1\u0161ce se \u0161lo na prohl\u00eddku provozu. Nejd\u0159\u00edve byli vyvezeni v\u00fdtahem na st\u0159echu elektr\u00e1rny a pot\u00e9 se sch\u00e1zelo dol\u016f. \u017d\u00e1ci si prohl\u00ed\u017eeli ve\u0161ker\u00e1 za\u0159\u00edzen\u00ed elektr\u00e1rny a sezn\u00e1mili se s\u00a0provozem a zp\u016fsobem v\u00fdroby, a p\u0159epravy elektrick\u00e9 energie. Sou\u010dasn\u011b byli tak\u00e9 sezn\u00e1meni se zp\u016fsoby ochrany \u017eivotn\u00edho prost\u0159ed\u00ed. Na konci m\u011bli mo\u017enost nav\u0161t\u00edvit vel\u00edn, odkud se \u0159\u00edd\u00ed cel\u00e1 elektr\u00e1rna. Na z\u00e1v\u011br se vr\u00e1tili do p\u0159edn\u00e1\u0161kov\u00e9 m\u00edstnosti, kde zpracov\u00e1vali zadan\u00e9 p\u0159\u00edklady, souvisej\u00edc\u00ed se t\u011b\u017een\u00edm uhl\u00ed.<\/p>\n<p>&nbsp;<\/p>\n<div id='gallery-6' class='gallery galleryid-436 gallery-columns-2 gallery-size-medium'><figure class='gallery-item'>\n\t\t\t<div class='gallery-icon landscape'>\n\t\t\t\t<a href='https:\/\/www.sps-kadan.cz\/?attachment_id=542'><img width=\"200\" height=\"150\" src=\"https:\/\/www.sps-kadan.cz\/wp-content\/uploads\/2015\/01\/P4050247-300x225.jpg\" class=\"attachment-medium size-medium\" alt=\"\" loading=\"lazy\" srcset=\"https:\/\/www.sps-kadan.cz\/wp-content\/uploads\/2015\/01\/P4050247-300x225.jpg 300w, https:\/\/www.sps-kadan.cz\/wp-content\/uploads\/2015\/01\/P4050247-700x525.jpg 700w\" sizes=\"(max-width: 200px) 100vw, 200px\" \/><\/a>\n\t\t\t<\/div><\/figure><figure class='gallery-item'>\n\t\t\t<div class='gallery-icon landscape'>\n\t\t\t\t<a href='https:\/\/www.sps-kadan.cz\/?attachment_id=543'><img width=\"200\" height=\"150\" src=\"https:\/\/www.sps-kadan.cz\/wp-content\/uploads\/2015\/01\/P4050227-300x225.jpg\" class=\"attachment-medium size-medium\" alt=\"\" loading=\"lazy\" srcset=\"https:\/\/www.sps-kadan.cz\/wp-content\/uploads\/2015\/01\/P4050227-300x225.jpg 300w, https:\/\/www.sps-kadan.cz\/wp-content\/uploads\/2015\/01\/P4050227-700x525.jpg 700w\" sizes=\"(max-width: 200px) 100vw, 200px\" \/><\/a>\n\t\t\t<\/div><\/figure><figure class='gallery-item'>\n\t\t\t<div class='gallery-icon landscape'>\n\t\t\t\t<a href='https:\/\/www.sps-kadan.cz\/?attachment_id=544'><img width=\"200\" height=\"150\" src=\"https:\/\/www.sps-kadan.cz\/wp-content\/uploads\/2015\/01\/P4050250-300x225.jpg\" class=\"attachment-medium size-medium\" alt=\"\" loading=\"lazy\" srcset=\"https:\/\/www.sps-kadan.cz\/wp-content\/uploads\/2015\/01\/P4050250-300x225.jpg 300w, https:\/\/www.sps-kadan.cz\/wp-content\/uploads\/2015\/01\/P4050250-700x525.jpg 700w\" sizes=\"(max-width: 200px) 100vw, 200px\" \/><\/a>\n\t\t\t<\/div><\/figure><figure class='gallery-item'>\n\t\t\t<div class='gallery-icon landscape'>\n\t\t\t\t<a href='https:\/\/www.sps-kadan.cz\/?attachment_id=545'><img width=\"200\" height=\"150\" src=\"https:\/\/www.sps-kadan.cz\/wp-content\/uploads\/2015\/01\/P4050305-300x225.jpg\" class=\"attachment-medium size-medium\" alt=\"\" loading=\"lazy\" srcset=\"https:\/\/www.sps-kadan.cz\/wp-content\/uploads\/2015\/01\/P4050305-300x225.jpg 300w, https:\/\/www.sps-kadan.cz\/wp-content\/uploads\/2015\/01\/P4050305-700x525.jpg 700w\" sizes=\"(max-width: 200px) 100vw, 200px\" \/><\/a>\n\t\t\t<\/div><\/figure><figure class='gallery-item'>\n\t\t\t<div class='gallery-icon landscape'>\n\t\t\t\t<a href='https:\/\/www.sps-kadan.cz\/?attachment_id=546'><img width=\"200\" height=\"150\" src=\"https:\/\/www.sps-kadan.cz\/wp-content\/uploads\/2015\/01\/P4050327-300x225.jpg\" class=\"attachment-medium size-medium\" alt=\"\" loading=\"lazy\" srcset=\"https:\/\/www.sps-kadan.cz\/wp-content\/uploads\/2015\/01\/P4050327-300x225.jpg 300w, https:\/\/www.sps-kadan.cz\/wp-content\/uploads\/2015\/01\/P4050327-700x525.jpg 700w\" sizes=\"(max-width: 200px) 100vw, 200px\" \/><\/a>\n\t\t\t<\/div><\/figure>\n\t\t<\/div>\n\n<p>&nbsp;<\/p>\n<p><strong>\u00dasp\u011bch v\u00a0mezin\u00e1rodn\u00ed sout\u011b\u017ei v projektov\u00e1n\u00ed<\/strong><\/p>\n<p>Stejn\u011b jako ka\u017ed\u00fd rok i letos se \u017e\u00e1ci na\u0161\u00ed \u0161koly zapojili do mezin\u00e1rodn\u00ed sout\u011b\u017ee Pr\u00e1ce s\u00a0grafick\u00fdmi programy na stavebn\u00ed pr\u016fmyslovce. Ji\u017e 12. ro\u010dn\u00edk sout\u011b\u017ee, jej\u00edm\u017e po\u0159adatelem je \u00a0\u00a0SP\u0160 stavebn\u00ed v \u010cesk\u00fdch Bud\u011bjovic\u00edch, se uskute\u010dnil 21. 3. 2013. Letos do jiho\u010desk\u00e9 metropole zav\u00edtal rekordn\u00ed po\u010det sout\u011b\u017e\u00edc\u00edch. Sout\u011b\u017ee se z\u00fa\u010dastnilo 54 \u017e\u00e1k\u016f z 25 \u0161kol z \u010cech a Moravy a 2 \u0161kol ze Slovenska.<\/p>\n<p>Na\u0161i \u0161kolu velmi \u00fasp\u011b\u0161n\u011b \u00a0reprezentovali \u017e\u00e1ci oboru stavebnictv\u00ed V\u00edt\u011bzslav Dani\u0161 ze 4. A\u00a0 a David \u0160m\u00edd ze 3.A.\u00a0 V\u00a0kone\u010dn\u00e9m po\u0159ad\u00ed obsadil V.Dani\u0161 vynikaj\u00edc\u00ed 3. m\u00edsto a jeho mlad\u0161\u00ed kolega D.\u0160m\u00edd 9. p\u0159\u00ed\u010dku. V\u00edt\u011bzstv\u00ed si odnesl T.Hlav\u00e1\u010dek z\u00a0Opavy p\u0159ed A.Dlabajou z\u00a0T\u0159eb\u00ed\u010de.<\/p>\n<div id='gallery-7' class='gallery galleryid-436 gallery-columns-2 gallery-size-medium'><figure class='gallery-item'>\n\t\t\t<div class='gallery-icon landscape'>\n\t\t\t\t<a href='https:\/\/www.sps-kadan.cz\/?attachment_id=549'><img width=\"200\" height=\"150\" src=\"https:\/\/www.sps-kadan.cz\/wp-content\/uploads\/2015\/01\/p3210129-300x225.jpg\" class=\"attachment-medium size-medium\" alt=\"\" loading=\"lazy\" srcset=\"https:\/\/www.sps-kadan.cz\/wp-content\/uploads\/2015\/01\/p3210129-300x225.jpg 300w, https:\/\/www.sps-kadan.cz\/wp-content\/uploads\/2015\/01\/p3210129-700x525.jpg 700w\" sizes=\"(max-width: 200px) 100vw, 200px\" \/><\/a>\n\t\t\t<\/div><\/figure><figure class='gallery-item'>\n\t\t\t<div class='gallery-icon landscape'>\n\t\t\t\t<a href='https:\/\/www.sps-kadan.cz\/?attachment_id=550'><img width=\"200\" height=\"150\" src=\"https:\/\/www.sps-kadan.cz\/wp-content\/uploads\/2015\/01\/p3210128-200x150.jpg\" class=\"attachment-medium size-medium\" alt=\"\" loading=\"lazy\" srcset=\"https:\/\/www.sps-kadan.cz\/wp-content\/uploads\/2015\/01\/p3210128-200x150.jpg 200w, https:\/\/www.sps-kadan.cz\/wp-content\/uploads\/2015\/01\/p3210128-300x225.jpg 300w, https:\/\/www.sps-kadan.cz\/wp-content\/uploads\/2015\/01\/p3210128-700x525.jpg 700w\" sizes=\"(max-width: 200px) 100vw, 200px\" \/><\/a>\n\t\t\t<\/div><\/figure><figure class='gallery-item'>\n\t\t\t<div class='gallery-icon landscape'>\n\t\t\t\t<a href='https:\/\/www.sps-kadan.cz\/?attachment_id=551'><img width=\"200\" height=\"150\" src=\"https:\/\/www.sps-kadan.cz\/wp-content\/uploads\/2015\/01\/p3210141-200x150.jpg\" class=\"attachment-medium size-medium\" alt=\"\" loading=\"lazy\" srcset=\"https:\/\/www.sps-kadan.cz\/wp-content\/uploads\/2015\/01\/p3210141-200x150.jpg 200w, https:\/\/www.sps-kadan.cz\/wp-content\/uploads\/2015\/01\/p3210141-300x225.jpg 300w, https:\/\/www.sps-kadan.cz\/wp-content\/uploads\/2015\/01\/p3210141-700x525.jpg 700w\" sizes=\"(max-width: 200px) 100vw, 200px\" \/><\/a>\n\t\t\t<\/div><\/figure>\n\t\t<\/div>\n\n<p>na fotce vlevo: David \u0160m\u00edd, vpravo: V\u00edt\u011bzslav Dani\u0161<\/p>\n<div id='gallery-8' class='gallery galleryid-436 gallery-columns-1 gallery-size-medium'><figure class='gallery-item'>\n\t\t\t<div class='gallery-icon landscape'>\n\t\t\t\t<a href='https:\/\/www.sps-kadan.cz\/?attachment_id=552'><img width=\"200\" height=\"150\" src=\"https:\/\/www.sps-kadan.cz\/wp-content\/uploads\/2015\/01\/p3210143-200x150.jpg\" class=\"attachment-medium size-medium\" alt=\"\" loading=\"lazy\" srcset=\"https:\/\/www.sps-kadan.cz\/wp-content\/uploads\/2015\/01\/p3210143-200x150.jpg 200w, https:\/\/www.sps-kadan.cz\/wp-content\/uploads\/2015\/01\/p3210143-300x225.jpg 300w, https:\/\/www.sps-kadan.cz\/wp-content\/uploads\/2015\/01\/p3210143-700x525.jpg 700w\" sizes=\"(max-width: 200px) 100vw, 200px\" \/><\/a>\n\t\t\t<\/div><\/figure>\n\t\t<\/div>\n\n<p>&nbsp;<\/p>\n<p><strong>HALA ROKU JUNIOR<\/strong><\/p>\n<p>Dne 25.1.2013 jsme se z\u016f\u010dastnili sout\u011b\u017ee Hala roku JUNIOR konan\u00e9 Fakultou stavebn\u00ed \u010cVUT. A\u010dkoliv to byl ji\u017e 6. ro\u010dn\u00edk sout\u011b\u017ee, pro n\u00e1s i na\u0161i \u0161kolu to byla premi\u00e9ra. Sout\u011b\u017eili jsme v obou kategori\u00edch, tedy model\u016f stav\u011bn\u00fdch na m\u00edst\u011b i p\u0159ivezen\u00fdch z domova. V pr\u016fb\u011bhu zat\u011b\u017eovac\u00edch zkou\u0161ek se projevili chyb\u011bj\u00edc\u00ed zku\u0161enosti a tak na\u0161e um\u00edst\u011bn\u00ed nebylo nejlep\u0161\u00ed. Douf\u00e1me v\u0161ak, \u017ee sv\u00e9 dovednosti i modely do p\u0159\u00ed\u0161t\u011b zlep\u0161\u00edme a nal\u00e1k\u00e1me dal\u0161\u00ed sout\u011b\u017en\u00ed t\u00fdmy.<\/p>\n<div id='gallery-9' class='gallery galleryid-436 gallery-columns-1 gallery-size-medium'><figure class='gallery-item'>\n\t\t\t<div class='gallery-icon landscape'>\n\t\t\t\t<a href='https:\/\/www.sps-kadan.cz\/?attachment_id=555'><img width=\"200\" height=\"150\" src=\"https:\/\/www.sps-kadan.cz\/wp-content\/uploads\/2015\/01\/p1100817-200x150.jpg\" class=\"attachment-medium size-medium\" alt=\"\" loading=\"lazy\" srcset=\"https:\/\/www.sps-kadan.cz\/wp-content\/uploads\/2015\/01\/p1100817-200x150.jpg 200w, https:\/\/www.sps-kadan.cz\/wp-content\/uploads\/2015\/01\/p1100817-300x225.jpg 300w, https:\/\/www.sps-kadan.cz\/wp-content\/uploads\/2015\/01\/p1100817-700x525.jpg 700w, https:\/\/www.sps-kadan.cz\/wp-content\/uploads\/2015\/01\/p1100817.jpg 2048w\" sizes=\"(max-width: 200px) 100vw, 200px\" \/><\/a>\n\t\t\t<\/div><\/figure>\n\t\t<\/div>\n\n<p>David \u0160m\u00edd a Frederick Peruth<\/p>\n<p><strong>Sedm state\u010dn\u00fdch<\/strong><\/p>\n<p>V\u00a0p\u00e1tek 8. 2. 2013 na\u0161i \u0161kolu nav\u0161t\u00edvilo Sedm state\u010dn\u00fdch z\u00a0\u010cVUT. Akce prob\u011bhla v\u00a0r\u00e1mci projektu, jeho\u017e\u00a0 hlavn\u00edm c\u00edlem je p\u0159in\u00e9st nejzaj\u00edmav\u011bj\u0161\u00ed a nejnov\u011bj\u0161\u00ed informace z nejv\u011bt\u0161\u00ed technick\u00e9\u00a0 vysok\u00e9 \u0161kole\u00a0\u00a0 v \u010cesk\u00e9 republice \u017e\u00e1k\u016fm st\u0159edn\u00edch \u0161kol a inspirovat je k\u00a0\u00favah\u00e1m o studiu na\u00a0<strong>\u010cVUT<\/strong><b>. <\/b>Sou\u010dasn\u00ed studenti z\u00a0r\u016fzn\u00fdch fakult \u010cVUT \u00a0informovali nejen\u00a0 o studijn\u00ed nab\u00eddce, p\u0159ij\u00edmac\u00edm \u0159\u00edzen\u00ed a ubytov\u00e1n\u00ed, ale i mo\u017enostech z\u00fa\u010dastnit se zaj\u00edmav\u00fdch zahrani\u010dn\u00edch st\u00e1\u017e\u00ed.<\/p>\n<div id='gallery-10' class='gallery galleryid-436 gallery-columns-2 gallery-size-medium'><figure class='gallery-item'>\n\t\t\t<div class='gallery-icon landscape'>\n\t\t\t\t<a href='https:\/\/www.sps-kadan.cz\/?attachment_id=557'><img width=\"200\" height=\"150\" src=\"https:\/\/www.sps-kadan.cz\/wp-content\/uploads\/2015\/01\/img_2625.jpg-200x150.jpg\" class=\"attachment-medium size-medium\" alt=\"\" loading=\"lazy\" srcset=\"https:\/\/www.sps-kadan.cz\/wp-content\/uploads\/2015\/01\/img_2625.jpg-200x150.jpg 200w, https:\/\/www.sps-kadan.cz\/wp-content\/uploads\/2015\/01\/img_2625.jpg-300x225.jpg 300w, https:\/\/www.sps-kadan.cz\/wp-content\/uploads\/2015\/01\/img_2625.jpg-700x525.jpg 700w\" sizes=\"(max-width: 200px) 100vw, 200px\" \/><\/a>\n\t\t\t<\/div><\/figure><figure class='gallery-item'>\n\t\t\t<div class='gallery-icon landscape'>\n\t\t\t\t<a href='https:\/\/www.sps-kadan.cz\/?attachment_id=558'><img width=\"200\" height=\"150\" src=\"https:\/\/www.sps-kadan.cz\/wp-content\/uploads\/2015\/01\/img_2637.jpg-200x150.jpg\" class=\"attachment-medium size-medium\" alt=\"\" loading=\"lazy\" srcset=\"https:\/\/www.sps-kadan.cz\/wp-content\/uploads\/2015\/01\/img_2637.jpg-200x150.jpg 200w, https:\/\/www.sps-kadan.cz\/wp-content\/uploads\/2015\/01\/img_2637.jpg-300x225.jpg 300w, https:\/\/www.sps-kadan.cz\/wp-content\/uploads\/2015\/01\/img_2637.jpg-700x525.jpg 700w\" sizes=\"(max-width: 200px) 100vw, 200px\" \/><\/a>\n\t\t\t<\/div><\/figure>\n\t\t<\/div>\n\n<p>&nbsp;<\/p>\n<p><b>Spolupr\u00e1ce s\u00a0firmou KB-BLOK Postoloprty<\/b><\/p>\n<p><b>Studentsk\u00e1 sout\u011b\u017e v projektov\u00e1n\u00ed<\/b><b><\/b><\/p>\n<p>&nbsp;<\/p>\n<p>Dne 3. 10. 2012 prob\u011bhlo u\u017e dev\u00e1t\u00e9 vyhl\u00e1\u0161en\u00ed v\u00fdsledk\u016f sout\u011b\u017ee v\u00a0projektov\u00e1n\u00ed. Pr\u00e1ce byly realizov\u00e1ny ve \u0161koln\u00edm roce 2011\/2012. S\u00a0velk\u00fdm pot\u011b\u0161en\u00edm jsme op\u011bt p\u0159iv\u00edtali na p\u016fd\u011b na\u0161\u00ed St\u0159edn\u00ed pr\u016fmyslov\u00e9 \u0161koly a Obchodn\u00ed akademie v\u00a0Kadani obchodn\u00edho z\u00e1stupce firmy KB-BLOK Postoloprty Ing. B. Freiberga, kter\u00fd je garantem t\u00e9to sout\u011b\u017ee.<\/p>\n<p>Ceny z\u00edskali za n\u00e1vrh rodinn\u00e9ho domu tito \u017e\u00e1ci 3. ro\u010dn\u00edk\u016f:\u00a0<b>1. m\u00edsto &#8211; Petr Moschner,<\/b><\/p>\n<p><b>2. m\u00edsto &#8211; Jana Kudrn\u00e1\u010dov\u00e1, 3. m\u00edsto &#8211; Martin Hlad\u00edk<\/b>. Za n\u00e1vrh ob\u010dansk\u00e9 stavby \u017e\u00e1ci 4.\u00a0ro\u010dn\u00edk\u016f:\u00a0<b>1. m\u00edsto &#8211; Hana Ml\u010dochov\u00e1, 2. m\u00edsto &#8211; Jan Vitou\u0161, 3. m\u00edsto &#8211; \u017daneta Cihl\u00e1\u0159ov\u00e1.<\/b><\/p>\n<p>Na z\u00e1v\u011br prob\u011bhl semin\u00e1\u0159 o pou\u017e\u00edv\u00e1n\u00ed v\u00fdrobk\u016f stavebn\u00edho syst\u00e9mu KB-BLOK, kter\u00fd vedl pan Ing. Ji\u0159\u00ed Jir\u00e1k. Semin\u00e1\u0159e se z\u00fa\u010dastnili \u017e\u00e1ci druh\u00fdch, t\u0159et\u00edch a \u010dtvrt\u00fdch ro\u010dn\u00edk\u016f oboru stavebnictv\u00ed.<\/p>\n<p><span style=\"text-decoration: underline;\"><strong>Zpravodajstv\u00ed Kabelov\u00e9 televize FOCUS<\/strong><\/span><\/p>\n<p><img src=\"\/wp-content\/uploads\/2015\/01\/focuslogo.jpg\" alt=\"focuslogo\" \/><\/p>\n<p>Od \u00fater\u00fd 19.2.2013 m\u016f\u017eete\u00a0 ve Zpravodajstv\u00ed Kabelov\u00e9 televize FOCUS sledovat report\u00e1\u017e z\u00a0na\u0161\u00ed \u0161koly, v\u011bnovanou mimo jin\u00e9 20. v\u00fdro\u010d\u00ed zalo\u017een\u00ed obchodn\u00ed akademie.<\/p>\n<p>Report\u00e1\u017e m\u016f\u017eete tak\u00e9 zhl\u00e9dnout ve videoarchivu na www.tv-focus.cz.KONKR\u00c9TN\u011a ZDE !<\/p>\n<p>&nbsp;<\/p>\n<p><strong>EXKURZE TEREZ\u00cdN<\/strong><\/p>\n<p>Dne 30. 10. 2012 se \u017e\u00e1ci 1. ro\u010dn\u00edk\u016f SP\u0160 stavebn\u00ed a Obchodn\u00ed akademie v\u00a0Kadani z\u00fa\u010dastnili exkurze do Pam\u00e1tn\u00edku \u00a0Terez\u00edn.<\/p>\n<p>Nejd\u0159\u00edve nav\u0161t\u00edvili Malou pevnost, kter\u00e1 fungovala v\u00a0letech 1940 \u2013 1945 jako v\u011bznice pra\u017esk\u00e9ho gestapa. Expozice v t\u00e9to \u010d\u00e1sti l\u00ed\u010d\u00ed ot\u0159esn\u00e9 podm\u00ednky, v jak\u00fdch zde \u017eili v\u011bzni. Po prohl\u00eddce veden\u00e9 pr\u016fvodcem zhl\u00e9dli v\u00a0p\u016fvodn\u00edm kin\u011b zachovalou \u010d\u00e1st propagandistick\u00e9ho filmu, ve kter\u00e9m nacist\u00e9 zkr\u00e1\u0161lili\u00a0 terez\u00ednsk\u00e9 ghetto pro n\u00e1v\u0161t\u011bvu delegace Mezin\u00e1rodn\u00ed organizace \u010cerven\u00e9ho k\u0159\u00ed\u017ee.<\/p>\n<p>Pot\u00e9 \u017e\u00e1ci nav\u0161t\u00edvili b\u00fdval\u00e1 Magdebursk\u00e1 kas\u00e1rna, kde se nach\u00e1z\u00ed replika v\u011bze\u0148sk\u00e9 ubikace z\u00a0doby ghetta, v\u00fdstavy v\u00fdtvarn\u00e9ho um\u011bn\u00ed, liter\u00e1rn\u00ed tvorby, divadla a hudby v\u00a0ghettu.<\/p>\n<p>Na z\u00e1v\u011br se p\u0159em\u00edstili do Muzea ghetta, jeho\u017e expozice vznikla ve spolupr\u00e1ci s\u00a0b\u00fdval\u00fdmi \u00a0terez\u00ednsk\u00fdmi v\u011bzni.<\/p>\n<p>Exkurze se uskute\u010dnila d\u00edky finan\u010dn\u00ed podpo\u0159e m\u011bsta Kada\u0148.<\/p>\n<p>Obdob\u00ed druh\u00e9 sv\u011btov\u00e9 v\u00e1lky je pro sou\u010dasnou mladou generaci vzd\u00e1len\u00e9, proto je pot\u0159eba trag\u00e9dii, kterou znamenala, st\u00e1le p\u0159ipom\u00ednat.<\/p>\n<p>Nem\u00e9n\u011b d\u016fle\u017eit\u00fd je fakt, \u017ee v\u00a0sou\u010dasnosti nar\u016fst\u00e1 problematika rasismu a xenofobie, a proto je jednou z d\u016fle\u017eit\u00fdch oblast\u00ed v\u00fdchovn\u00e9ho p\u016fsoben\u00ed.<\/p>\n<div id='gallery-11' class='gallery galleryid-436 gallery-columns-2 gallery-size-medium'><figure class='gallery-item'>\n\t\t\t<div class='gallery-icon landscape'>\n\t\t\t\t<a href='https:\/\/www.sps-kadan.cz\/?attachment_id=563'><img width=\"200\" height=\"150\" src=\"https:\/\/www.sps-kadan.cz\/wp-content\/uploads\/2015\/01\/aaa-200x150.jpg\" class=\"attachment-medium size-medium\" alt=\"\" loading=\"lazy\" srcset=\"https:\/\/www.sps-kadan.cz\/wp-content\/uploads\/2015\/01\/aaa-200x150.jpg 200w, https:\/\/www.sps-kadan.cz\/wp-content\/uploads\/2015\/01\/aaa-300x225.jpg 300w, https:\/\/www.sps-kadan.cz\/wp-content\/uploads\/2015\/01\/aaa-700x525.jpg 700w\" sizes=\"(max-width: 200px) 100vw, 200px\" \/><\/a>\n\t\t\t<\/div><\/figure><figure class='gallery-item'>\n\t\t\t<div class='gallery-icon landscape'>\n\t\t\t\t<a href='https:\/\/www.sps-kadan.cz\/?attachment_id=564'><img width=\"200\" height=\"150\" src=\"https:\/\/www.sps-kadan.cz\/wp-content\/uploads\/2015\/01\/dscn0225-200x150.jpg\" class=\"attachment-medium size-medium\" alt=\"\" loading=\"lazy\" srcset=\"https:\/\/www.sps-kadan.cz\/wp-content\/uploads\/2015\/01\/dscn0225-200x150.jpg 200w, https:\/\/www.sps-kadan.cz\/wp-content\/uploads\/2015\/01\/dscn0225-300x225.jpg 300w, https:\/\/www.sps-kadan.cz\/wp-content\/uploads\/2015\/01\/dscn0225-700x525.jpg 700w\" sizes=\"(max-width: 200px) 100vw, 200px\" \/><\/a>\n\t\t\t<\/div><\/figure><figure class='gallery-item'>\n\t\t\t<div class='gallery-icon landscape'>\n\t\t\t\t<a href='https:\/\/www.sps-kadan.cz\/?attachment_id=565'><img width=\"200\" height=\"150\" src=\"https:\/\/www.sps-kadan.cz\/wp-content\/uploads\/2015\/01\/dscn0228-200x150.jpg\" class=\"attachment-medium size-medium\" alt=\"\" loading=\"lazy\" srcset=\"https:\/\/www.sps-kadan.cz\/wp-content\/uploads\/2015\/01\/dscn0228-200x150.jpg 200w, https:\/\/www.sps-kadan.cz\/wp-content\/uploads\/2015\/01\/dscn0228-300x225.jpg 300w, https:\/\/www.sps-kadan.cz\/wp-content\/uploads\/2015\/01\/dscn0228-700x525.jpg 700w\" sizes=\"(max-width: 200px) 100vw, 200px\" \/><\/a>\n\t\t\t<\/div><\/figure>\n\t\t<\/div>\n\n<p><strong>Den stavitelstv\u00ed a architektury 2012<\/strong><\/p>\n<p>V sobotu 24.11.2012 v dob\u011b od 9.00 do 13.00 prob\u011bhl na na\u0161\u00ed \u0161kole v r\u00e1mci Dn\u016f stavitelstv\u00ed a architektury 2012 den otev\u0159en\u00fdch dve\u0159\u00ed pro ve\u0159ejnost. Sou\u010d\u00e1st\u00ed t\u00e9to akce bylo tak\u00e9 vyhl\u00e1\u0161en\u00ed v\u00fdsledk\u016f \u201eCeny absolvent\u016f\u201c za \u0161koln\u00ed rok 2011\/12. Cenou absolvent\u016f, kterou zalo\u017eil profesor \u010cVUT Ing. Petr Konvalinka, CSc. spole\u010dn\u011b se sv\u00fdmi spolu\u017e\u00e1ky z pr\u016fmyslovky, byli ocen\u011bni nejlep\u0161\u00ed \u017e\u00e1ci stavebn\u00edch obor\u016f za minul\u00fd \u0161koln\u00ed rok. Po n\u00ed n\u00e1sledovala prezentace pana Ing.Svatopluka Z\u00eddka na t\u00e9ma 15 let koordinovan\u00e9 \u010dinnosti nevl\u00e1dn\u00edch organizac\u00ed v oblasti \u201eIndustri\u00e1ln\u00edho d\u011bdictv\u00ed\u201c.<\/p>\n<div id='gallery-12' class='gallery galleryid-436 gallery-columns-2 gallery-size-medium'><figure class='gallery-item'>\n\t\t\t<div class='gallery-icon landscape'>\n\t\t\t\t<a href='https:\/\/www.sps-kadan.cz\/?attachment_id=1597'><img width=\"200\" height=\"132\" src=\"https:\/\/www.sps-kadan.cz\/wp-content\/uploads\/2015\/01\/dsc_0192-3488-zh-200x132.jpg\" class=\"attachment-medium size-medium\" alt=\"\" loading=\"lazy\" srcset=\"https:\/\/www.sps-kadan.cz\/wp-content\/uploads\/2015\/01\/dsc_0192-3488-zh-200x132.jpg 200w, https:\/\/www.sps-kadan.cz\/wp-content\/uploads\/2015\/01\/dsc_0192-3488-zh-300x199.jpg 300w, https:\/\/www.sps-kadan.cz\/wp-content\/uploads\/2015\/01\/dsc_0192-3488-zh-700x464.jpg 700w\" sizes=\"(max-width: 200px) 100vw, 200px\" \/><\/a>\n\t\t\t<\/div><\/figure><figure class='gallery-item'>\n\t\t\t<div class='gallery-icon landscape'>\n\t\t\t\t<a href='https:\/\/www.sps-kadan.cz\/?attachment_id=1596'><img width=\"200\" height=\"132\" src=\"https:\/\/www.sps-kadan.cz\/wp-content\/uploads\/2015\/01\/dsc_0202-3488-zh-200x132.jpg\" class=\"attachment-medium size-medium\" alt=\"\" loading=\"lazy\" srcset=\"https:\/\/www.sps-kadan.cz\/wp-content\/uploads\/2015\/01\/dsc_0202-3488-zh-200x132.jpg 200w, https:\/\/www.sps-kadan.cz\/wp-content\/uploads\/2015\/01\/dsc_0202-3488-zh-300x199.jpg 300w, https:\/\/www.sps-kadan.cz\/wp-content\/uploads\/2015\/01\/dsc_0202-3488-zh-700x464.jpg 700w\" sizes=\"(max-width: 200px) 100vw, 200px\" \/><\/a>\n\t\t\t<\/div><\/figure>\n\t\t<\/div>\n\n<p><strong>Lidice 2012<\/strong><\/p>\n<p>Ve \u010dtvrtek 6. 12. 2012 se \u010dty\u0159icet \u017e\u00e1k\u016f na\u0161\u00ed \u0161koly v\u00a0doprovodu Mgr. Schindlerov\u00e9 a PaedDr. Hrdiny z\u00fa\u010dastnilo vzd\u011bl\u00e1vac\u00ed exkurze do Lidic, kde pro n\u011b byl p\u0159ipraven program s\u00a0n\u00e1zvem P\u0159\u00edb\u011bh obce Lidice. Cel\u00fd program byl veden\u00fd zku\u0161enou lektorkou a p\u0159ibli\u017eoval nejen zn\u00e1mou trag\u00e9dii, ale tak\u00e9 \u017eivot obyvatel p\u0159ed v\u00e1lkou a pov\u00e1le\u010dn\u00e9 osudy p\u0159e\u017eiv\u0161\u00edch.<\/p>\n<p>Sou\u010d\u00e1st\u00ed programu byl v\u00fdklad dopln\u011bn\u00fd o fotodokumentaci v\u00a0lidick\u00e9m vzd\u011bl\u00e1vac\u00edm centru, individu\u00e1ln\u00ed prohl\u00eddka muzea a spole\u010dn\u00e1 prohl\u00eddka pietn\u00edho m\u00edsta, kde st\u00e1vala obec do roku 1942.<\/p>\n<p>\u017d\u00e1ci ocenili zejm\u00e9na osobn\u00ed pro\u017eitek, na kter\u00fd byl program zam\u011b\u0159en, a nov\u00e9 a zaj\u00edmav\u00e9 informace vztahuj\u00edc\u00ed se k\u00a0obci.<\/p>\n<div id='gallery-13' class='gallery galleryid-436 gallery-columns-1 gallery-size-medium'><figure class='gallery-item'>\n\t\t\t<div class='gallery-icon landscape'>\n\t\t\t\t<a href='https:\/\/www.sps-kadan.cz\/?attachment_id=571'><img width=\"200\" height=\"150\" src=\"https:\/\/www.sps-kadan.cz\/wp-content\/uploads\/2015\/01\/sousosi-200x150.jpg\" class=\"attachment-medium size-medium\" alt=\"\" loading=\"lazy\" srcset=\"https:\/\/www.sps-kadan.cz\/wp-content\/uploads\/2015\/01\/sousosi-200x150.jpg 200w, https:\/\/www.sps-kadan.cz\/wp-content\/uploads\/2015\/01\/sousosi-300x225.jpg 300w, https:\/\/www.sps-kadan.cz\/wp-content\/uploads\/2015\/01\/sousosi-700x525.jpg 700w, https:\/\/www.sps-kadan.cz\/wp-content\/uploads\/2015\/01\/sousosi.jpg 1024w\" sizes=\"(max-width: 200px) 100vw, 200px\" \/><\/a>\n\t\t\t<\/div><\/figure>\n\t\t<\/div>\n\n<p>&nbsp;<\/p>\n<p><strong>Dr\u00e1\u017e\u010fany 2012<\/strong><\/p>\n<p>Dne 12.12.2012 se studenti SP\u0160S a OA Kada\u0148 z\u00fa\u010dastnili exkurze do sask\u00fdch Dr\u00e1\u017e\u010fan. D\u00edky pr\u016fvodkyni jsme m\u011bli mo\u017enost shl\u00e9dnout nejv\u00fdznamn\u011bj\u0161\u00ed pam\u00e1tky star\u00e9 \u010d\u00e1sti m\u011bsta v\u010detn\u011b prohl\u00eddky Zwingeru a v\u00e1no\u010dn\u00edch trh\u016f &#8222;Striezelmarkt&#8220;. N\u00e1v\u0161t\u011bva byla umocn\u011bna adventn\u00ed atmosf\u00e9rou m\u011bsta.<\/p>\n<p>&nbsp;<\/p>\n<div id='gallery-14' class='gallery galleryid-436 gallery-columns-2 gallery-size-medium'><figure class='gallery-item'>\n\t\t\t<div class='gallery-icon portrait'>\n\t\t\t\t<a href='https:\/\/www.sps-kadan.cz\/?attachment_id=574'><img width=\"150\" height=\"200\" src=\"https:\/\/www.sps-kadan.cz\/wp-content\/uploads\/2015\/01\/pc120064-150x200.jpg\" class=\"attachment-medium size-medium\" alt=\"\" loading=\"lazy\" srcset=\"https:\/\/www.sps-kadan.cz\/wp-content\/uploads\/2015\/01\/pc120064-150x200.jpg 150w, https:\/\/www.sps-kadan.cz\/wp-content\/uploads\/2015\/01\/pc120064-225x300.jpg 225w, https:\/\/www.sps-kadan.cz\/wp-content\/uploads\/2015\/01\/pc120064-525x700.jpg 525w, https:\/\/www.sps-kadan.cz\/wp-content\/uploads\/2015\/01\/pc120064.jpg 1920w\" sizes=\"(max-width: 150px) 100vw, 150px\" \/><\/a>\n\t\t\t<\/div><\/figure><figure class='gallery-item'>\n\t\t\t<div class='gallery-icon portrait'>\n\t\t\t\t<a href='https:\/\/www.sps-kadan.cz\/?attachment_id=575'><img width=\"150\" height=\"200\" src=\"https:\/\/www.sps-kadan.cz\/wp-content\/uploads\/2015\/01\/pc120100-150x200.jpg\" class=\"attachment-medium size-medium\" alt=\"\" loading=\"lazy\" srcset=\"https:\/\/www.sps-kadan.cz\/wp-content\/uploads\/2015\/01\/pc120100-150x200.jpg 150w, https:\/\/www.sps-kadan.cz\/wp-content\/uploads\/2015\/01\/pc120100-225x300.jpg 225w, https:\/\/www.sps-kadan.cz\/wp-content\/uploads\/2015\/01\/pc120100-525x700.jpg 525w, https:\/\/www.sps-kadan.cz\/wp-content\/uploads\/2015\/01\/pc120100.jpg 1920w\" sizes=\"(max-width: 150px) 100vw, 150px\" \/><\/a>\n\t\t\t<\/div><\/figure><figure class='gallery-item'>\n\t\t\t<div class='gallery-icon landscape'>\n\t\t\t\t<a href='https:\/\/www.sps-kadan.cz\/?attachment_id=576'><img width=\"200\" height=\"150\" src=\"https:\/\/www.sps-kadan.cz\/wp-content\/uploads\/2015\/01\/pc120103-200x150.jpg\" class=\"attachment-medium size-medium\" alt=\"\" loading=\"lazy\" srcset=\"https:\/\/www.sps-kadan.cz\/wp-content\/uploads\/2015\/01\/pc120103-200x150.jpg 200w, https:\/\/www.sps-kadan.cz\/wp-content\/uploads\/2015\/01\/pc120103-300x225.jpg 300w, https:\/\/www.sps-kadan.cz\/wp-content\/uploads\/2015\/01\/pc120103-700x525.jpg 700w\" sizes=\"(max-width: 200px) 100vw, 200px\" \/><\/a>\n\t\t\t<\/div><\/figure>\n\t\t<\/div>\n\n<p>&nbsp;<\/p>\n<p><strong>OKRESN\u00cd KOLO OLYMPI\u00c1DY V NEJ NA SP\u0160S A OA V KADANI<\/strong><\/p>\n<p>Letos op\u011bt uv\u00edtala na\u0161e \u0161kola nejlep\u0161\u00ed n\u011bm\u010din\u00e1\u0159e z cel\u00e9ho okresu. 18.1. 2013 se na SP\u0160S a OA v Kadani konalo okresn\u00ed kolo olympi\u00e1dy v n\u011bmeck\u00e9m jazyce. V\u0161ichni sout\u011b\u017e\u00edc\u00ed celkem jich bylo 14 &#8211; prok\u00e1zali velmi dobr\u00e9 znalosti n\u011bm\u010diny, zv\u00edt\u011bzit m\u016f\u017ee v\u0161ak jen jeden. 1. m\u00edsto obsadil Kry\u0161tof Zapletal Gymn\u00e1zium Chomutov, 2. Jaroslav Stefaniv GSO\u0160 Kl\u00e1\u0161terec nad Oh\u0159\u00ed, 3. Jan Botha SP\u0160 a VO\u0160 Chomutov. \u017d\u00e1ci na\u0161\u00ed \u0161koly se na medailov\u00e1 m\u00edsta neve\u0161li. Tak snad p\u0159\u00ed\u0161t\u011b\u2026<\/p>\n<p><strong>Exkurze 3. ro\u010dn\u00edku TZB<\/strong><\/p>\n<p>Dne 24.10.2012 se studenti t\u0159\u00eddy 3.D z\u00fa\u010dastnili odborn\u00e9 exkurze do objektu budouc\u00edho pivovaru v\u00a0Per\u0161tejn\u011b. Zde se, d\u00edky majiteli objektu a prov\u00e1d\u011bc\u00ed firm\u011b Nordclima, sezn\u00e1mili s\u00a0pracemi na nov\u011b budovan\u00e9m vzduchotechnick\u00e9 za\u0159\u00edzen\u00ed i s projektovou dokumentac\u00ed. N\u00e1v\u0161t\u011bva se student\u016fm velmi l\u00edbila a bude pro n\u011b jist\u011b p\u0159\u00ednosn\u00fdm dopln\u011bn\u00edm teoretick\u00e9 v\u00fduky odborn\u00fdch p\u0159edm\u011bt\u016f.<\/p>\n<p>Ing. Silvie Ke\u0159kov\u00e1<\/p>\n<p>&nbsp;<\/p>\n","protected":false},"excerpt":{"rendered":"<p>Dne 14. 6. 2013 v P\u00edsku prob\u011bhlo v r\u00e1mci slavnosti ,,Dotkni se P\u00edsku 2013\u201c, vyhl\u00e1\u0161en\u00ed celost\u00e1tn\u00edho kola 7. ro\u010dn\u00edku sout\u011b\u017ee v projektov\u00e1n\u00ed Ytong, kterou po\u0159\u00e1d\u00e1 <a class=\"more-link\" href=\"https:\/\/www.sps-kadan.cz\/?page_id=436\">Cel\u00fd \u010dl\u00e1nek  <span class=\"screen-reader-text\">  \u0160koln\u00ed rok 2012\/2013<\/span><span class=\"meta-nav\">&rarr;<\/span><\/a><\/p>\n","protected":false},"author":6,"featured_media":0,"parent":118,"menu_order":0,"comment_status":"closed","ping_status":"closed","template":"","meta":[],"_links":{"self":[{"href":"https:\/\/www.sps-kadan.cz\/index.php?rest_route=\/wp\/v2\/pages\/436"}],"collection":[{"href":"https:\/\/www.sps-kadan.cz\/index.php?rest_route=\/wp\/v2\/pages"}],"about":[{"href":"https:\/\/www.sps-kadan.cz\/index.php?rest_route=\/wp\/v2\/types\/page"}],"author":[{"embeddable":true,"href":"https:\/\/www.sps-kadan.cz\/index.php?rest_route=\/wp\/v2\/users\/6"}],"replies":[{"embeddable":true,"href":"https:\/\/www.sps-kadan.cz\/index.php?rest_route=%2Fwp%2Fv2%2Fcomments&post=436"}],"version-history":[{"count":2,"href":"https:\/\/www.sps-kadan.cz\/index.php?rest_route=\/wp\/v2\/pages\/436\/revisions"}],"predecessor-version":[{"id":5285,"href":"https:\/\/www.sps-kadan.cz\/index.php?rest_route=\/wp\/v2\/pages\/436\/revisions\/5285"}],"up":[{"embeddable":true,"href":"https:\/\/www.sps-kadan.cz\/index.php?rest_route=\/wp\/v2\/pages\/118"}],"wp:attachment":[{"href":"https:\/\/www.sps-kadan.cz\/index.php?rest_route=%2Fwp%2Fv2%2Fmedia&parent=436"}],"curies":[{"name":"wp","href":"https:\/\/api.w.org\/{rel}","templated":true}]}}