{"id":67,"date":"2015-01-13T15:11:51","date_gmt":"2015-01-13T14:11:51","guid":{"rendered":"http:\/\/www.sps-kadan.cz\/?page_id=67"},"modified":"2026-01-30T11:34:55","modified_gmt":"2026-01-30T10:34:55","slug":"skolska-rada","status":"publish","type":"page","link":"https:\/\/www.sps-kadan.cz\/?page_id=67","title":{"rendered":"\u0160kolsk\u00e1 rada"},"content":{"rendered":"\n<h2>\u010clenov\u00e9 \u0161kolsk\u00e9 rady <\/h2>\n\n\n\n<p><\/p>\n\n\n\n<p>Za z\u0159izovatele: <em>Mgr. Jan Losenick\u00fd<\/em><\/p>\n\n\n\n<p>Za pedagogick\u00e9 pracovn\u00edky:<em> Mgr. Daniel Nov\u00e1k<\/em><\/p>\n\n\n\n<p>Za z\u00e1konn\u00e9 z\u00e1stupce nezletil\u00fdch \u017e\u00e1k\u016f a zletil\u00e9 \u017e\u00e1ky: Lucie Vok\u00e1lkov\u00e1<\/p>\n\n\n\n<div class=\"wp-block-file\"><a href=\"https:\/\/www.sps-kadan.cz\/wp-content\/uploads\/2025\/03\/volbySR2025.pdf\">Volby do  \u0160kolsk\u00e9 rady 2025<br>volbySR2025<\/a><a href=\"https:\/\/www.sps-kadan.cz\/wp-content\/uploads\/2025\/03\/volbySR2025.pdf\" class=\"wp-block-file__button\" download>St\u00e1hnout<\/a><\/div>\n\n\n\n<h2>Volby do \u0160kolsk\u00e9 rady 2021<\/h2>\n\n\n\n<div class=\"wp-block-file\"><a href=\"https:\/\/www.sps-kadan.cz\/wp-content\/uploads\/2021\/06\/Seznam-zvolenycch-clenu-Skolske-rady.pdf\">Seznam-zvolen\u00fdch-\u010dlenu-\u0160kolsk\u00e9-rady<\/a><a href=\"https:\/\/www.sps-kadan.cz\/wp-content\/uploads\/2021\/06\/Seznam-zvolenycch-clenu-Skolske-rady.pdf\" class=\"wp-block-file__button\" download>St\u00e1hnout<\/a><\/div>\n\n\n\n<div class=\"wp-block-file\"><a href=\"https:\/\/www.sps-kadan.cz\/wp-content\/uploads\/2021\/06\/Informace-o-pr\u016fb\u011bhu-druh\u00e9ho-kola-voleb.pdf\">Informace-o-pr\u016fb\u011bhu-druh\u00e9ho-kola-voleb<\/a><a href=\"https:\/\/www.sps-kadan.cz\/wp-content\/uploads\/2021\/06\/Informace-o-pr\u016fb\u011bhu-druh\u00e9ho-kola-voleb.pdf\" class=\"wp-block-file__button\" download>St\u00e1hnout<\/a><\/div>\n\n\n\n<div class=\"wp-block-file\"><a href=\"https:\/\/www.sps-kadan.cz\/wp-content\/uploads\/2021\/06\/Kandid\u00e1ti-do-\u0160kolsk\u00e9-rady.pdf\">Kandid\u00e1ti-do-\u0160kolsk\u00e9-rady<\/a><a href=\"https:\/\/www.sps-kadan.cz\/wp-content\/uploads\/2021\/06\/Kandid\u00e1ti-do-\u0160kolsk\u00e9-rady.pdf\" class=\"wp-block-file__button\" download>St\u00e1hnout<\/a><\/div>\n\n\n\n<div class=\"wp-block-file\"><a href=\"https:\/\/www.sps-kadan.cz\/wp-content\/uploads\/2021\/05\/Informace-pro-z\u00e1konn\u00e9-z\u00e1stupce-nezletil\u00fdch-\u017e\u00e1k\u016f-a-zletil\u00e9-\u017e\u00e1ky.pdf\">Informace-pro-z\u00e1konn\u00e9-z\u00e1stupce-nezletil\u00fdch-\u017e\u00e1k\u016f-a-zletil\u00e9-\u017e\u00e1ky<\/a><a href=\"https:\/\/www.sps-kadan.cz\/wp-content\/uploads\/2021\/05\/Informace-pro-z\u00e1konn\u00e9-z\u00e1stupce-nezletil\u00fdch-\u017e\u00e1k\u016f-a-zletil\u00e9-\u017e\u00e1ky.pdf\" class=\"wp-block-file__button\" download>St\u00e1hnout<\/a><\/div>\n\n\n\n<div class=\"wp-block-file\"><a href=\"https:\/\/www.sps-kadan.cz\/wp-content\/uploads\/2021\/05\/Informace-pro-pedagogick\u00e9-pracovn\u00edky.pdf\">Informace-pro-pedagogick\u00e9-pracovn\u00edky<\/a><a href=\"https:\/\/www.sps-kadan.cz\/wp-content\/uploads\/2021\/05\/Informace-pro-pedagogick\u00e9-pracovn\u00edky.pdf\" class=\"wp-block-file__button\" download>St\u00e1hnout<\/a><\/div>\n\n\n\n<h4><strong>\u010clenov\u00e9 \u0161kolsk\u00e9 rady k&nbsp;1.12.2020:<\/strong><\/h4>\n\n\n\n<div class=\"wp-block-group\"><div class=\"wp-block-group__inner-container\">\n<pre class=\"wp-block-preformatted\"><strong>Za z\u0159izovatele:<\/strong>  \nMgr. Radek&nbsp;Scherfer \u2013 p\u0159edseda \nProf. Ing. Petr Konvalinka, CSc., FEng. \n\n<strong>Za pedagogick\u00e9 pracovn\u00edky<\/strong>: \nIng.&nbsp;Helena Krausov\u00e1 \n\n<strong>Za z\u00e1konn\u00e9 z\u00e1stupce nezletil\u00fdch \u017e\u00e1k\u016f a zletil\u00e9 \u017e\u00e1ky<\/strong>: \nVlastimil Goss<\/pre>\n<\/div><\/div>\n\n\n\n<h2>Volby do \u0161kolsk\u00e9 rady 2020<\/h2>\n\n\n\n<div class=\"wp-block-file\"><a href=\"https:\/\/www.sps-kadan.cz\/wp-content\/uploads\/2020\/10\/Informace-pro-pedagogick\u00e9-pracovn\u00edky_p\u0159esun-term\u00ednu.docx\">Informace-pro-pedagogick\u00e9-pracovn\u00edky_p\u0159esun-term\u00ednu<\/a><a href=\"https:\/\/www.sps-kadan.cz\/wp-content\/uploads\/2020\/10\/Informace-pro-pedagogick\u00e9-pracovn\u00edky_p\u0159esun-term\u00ednu.docx\" class=\"wp-block-file__button\" download>St\u00e1hnout<\/a><\/div>\n\n\n\n<div class=\"wp-block-file\"><a href=\"https:\/\/www.sps-kadan.cz\/wp-content\/uploads\/2020\/10\/Informace-pro-z\u00e1konn\u00e9-z\u00e1stupce-nezletil\u00fdch-\u017e\u00e1k\u016f-a-zletil\u00e9-\u017e\u00e1ky_p\u0159esun-term\u00ednu.docx\">Informace-pro-z\u00e1konn\u00e9-z\u00e1stupce-nezletil\u00fdch-\u017e\u00e1k\u016f-a-zletil\u00e9-\u017e\u00e1ky_p\u0159esun-term\u00ednu<\/a><a href=\"https:\/\/www.sps-kadan.cz\/wp-content\/uploads\/2020\/10\/Informace-pro-z\u00e1konn\u00e9-z\u00e1stupce-nezletil\u00fdch-\u017e\u00e1k\u016f-a-zletil\u00e9-\u017e\u00e1ky_p\u0159esun-term\u00ednu.docx\" class=\"wp-block-file__button\" download>St\u00e1hnout<\/a><\/div>\n\n\n\n<div class=\"wp-block-file\"><a href=\"https:\/\/www.sps-kadan.cz\/wp-content\/uploads\/2020\/09\/Kandid\u00e1ti-do-\u0161kolsk\u00e9-rady-z\u00e1stupci-\u017e\u00e1k\u016f.docx\">Kandid\u00e1ti-do-\u0161kolsk\u00e9-rady-z\u00e1stupci-\u017e\u00e1k\u016f<\/a><a href=\"https:\/\/www.sps-kadan.cz\/wp-content\/uploads\/2020\/09\/Kandid\u00e1ti-do-\u0161kolsk\u00e9-rady-z\u00e1stupci-\u017e\u00e1k\u016f.docx\" class=\"wp-block-file__button\" download>St\u00e1hnout<\/a><\/div>\n\n\n\n<div class=\"wp-block-file\"><a href=\"https:\/\/www.sps-kadan.cz\/wp-content\/uploads\/2020\/09\/Kandid\u00e1ti-do-\u0161kolsk\u00e9-rady-pedagogi\u010dt\u00ed-pracovn\u00edci.docx\">Kandid\u00e1ti do \u0161kolsk\u00e9 rady-pedagogi\u010dt\u00ed pracovn\u00edci<\/a><a href=\"https:\/\/www.sps-kadan.cz\/wp-content\/uploads\/2020\/09\/Kandid\u00e1ti-do-\u0161kolsk\u00e9-rady-pedagogi\u010dt\u00ed-pracovn\u00edci.docx\" class=\"wp-block-file__button\" download>St\u00e1hnout<\/a><\/div>\n\n\n\n<div class=\"wp-block-file\"><a href=\"https:\/\/www.sps-kadan.cz\/wp-content\/uploads\/2020\/09\/Informace-pro-pedagogick\u00e9-pracovn\u00edky-1.docx\">Informace-pro-pedagogick\u00e9-pracovn\u00edky<\/a><a href=\"https:\/\/www.sps-kadan.cz\/wp-content\/uploads\/2020\/09\/Informace-pro-pedagogick\u00e9-pracovn\u00edky-1.docx\" class=\"wp-block-file__button\" download>St\u00e1hnout<\/a><\/div>\n\n\n\n<div class=\"wp-block-file\"><a href=\"https:\/\/www.sps-kadan.cz\/wp-content\/uploads\/2020\/09\/Informace-pro-z\u00e1konn\u00e9-z\u00e1stupce-nezletil\u00fdch-\u017e\u00e1k\u016f-a-zletil\u00e9-\u017e\u00e1ky-1.docx\">Informace-pro-z\u00e1konn\u00e9-z\u00e1stupce-nezletil\u00fdch-\u017e\u00e1k\u016f-a-zletil\u00e9-\u017e\u00e1ky<\/a><a href=\"https:\/\/www.sps-kadan.cz\/wp-content\/uploads\/2020\/09\/Informace-pro-z\u00e1konn\u00e9-z\u00e1stupce-nezletil\u00fdch-\u017e\u00e1k\u016f-a-zletil\u00e9-\u017e\u00e1ky-1.docx\" class=\"wp-block-file__button\" download>St\u00e1hnout<\/a><\/div>\n\n\n\n<h4>Dopl\u0148ovac\u00ed volby do \u0161kolsk\u00e9 rady<\/h4>\n\n\n\n<div class=\"wp-block-file\"><a href=\"https:\/\/www.sps-kadan.cz\/wp-content\/uploads\/2020\/09\/Kandid\u00e1ti-do-\u0161kolsk\u00e9-rady.pdf\">Kandid\u00e1ti-do-\u0161kolsk\u00e9-rady<\/a><a href=\"https:\/\/www.sps-kadan.cz\/wp-content\/uploads\/2020\/09\/Kandid\u00e1ti-do-\u0161kolsk\u00e9-rady.pdf\" class=\"wp-block-file__button\" download>St\u00e1hnout<\/a><\/div>\n\n\n\n<div class=\"wp-block-file\"><a href=\"https:\/\/www.sps-kadan.cz\/wp-content\/uploads\/2020\/09\/Informace-pro-z\u00e1konn\u00e9-z\u00e1stupce-nezletil\u00fdch-\u017e\u00e1k\u016f-a-zletil\u00e9-\u017e\u00e1ky.pdf\">Informace-pro-z\u00e1konn\u00e9-z\u00e1stupce-nezletil\u00fdch-\u017e\u00e1k\u016f-a-zletil\u00e9-\u017e\u00e1ky<\/a><a href=\"https:\/\/www.sps-kadan.cz\/wp-content\/uploads\/2020\/09\/Informace-pro-z\u00e1konn\u00e9-z\u00e1stupce-nezletil\u00fdch-\u017e\u00e1k\u016f-a-zletil\u00e9-\u017e\u00e1ky.pdf\" class=\"wp-block-file__button\" download>St\u00e1hnout<\/a><\/div>\n\n\n<p><strong>\u010clenov\u00e9 \u0161kolsk\u00e9 rady:<\/strong><\/p>\n<p>Mgr.&nbsp;Darina Kov\u00e1\u010dov\u00e1<br>Mgr. Radek&nbsp;Scherfer &#8211; p\u0159edseda<br>Ing.&nbsp;Helena Krausov\u00e1<br>Ing. Jindra Zalab\u00e1kov\u00e1<br>Ing. Martin Motl\u00edk<br>Vlastimil Goss<\/p>\n<h4><span style=\"color: #0000ff;\"><strong>informace ze \u0161kolsk\u00e9 rady:<\/strong><\/span><\/h4>\n<p><a href=\"https:\/\/www.sps-kadan.cz\/wp-content\/uploads\/2015\/01\/informace-\u0159\u00edjen-2018.pdf\">informace &#8211; \u0159\u00edjen 2018<\/a><\/p>\n<p><a href=\"https:\/\/www.sps-kadan.cz\/wp-content\/uploads\/2015\/01\/informace-srpen-2018.pdf\">informace &#8211; srpen 2018<\/a><\/p>\n<p><a href=\"https:\/\/www.sps-kadan.cz\/wp-content\/uploads\/2015\/01\/informace-duben-2018.pdf\">informace &#8211; duben 2018<\/a><\/p>\n<p><a href=\"https:\/\/www.sps-kadan.cz\/wp-content\/uploads\/2015\/01\/informace-leden-2018.pdf\">informace &#8211; leden 2018<\/a><\/p>\n<p><strong>Volby do \u0161kolsk\u00e9 rady 2017<\/strong><\/p>\n<p><a href=\"https:\/\/www.sps-kadan.cz\/wp-content\/uploads\/2015\/01\/JMENOV\u00c1N\u00cd-\u010cLENA-\u0160KOLSK\u00c9-RADY1.pdf\">JMENOV\u00c1N\u00cd \u010cLENA \u0160KOLSK\u00c9 RADY<\/a><\/p>\n<p><a href=\"https:\/\/www.sps-kadan.cz\/wp-content\/uploads\/2015\/01\/Opakovan\u00e9-volby-do-\u0161kolsk\u00e9-rady-druh\u00e9-kolo.pdf\">Opakovan\u00e9 volby do \u0161kolsk\u00e9 rady &#8211; druh\u00e9 kolo<\/a><\/p>\n<p><a href=\"https:\/\/www.sps-kadan.cz\/wp-content\/uploads\/2015\/01\/Na-vyv\u011b\u0161en\u00ed-druh\u00e9-kolo_opakovan\u00e9-volby.pdf\">Druh\u00e9 kolo_opakovan\u00e9 volby do \u0160R<\/a><\/p>\n<p><a href=\"https:\/\/www.sps-kadan.cz\/wp-content\/uploads\/2015\/01\/na-vyv\u011b\u0161en\u00ed-Kandid\u00e1ti-do-\u0161kolsk\u00e9-rady_opakovan\u00e9-volby.pdf\">Kandid\u00e1ti do \u0161kolsk\u00e9 rady_opakovan\u00e9 volby<\/a><\/p>\n<p><a href=\"https:\/\/www.sps-kadan.cz\/wp-content\/uploads\/2015\/01\/Harmonogram-opakovan\u00fdch-voleb.pdf\">Harmonogram opakovan\u00fdch voleb do \u0161kolsk\u00e9 rady 2017<\/a><\/p>\n<p><a href=\"https:\/\/www.sps-kadan.cz\/wp-content\/uploads\/2017\/11\/Informace-pro-z\u00e1konn\u00e9-z\u00e1stupce-nezletil\u00fdch-\u017e\u00e1k\u016f-a-zletil\u00e9-\u017e\u00e1ky_opakovan\u00e9-volby.docx\">Informace pro z\u00e1konn\u00e9 z\u00e1stupce nezletil\u00fdch \u017e\u00e1k\u016f a zletil\u00e9 \u017e\u00e1ky_opakovan\u00e9 volby<\/a><\/p>\n<p><a href=\"https:\/\/www.sps-kadan.cz\/wp-content\/uploads\/2017\/09\/Seznam-zvolen\u00fdch-\u010dlen\u016f-\u0160kolsk\u00e9-rady.pdf\">Seznam zvolen\u00fdch \u010dlen\u016f \u0160kolsk\u00e9 rady<\/a><\/p>\n<p><a href=\"https:\/\/www.sps-kadan.cz\/wp-content\/uploads\/2017\/09\/4_Kandid\u00e1ti-do-\u0161kolsk\u00e9-rady-_volby-do-\u0160R-2017.pdf\">Kandid\u00e1ti do \u0161kolsk\u00e9 rady _volby do \u0160R 2017<\/a><\/p>\n<p><a href=\"https:\/\/www.sps-kadan.cz\/wp-content\/uploads\/2017\/09\/2_Harmonogram-voleb-do-\u0161kolsk\u00e9-rady-2017-1.docx\">Harmonogram voleb do \u0161kolsk\u00e9 rady 2017<\/a><\/p>\n<p><a href=\"https:\/\/www.sps-kadan.cz\/wp-content\/uploads\/2017\/09\/Informace-pro-z\u00e1konn\u00e9-z\u00e1stupce-nezletil\u00fdch-\u017e\u00e1k\u016f-a-zletil\u00e9-\u017e\u00e1ky_volby-do-\u0160R-2017.docx\">Informace pro z\u00e1konn\u00e9 z\u00e1stupce nezletil\u00fdch \u017e\u00e1k\u016f a zletil\u00e9 \u017e\u00e1ky_volby do \u0160R 2017<\/a><\/p>\n<p><a href=\"https:\/\/www.sps-kadan.cz\/wp-content\/uploads\/2017\/09\/Informace-pro-pedagogick\u00e9-pracovn\u00edky_volby-do-\u0160R1.docx\">Informace pro pedagogick\u00e9 pracovn\u00edky_volby do \u0160R<\/a><\/p>\n<h5>Informace ze \u0161kolsk\u00e9 rady:<\/h5>\n<p><a href=\"https:\/\/www.sps-kadan.cz\/wp-content\/uploads\/2015\/01\/informace-ze-\u0161kolsk\u00e9-rady-srpen-2017.pdf\">informace ze \u0161kolsk\u00e9 rady, srpen 2017<\/a><\/p>\n<p><a href=\"https:\/\/www.sps-kadan.cz\/wp-content\/uploads\/2015\/01\/informace-6-4-2017.pdf\">informace ze \u0161kolsk\u00e9 rady, duben 2017<\/a><\/p>\n<p><a href=\"https:\/\/www.sps-kadan.cz\/wp-content\/uploads\/2015\/01\/informace-20-10-2016.doc\">informace ze \u0161kolsk\u00e9 rady, \u0159\u00edjen 2016<\/a><\/p>\n<p><a href=\"https:\/\/www.sps-kadan.cz\/wp-content\/uploads\/2015\/01\/informace-25-8-2016.doc\">informace ze \u0161kolsk\u00e9 rady, srpen 2016<\/a><\/p>\n<p><a href=\"https:\/\/www.sps-kadan.cz\/wp-content\/uploads\/2015\/01\/zapis-20-01-2015-a-informace.doc\">z\u00e1pis ze \u0161kolsk\u00e9 rady, leden 2015<\/a><\/p>\n<p><a href=\"https:\/\/www.sps-kadan.cz\/wp-content\/uploads\/2015\/01\/\u0160R_1-9-2015.doc\">z\u00e1pis ze \u0161kolsk\u00e9 rady, z\u00e1\u0159\u00ed 2015<\/a><\/p>\n<p><a href=\"https:\/\/www.sps-kadan.cz\/wp-content\/uploads\/2015\/01\/informace-7-4-2016-1.pdf\">informace ze \u0161kolsk\u00e9 rady, duben 2016<\/a><\/p>\n<p><span style=\"color: #ff0000;\">Dopl\u0148ovac\u00ed volby do \u0161kolsk\u00e9 rady &nbsp;<\/span><\/p>\n<p><a href=\"https:\/\/www.sps-kadan.cz\/wp-content\/uploads\/2016\/08\/V\u00fdsledky-dopl\u0148ovac\u00edch-voleb-do-\u0161kolsk\u00e9-rady.pdf\">V\u00fdsledky dopl\u0148ovac\u00edch voleb do \u0161kolsk\u00e9 rady<\/a><\/p>\n<p><a href=\"https:\/\/www.sps-kadan.cz\/wp-content\/uploads\/2016\/06\/informace-pro-z\u00e1konn\u00e9-z\u00e1stupce-nezletil\u00fdch-\u017e\u00e1k\u016f-a-zletil\u00e9-\u017e\u00e1ky.pdf\">informace pro z\u00e1konn\u00e9 z\u00e1stupce nezletil\u00fdch \u017e\u00e1k\u016f a zletil\u00e9 \u017e\u00e1ky<\/a><\/p>\n<p><span style=\"text-decoration: underline;\">P\u0159ehled kandid\u00e1t\u016f &#8211; z\u00e1konn\u00ed z\u00e1stupci a \u017e\u00e1ci<\/span><\/p>\n<pre>Tereza Bl\u00e1hov\u00e1 - \u017e\u00e1kyn\u011b\nJosef Hajm - \u017e\u00e1k\nVojt\u011bch Hradeck\u00fd - \u017e\u00e1k\nMartin Kumhera - \u017e\u00e1k\nLuk\u00e1\u0161 Michal - \u017e\u00e1k\nMiroslava Nesl\u00e1dkov\u00e1 - z\u00e1konn\u00fd z\u00e1stupce<\/pre>\n<p><a href=\"\/wp-content\/uploads\/2015\/01\/Volby_do_kolske_rady_2014_3-1.pdf\" target=\"_blank\" rel=\"noopener noreferrer\">V\u00fdsledky voleb do \u0161kolsk\u00e9 rady<\/a><\/p>\n<p><a href=\"\/wp-content\/uploads\/2015\/01\/Kandidati_do_kolske_rady_pri_Stredni_prumyslove_skole_stavebni_a_Obchodni_akademii.pdf\" target=\"_blank\" rel=\"noopener noreferrer\"><b>Kandid\u00e1ti do \u0160kolsk\u00e9 rady p\u0159i St\u0159edn\u00ed pr\u016fmyslov\u00e9 \u0161kole stavebn\u00ed a Obchodn\u00ed akademii, Kada\u0148, <\/b><b>Komensk\u00e9ho<\/b><b> 562, p\u0159\u00edsp\u011bvkov\u00e9 organizace<\/b><\/a><\/p>\n<p><b>Volby do \u0161kolsk\u00e9 rady<\/b><\/p>\n<p><b><a href=\"\/wp-content\/uploads\/2015\/01\/skolska_rada_-_harmonogram.pdf\" target=\"_blank\" rel=\"noopener noreferrer\">Harmonogram voleb do \u0161kolsk\u00e9 rady 2014<\/a><\/b><\/p>\n<p><a href=\"\/wp-content\/uploads\/2015\/01\/skolska_rada_-_informace_pro_pedagogy_-A-1.pdf\" target=\"_blank\" rel=\"noopener noreferrer\">Informace pro pedagogick\u00e9 pracovn\u00edky<\/a><\/p>\n<p><a href=\"\/wp-content\/uploads\/2015\/01\/skolska_rada_-_informace_pro_rodie_a_zletile_-A.pdf\" target=\"_blank\" rel=\"noopener noreferrer\">Informace pro z\u00e1konn\u00e9 z\u00e1stupce nezletil\u00fdch \u017e\u00e1k\u016f a zletil\u00e9 \u017e\u00e1ky<\/a><\/p>\n\n\n<p><\/p>\n\n\n\n<p><\/p>\n","protected":false},"excerpt":{"rendered":"<p>\u010clenov\u00e9 \u0161kolsk\u00e9 rady Za z\u0159izovatele: Mgr. Jan Losenick\u00fd Za pedagogick\u00e9 pracovn\u00edky: Mgr. Daniel Nov\u00e1k Za z\u00e1konn\u00e9 z\u00e1stupce nezletil\u00fdch \u017e\u00e1k\u016f a zletil\u00e9 \u017e\u00e1ky: Lucie Vok\u00e1lkov\u00e1 Volby <a class=\"more-link\" href=\"https:\/\/www.sps-kadan.cz\/?page_id=67\">Cel\u00fd \u010dl\u00e1nek  <span class=\"screen-reader-text\">  \u0160kolsk\u00e1 rada<\/span><span class=\"meta-nav\">&rarr;<\/span><\/a><\/p>\n","protected":false},"author":6,"featured_media":0,"parent":2415,"menu_order":0,"comment_status":"closed","ping_status":"closed","template":"","meta":[],"_links":{"self":[{"href":"https:\/\/www.sps-kadan.cz\/index.php?rest_route=\/wp\/v2\/pages\/67"}],"collection":[{"href":"https:\/\/www.sps-kadan.cz\/index.php?rest_route=\/wp\/v2\/pages"}],"about":[{"href":"https:\/\/www.sps-kadan.cz\/index.php?rest_route=\/wp\/v2\/types\/page"}],"author":[{"embeddable":true,"href":"https:\/\/www.sps-kadan.cz\/index.php?rest_route=\/wp\/v2\/users\/6"}],"replies":[{"embeddable":true,"href":"https:\/\/www.sps-kadan.cz\/index.php?rest_route=%2Fwp%2Fv2%2Fcomments&post=67"}],"version-history":[{"count":45,"href":"https:\/\/www.sps-kadan.cz\/index.php?rest_route=\/wp\/v2\/pages\/67\/revisions"}],"predecessor-version":[{"id":9048,"href":"https:\/\/www.sps-kadan.cz\/index.php?rest_route=\/wp\/v2\/pages\/67\/revisions\/9048"}],"up":[{"embeddable":true,"href":"https:\/\/www.sps-kadan.cz\/index.php?rest_route=\/wp\/v2\/pages\/2415"}],"wp:attachment":[{"href":"https:\/\/www.sps-kadan.cz\/index.php?rest_route=%2Fwp%2Fv2%2Fmedia&parent=67"}],"curies":[{"name":"wp","href":"https:\/\/api.w.org\/{rel}","templated":true}]}}